{"version":"1.0","provider_name":"FRANCECLAT INTERNATIONAL","provider_url":"https:\/\/international.franceclat.fr\/fr\/","title":"Lumi\u00e8re sur la coutellerie de Thiers - FRANCECLAT INTERNATIONAL","type":"rich","width":600,"height":338,"html":"<blockquote class=\"wp-embedded-content\" data-secret=\"lLZUlUEOBy\"><a href=\"https:\/\/international.franceclat.fr\/fr\/coutellerie-thiers-france\/\">Lumi\u00e8re sur la coutellerie de Thiers<\/a><\/blockquote><iframe sandbox=\"allow-scripts\" security=\"restricted\" src=\"https:\/\/international.franceclat.fr\/fr\/coutellerie-thiers-france\/embed\/#?secret=lLZUlUEOBy\" width=\"600\" height=\"338\" title=\"\u00ab\u00a0Lumi\u00e8re sur la coutellerie de Thiers\u00a0\u00bb &#8212; FRANCECLAT INTERNATIONAL\" data-secret=\"lLZUlUEOBy\" frameborder=\"0\" marginwidth=\"0\" marginheight=\"0\" scrolling=\"no\" class=\"wp-embedded-content\"><\/iframe><script type=\"text\/javascript\">\n\/* <![CDATA[ *\/\n\/*! This file is auto-generated *\/\n!function(d,l){\"use strict\";l.querySelector&&d.addEventListener&&\"undefined\"!=typeof URL&&(d.wp=d.wp||{},d.wp.receiveEmbedMessage||(d.wp.receiveEmbedMessage=function(e){var t=e.data;if((t||t.secret||t.message||t.value)&&!\/[^a-zA-Z0-9]\/.test(t.secret)){for(var s,r,n,a=l.querySelectorAll('iframe[data-secret=\"'+t.secret+'\"]'),o=l.querySelectorAll('blockquote[data-secret=\"'+t.secret+'\"]'),c=new RegExp(\"^https?:$\",\"i\"),i=0;i<o.length;i++)o[i].style.display=\"none\";for(i=0;i<a.length;i++)s=a[i],e.source===s.contentWindow&&(s.removeAttribute(\"style\"),\"height\"===t.message?(1e3<(r=parseInt(t.value,10))?r=1e3:~~r<200&&(r=200),s.height=r):\"link\"===t.message&&(r=new URL(s.getAttribute(\"src\")),n=new URL(t.value),c.test(n.protocol))&&n.host===r.host&&l.activeElement===s&&(d.top.location.href=t.value))}},d.addEventListener(\"message\",d.wp.receiveEmbedMessage,!1),l.addEventListener(\"DOMContentLoaded\",function(){for(var e,t,s=l.querySelectorAll(\"iframe.wp-embedded-content\"),r=0;r<s.length;r++)(t=(e=s[r]).getAttribute(\"data-secret\"))||(t=Math.random().toString(36).substring(2,12),e.src+=\"#?secret=\"+t,e.setAttribute(\"data-secret\",t)),e.contentWindow.postMessage({message:\"ready\",secret:t},\"*\")},!1)))}(window,document);\n\/\/# sourceURL=https:\/\/international.franceclat.fr\/wp-includes\/js\/wp-embed.min.js\n\/* ]]> *\/\n<\/script>\n","thumbnail_url":"https:\/\/international.franceclat.fr\/wp-content\/uploads\/2024\/01\/Dozorme-Thiers.jpg","thumbnail_width":1086,"thumbnail_height":1629,"description":"Les savoir-faire couteliers des diff\u00e9rentes r\u00e9gions fran\u00e7aises (Nontron, Opinel, Laguiole, couteaux de marin\u2026) font rayonner couverts et couteaux de table de tous les niveaux de gamme dans l\u2019hexagone comme \u00e0 l\u2019international.Les coutelleries install\u00e9es \u00e0 Thiers dans le centre de la France (Puy-de-D\u00f4me), r\u00e9put\u00e9es pour leur fabrication de couteaux de haute qualit\u00e9 d\u00e8s le Moyen \u00c2ge, ont choisi, depuis 2010, de prot\u00e9ger leurs cr\u00e9ations et leurs savoir-faire via la marque locale \u201cLe Thiers par\u201d."}