{"id":2276,"date":"2023-01-30T15:48:03","date_gmt":"2023-01-30T14:48:03","guid":{"rendered":"https:\/\/international.franceclat.fr\/marques-art-table\/pillivuyt\/"},"modified":"2025-03-24T11:40:42","modified_gmt":"2025-03-24T10:40:42","slug":"pillivuyt","status":"publish","type":"marques-art-table","link":"https:\/\/international.franceclat.fr\/fr\/marques-art-table\/pillivuyt\/","title":{"rendered":"PILLIVUYT"},"content":{"rendered":"\n<h2 class=\"wp-block-heading marque-slogan\">France depuis 1818<\/h2>\n\n\n\n<p>V\u00e9ritable symbole du savoir-faire et du raffinement fran\u00e7ais, Pillivuyt incarne un luxe discret \u00e0 travers des collections \u00e9l\u00e9gantes et intemporelles de porcelaine blanche.<\/p>\n\n\n\n<figure class=\"wp-block-image size-large zoom\"><a class=\"zoom\" data-pswp-width=\"1920\" data-pswp-height=\"1440\" href=\"https:\/\/international.franceclat.fr\/wp-content\/uploads\/2023\/01\/ambiance_PILLIVUYT_PLISSE_1920x1440%20-%20Contact%20Pillivuyt.jpg\"><img loading=\"lazy\" decoding=\"async\" width=\"1024\" height=\"768\" src=\"https:\/\/international.franceclat.fr\/wp-content\/uploads\/2023\/01\/ambiance_PILLIVUYT_PLISSE_1920x1440 - Contact Pillivuyt-1024x768.jpg\" alt=\"\" class=\"wp-image-2277\" srcset=\"https:\/\/international.franceclat.fr\/wp-content\/uploads\/2023\/01\/ambiance_PILLIVUYT_PLISSE_1920x1440%20-%20Contact%20Pillivuyt-1024x768.jpg 1024w, https:\/\/international.franceclat.fr\/wp-content\/uploads\/2023\/01\/ambiance_PILLIVUYT_PLISSE_1920x1440%20-%20Contact%20Pillivuyt-493x370.jpg 493w, https:\/\/international.franceclat.fr\/wp-content\/uploads\/2023\/01\/ambiance_PILLIVUYT_PLISSE_1920x1440%20-%20Contact%20Pillivuyt-768x576.jpg 768w, https:\/\/international.franceclat.fr\/wp-content\/uploads\/2023\/01\/ambiance_PILLIVUYT_PLISSE_1920x1440%20-%20Contact%20Pillivuyt-1536x1152.jpg 1536w, https:\/\/international.franceclat.fr\/wp-content\/uploads\/2023\/01\/ambiance_PILLIVUYT_PLISSE_1920x1440%20-%20Contact%20Pillivuyt-320x240.jpg 320w, https:\/\/international.franceclat.fr\/wp-content\/uploads\/2023\/01\/ambiance_PILLIVUYT_PLISSE_1920x1440%20-%20Contact%20Pillivuyt-512x384.jpg 512w, https:\/\/international.franceclat.fr\/wp-content\/uploads\/2023\/01\/ambiance_PILLIVUYT_PLISSE_1920x1440%20-%20Contact%20Pillivuyt.jpg 1920w\" sizes=\"auto, (max-width: 1024px) 100vw, 1024px\" \/><span class=\"zoom\">Zoom<\/span><\/a><\/figure>\n\n\n\n<div class=\"wp-block-columns is-layout-flex wp-container-core-columns-is-layout-9d6595d7 wp-block-columns-is-layout-flex\">\n<div class=\"wp-block-column is-layout-flow wp-block-column-is-layout-flow\">\n<figure class=\"wp-block-image size-large zoom\"><a class=\"zoom\" data-pswp-width=\"2560\" data-pswp-height=\"1920\" href=\"https:\/\/international.franceclat.fr\/wp-content\/uploads\/2023\/02\/Resize-Visuel-Ambiance5-3-scaled.jpg\"><img loading=\"lazy\" decoding=\"async\" width=\"1024\" height=\"768\" src=\"https:\/\/international.franceclat.fr\/wp-content\/uploads\/2023\/02\/Resize-Visuel-Ambiance5-3-1024x768.jpg\" alt=\"\" class=\"wp-image-26663\" srcset=\"https:\/\/international.franceclat.fr\/wp-content\/uploads\/2023\/02\/Resize-Visuel-Ambiance5-3-1024x768.jpg 1024w, https:\/\/international.franceclat.fr\/wp-content\/uploads\/2023\/02\/Resize-Visuel-Ambiance5-3-493x370.jpg 493w, https:\/\/international.franceclat.fr\/wp-content\/uploads\/2023\/02\/Resize-Visuel-Ambiance5-3-768x576.jpg 768w, https:\/\/international.franceclat.fr\/wp-content\/uploads\/2023\/02\/Resize-Visuel-Ambiance5-3-1536x1152.jpg 1536w, https:\/\/international.franceclat.fr\/wp-content\/uploads\/2023\/02\/Resize-Visuel-Ambiance5-3-2048x1536.jpg 2048w\" sizes=\"auto, (max-width: 1024px) 100vw, 1024px\" \/><span class=\"zoom\">Zoom<\/span><\/a><\/figure>\n<\/div>\n\n\n\n<div class=\"wp-block-column is-layout-flow wp-block-column-is-layout-flow\">\n<figure class=\"wp-block-image size-medium zoom\"><a class=\"zoom\" data-pswp-width=\"1920\" data-pswp-height=\"1440\" href=\"https:\/\/international.franceclat.fr\/wp-content\/uploads\/2023\/01\/ambiance_PILLIVUYT_TOULOUSE_1920x1440%20-%20Contact%20Pillivuyt.jpg\"><img loading=\"lazy\" decoding=\"async\" width=\"493\" height=\"370\" src=\"https:\/\/international.franceclat.fr\/wp-content\/uploads\/2023\/01\/ambiance_PILLIVUYT_TOULOUSE_1920x1440 - Contact Pillivuyt-493x370.jpg\" alt=\"\" class=\"wp-image-2281\" srcset=\"https:\/\/international.franceclat.fr\/wp-content\/uploads\/2023\/01\/ambiance_PILLIVUYT_TOULOUSE_1920x1440%20-%20Contact%20Pillivuyt-493x370.jpg 493w, https:\/\/international.franceclat.fr\/wp-content\/uploads\/2023\/01\/ambiance_PILLIVUYT_TOULOUSE_1920x1440%20-%20Contact%20Pillivuyt-1024x768.jpg 1024w, https:\/\/international.franceclat.fr\/wp-content\/uploads\/2023\/01\/ambiance_PILLIVUYT_TOULOUSE_1920x1440%20-%20Contact%20Pillivuyt-768x576.jpg 768w, https:\/\/international.franceclat.fr\/wp-content\/uploads\/2023\/01\/ambiance_PILLIVUYT_TOULOUSE_1920x1440%20-%20Contact%20Pillivuyt-1536x1152.jpg 1536w, https:\/\/international.franceclat.fr\/wp-content\/uploads\/2023\/01\/ambiance_PILLIVUYT_TOULOUSE_1920x1440%20-%20Contact%20Pillivuyt-320x240.jpg 320w, https:\/\/international.franceclat.fr\/wp-content\/uploads\/2023\/01\/ambiance_PILLIVUYT_TOULOUSE_1920x1440%20-%20Contact%20Pillivuyt.jpg 1920w\" sizes=\"auto, (max-width: 493px) 100vw, 493px\" \/><span class=\"zoom\">Zoom<\/span><\/a><\/figure>\n<\/div>\n<\/div>\n\n\n\n<p>Pillivuyt, c'est avant tout une histoire de femmes et d\u2019hommes, qui d\u00e9fendent et perp\u00e9tuent un art de vivre fran\u00e7ais. Les artisans de la maison, fa\u00e7onnent des cr\u00e9ations\nde porcelaine blanche et les clients les pr\u00e9servent depuis 1818.\n\nConvaincus par les relations durables, ils entretiennent ses collections aux lignes pures et intemporelles, pour un usage du quotidien, et participent gr\u00e2ce \u00e0 elles \u00e0 la transmission des valeurs fortes de famille, de respect, de tradition.<\/p>\n\n\n\n<hr class=\"wp-block-separator has-alpha-channel-opacity separator-thin\"\/>\n\n\n\n<h2 class=\"wp-block-heading\">Mod\u00e8les iconiques<\/h2>\n\n\n\n<div class=\"wp-block-columns iconic is-layout-flex wp-container-core-columns-is-layout-9d6595d7 wp-block-columns-is-layout-flex\">\n<div class=\"wp-block-column is-layout-flow wp-block-column-is-layout-flow\">\n<figure class=\"wp-block-image size-medium zoom\"><a class=\"zoom\" data-pswp-width=\"750\" data-pswp-height=\"560\" href=\"https:\/\/international.franceclat.fr\/wp-content\/uploads\/2023\/01\/Packshot_PILLIVUYT_PLISSE_750x560%20-%20Contact%20Pillivuyt.png\"><img loading=\"lazy\" decoding=\"async\" width=\"496\" height=\"370\" src=\"https:\/\/international.franceclat.fr\/wp-content\/uploads\/2023\/01\/Packshot_PILLIVUYT_PLISSE_750x560 - Contact Pillivuyt-496x370.png\" alt=\"\" class=\"wp-image-2283\" srcset=\"https:\/\/international.franceclat.fr\/wp-content\/uploads\/2023\/01\/Packshot_PILLIVUYT_PLISSE_750x560%20-%20Contact%20Pillivuyt-496x370.png 496w, https:\/\/international.franceclat.fr\/wp-content\/uploads\/2023\/01\/Packshot_PILLIVUYT_PLISSE_750x560%20-%20Contact%20Pillivuyt-320x240.png 320w, https:\/\/international.franceclat.fr\/wp-content\/uploads\/2023\/01\/Packshot_PILLIVUYT_PLISSE_750x560%20-%20Contact%20Pillivuyt.png 750w\" sizes=\"auto, (max-width: 496px) 100vw, 496px\" \/><span class=\"zoom\">Zoom<\/span><\/a><\/figure>\n\n\n\n<h3 class=\"wp-block-heading legende\">Assiette en porcelaine pliss\u00e9<\/h3>\n<\/div>\n\n\n\n<div class=\"wp-block-column is-layout-flow wp-block-column-is-layout-flow\">\n<figure class=\"wp-block-image size-medium zoom\"><a class=\"zoom\" data-pswp-width=\"750\" data-pswp-height=\"560\" href=\"https:\/\/international.franceclat.fr\/wp-content\/uploads\/2023\/01\/Packshot_PILLIVUYT_TECK_750x560%20-%20Contact%20Pillivuyt.png\"><img loading=\"lazy\" decoding=\"async\" width=\"496\" height=\"370\" src=\"https:\/\/international.franceclat.fr\/wp-content\/uploads\/2023\/01\/Packshot_PILLIVUYT_TECK_750x560 - Contact Pillivuyt-496x370.png\" alt=\"\" class=\"wp-image-2285\" srcset=\"https:\/\/international.franceclat.fr\/wp-content\/uploads\/2023\/01\/Packshot_PILLIVUYT_TECK_750x560%20-%20Contact%20Pillivuyt-496x370.png 496w, https:\/\/international.franceclat.fr\/wp-content\/uploads\/2023\/01\/Packshot_PILLIVUYT_TECK_750x560%20-%20Contact%20Pillivuyt-320x240.png 320w, https:\/\/international.franceclat.fr\/wp-content\/uploads\/2023\/01\/Packshot_PILLIVUYT_TECK_750x560%20-%20Contact%20Pillivuyt.png 750w\" sizes=\"auto, (max-width: 496px) 100vw, 496px\" \/><span class=\"zoom\">Zoom<\/span><\/a><\/figure>\n\n\n\n<h3 class=\"wp-block-heading legende\">Assiette en porcelaine teck<\/h3>\n<\/div>\n\n\n\n<div class=\"wp-block-column is-layout-flow wp-block-column-is-layout-flow\">\n<figure class=\"wp-block-image size-medium zoom\"><a class=\"zoom\" data-pswp-width=\"750\" data-pswp-height=\"560\" href=\"https:\/\/international.franceclat.fr\/wp-content\/uploads\/2023\/01\/Packshot_PILLIVUYT_MUG_PLISSE_750x560%20-%20Contact%20Pillivuyt.png\"><img loading=\"lazy\" decoding=\"async\" width=\"496\" height=\"370\" src=\"https:\/\/international.franceclat.fr\/wp-content\/uploads\/2023\/01\/Packshot_PILLIVUYT_MUG_PLISSE_750x560 - Contact Pillivuyt-496x370.png\" alt=\"\" class=\"wp-image-2287\" srcset=\"https:\/\/international.franceclat.fr\/wp-content\/uploads\/2023\/01\/Packshot_PILLIVUYT_MUG_PLISSE_750x560%20-%20Contact%20Pillivuyt-496x370.png 496w, https:\/\/international.franceclat.fr\/wp-content\/uploads\/2023\/01\/Packshot_PILLIVUYT_MUG_PLISSE_750x560%20-%20Contact%20Pillivuyt-320x240.png 320w, https:\/\/international.franceclat.fr\/wp-content\/uploads\/2023\/01\/Packshot_PILLIVUYT_MUG_PLISSE_750x560%20-%20Contact%20Pillivuyt.png 750w\" sizes=\"auto, (max-width: 496px) 100vw, 496px\" \/><span class=\"zoom\">Zoom<\/span><\/a><\/figure>\n\n\n\n<h3 class=\"wp-block-heading legende\">Mug en porcelaine pliss\u00e9<\/h3>\n<\/div>\n<\/div>\n\n\n\n<div class=\"wp-block-columns iconic is-layout-flex wp-container-core-columns-is-layout-9d6595d7 wp-block-columns-is-layout-flex\">\n<div class=\"wp-block-column is-layout-flow wp-block-column-is-layout-flow\">\n<figure class=\"wp-block-image size-medium zoom\"><a class=\"zoom\" data-pswp-width=\"750\" data-pswp-height=\"560\" href=\"https:\/\/international.franceclat.fr\/wp-content\/uploads\/2023\/01\/Packshot_PILLIVUYT_TASSE_PLISSE_750x560%20-%20Contact%20Pillivuyt.png\"><img loading=\"lazy\" decoding=\"async\" width=\"496\" height=\"370\" src=\"https:\/\/international.franceclat.fr\/wp-content\/uploads\/2023\/01\/Packshot_PILLIVUYT_TASSE_PLISSE_750x560 - Contact Pillivuyt-496x370.png\" alt=\"\" class=\"wp-image-2289\" srcset=\"https:\/\/international.franceclat.fr\/wp-content\/uploads\/2023\/01\/Packshot_PILLIVUYT_TASSE_PLISSE_750x560%20-%20Contact%20Pillivuyt-496x370.png 496w, https:\/\/international.franceclat.fr\/wp-content\/uploads\/2023\/01\/Packshot_PILLIVUYT_TASSE_PLISSE_750x560%20-%20Contact%20Pillivuyt-320x240.png 320w, https:\/\/international.franceclat.fr\/wp-content\/uploads\/2023\/01\/Packshot_PILLIVUYT_TASSE_PLISSE_750x560%20-%20Contact%20Pillivuyt.png 750w\" sizes=\"auto, (max-width: 496px) 100vw, 496px\" \/><span class=\"zoom\">Zoom<\/span><\/a><\/figure>\n\n\n\n<h3 class=\"wp-block-heading legende\">Tasse et soucoupe en porcelaine pliss\u00e9<\/h3>\n<\/div>\n\n\n\n<div class=\"wp-block-column is-layout-flow wp-block-column-is-layout-flow\">\n<figure class=\"wp-block-image size-medium zoom\"><a class=\"zoom\" data-pswp-width=\"750\" data-pswp-height=\"560\" href=\"https:\/\/international.franceclat.fr\/wp-content\/uploads\/2023\/01\/Packshot_PILLIVUYT_TOULOUSE_750x560%20-%20Contact%20Pillivuyt.png\"><img loading=\"lazy\" decoding=\"async\" width=\"496\" height=\"370\" src=\"https:\/\/international.franceclat.fr\/wp-content\/uploads\/2023\/01\/Packshot_PILLIVUYT_TOULOUSE_750x560 - Contact Pillivuyt-496x370.png\" alt=\"\" class=\"wp-image-2291\" srcset=\"https:\/\/international.franceclat.fr\/wp-content\/uploads\/2023\/01\/Packshot_PILLIVUYT_TOULOUSE_750x560%20-%20Contact%20Pillivuyt-496x370.png 496w, https:\/\/international.franceclat.fr\/wp-content\/uploads\/2023\/01\/Packshot_PILLIVUYT_TOULOUSE_750x560%20-%20Contact%20Pillivuyt-320x240.png 320w, https:\/\/international.franceclat.fr\/wp-content\/uploads\/2023\/01\/Packshot_PILLIVUYT_TOULOUSE_750x560%20-%20Contact%20Pillivuyt.png 750w\" sizes=\"auto, (max-width: 496px) 100vw, 496px\" \/><span class=\"zoom\">Zoom<\/span><\/a><\/figure>\n\n\n\n<h3 class=\"wp-block-heading legende\">Assiette en porcelaine Toulouse<\/h3>\n<\/div>\n\n\n\n<div class=\"wp-block-column is-layout-flow wp-block-column-is-layout-flow\">\n<figure class=\"wp-block-image size-medium zoom\"><a class=\"zoom\" data-pswp-width=\"750\" data-pswp-height=\"560\" href=\"https:\/\/international.franceclat.fr\/wp-content\/uploads\/2023\/01\/Packshot_PILLIVUYT_GRAND_SIECLE_750x560%20-%20Contact%20Pillivuyt.png\"><img loading=\"lazy\" decoding=\"async\" width=\"496\" height=\"370\" src=\"https:\/\/international.franceclat.fr\/wp-content\/uploads\/2023\/01\/Packshot_PILLIVUYT_GRAND_SIECLE_750x560 - Contact Pillivuyt-496x370.png\" alt=\"\" class=\"wp-image-2293\" srcset=\"https:\/\/international.franceclat.fr\/wp-content\/uploads\/2023\/01\/Packshot_PILLIVUYT_GRAND_SIECLE_750x560%20-%20Contact%20Pillivuyt-496x370.png 496w, https:\/\/international.franceclat.fr\/wp-content\/uploads\/2023\/01\/Packshot_PILLIVUYT_GRAND_SIECLE_750x560%20-%20Contact%20Pillivuyt-320x240.png 320w, https:\/\/international.franceclat.fr\/wp-content\/uploads\/2023\/01\/Packshot_PILLIVUYT_GRAND_SIECLE_750x560%20-%20Contact%20Pillivuyt.png 750w\" sizes=\"auto, (max-width: 496px) 100vw, 496px\" \/><span class=\"zoom\">Zoom<\/span><\/a><\/figure>\n\n\n\n<h3 class=\"wp-block-heading legende\">Assiette en porcelaine Grand Si\u00e8cle<\/h3>\n<\/div>\n<\/div>\n","protected":false},"featured_media":2277,"template":"","labels-art-table":[87],"materiaux-art-table":[80],"clean":[],"produits-art-table":[74],"style-art-table":[84,83],"types-marque-art-table":[88],"class_list":["post-2276","marques-art-table","type-marques-art-table","status-publish","has-post-thumbnail","hentry","labels-art-table-entreprise-du-patrimoine-vivant","materiaux-art-table-porcelaine","produits-art-table-vaisselle","style-art-table-beau-classique","style-art-table-contemporain","types-marque-art-table-marque-heritage"],"acf":[],"yoast_head":"<!-- This site is optimized with the Yoast SEO plugin v27.1.1 - https:\/\/yoast.com\/product\/yoast-seo-wordpress\/ -->\n<title>PILLIVUYT - FRANCECLAT INTERNATIONAL<\/title>\n<meta name=\"description\" content=\"V\u00e9ritable symbole du savoir-faire et du raffinement fran\u00e7ais, Pillivuyt incarne un luxe discret \u00e0 travers des collections \u00e9l\u00e9gantes et intemporelles de porcelaine blanche.\" \/>\n<meta name=\"robots\" content=\"index, follow, max-snippet:-1, max-image-preview:large, max-video-preview:-1\" \/>\n<link rel=\"canonical\" href=\"https:\/\/international.franceclat.fr\/fr\/marques-art-table\/pillivuyt\/\" \/>\n<meta property=\"og:locale\" content=\"fr_FR\" \/>\n<meta property=\"og:type\" content=\"article\" \/>\n<meta property=\"og:title\" content=\"PILLIVUYT - FRANCECLAT INTERNATIONAL\" \/>\n<meta property=\"og:description\" content=\"V\u00e9ritable symbole du savoir-faire et du raffinement fran\u00e7ais, Pillivuyt incarne un luxe discret \u00e0 travers des collections \u00e9l\u00e9gantes et intemporelles de porcelaine blanche.\" \/>\n<meta property=\"og:url\" content=\"https:\/\/international.franceclat.fr\/fr\/marques-art-table\/pillivuyt\/\" \/>\n<meta property=\"og:site_name\" content=\"FRANCECLAT INTERNATIONAL\" \/>\n<meta property=\"article:modified_time\" content=\"2025-03-24T10:40:42+00:00\" \/>\n<meta property=\"og:image\" content=\"https:\/\/international.franceclat.fr\/wp-content\/uploads\/2023\/01\/ambiance_PILLIVUYT_PLISSE_1920x1440%20-%20Contact%20Pillivuyt.jpg\" \/>\n\t<meta property=\"og:image:width\" content=\"1920\" \/>\n\t<meta property=\"og:image:height\" content=\"1440\" \/>\n\t<meta property=\"og:image:type\" content=\"image\/jpeg\" \/>\n<meta name=\"twitter:card\" content=\"summary_large_image\" \/>\n<meta name=\"twitter:label1\" content=\"Dur\u00e9e de lecture estim\u00e9e\" \/>\n\t<meta name=\"twitter:data1\" content=\"3 minutes\" \/>\n<script type=\"application\/ld+json\" class=\"yoast-schema-graph\">{\"@context\":\"https:\/\/schema.org\",\"@graph\":[{\"@type\":\"WebPage\",\"@id\":\"https:\/\/international.franceclat.fr\/fr\/marques-art-table\/pillivuyt\/\",\"url\":\"https:\/\/international.franceclat.fr\/fr\/marques-art-table\/pillivuyt\/\",\"name\":\"PILLIVUYT - FRANCECLAT INTERNATIONAL\",\"isPartOf\":{\"@id\":\"https:\/\/franceclat.votre-projet.com\/#website\"},\"primaryImageOfPage\":{\"@id\":\"https:\/\/international.franceclat.fr\/fr\/marques-art-table\/pillivuyt\/#primaryimage\"},\"image\":{\"@id\":\"https:\/\/international.franceclat.fr\/fr\/marques-art-table\/pillivuyt\/#primaryimage\"},\"thumbnailUrl\":\"https:\/\/international.franceclat.fr\/wp-content\/uploads\/2023\/01\/ambiance_PILLIVUYT_PLISSE_1920x1440 - Contact Pillivuyt.jpg\",\"datePublished\":\"2023-01-30T14:48:03+00:00\",\"dateModified\":\"2025-03-24T10:40:42+00:00\",\"description\":\"V\u00e9ritable symbole du savoir-faire et du raffinement fran\u00e7ais, Pillivuyt incarne un luxe discret \u00e0 travers des collections \u00e9l\u00e9gantes et intemporelles de porcelaine blanche.\",\"breadcrumb\":{\"@id\":\"https:\/\/international.franceclat.fr\/fr\/marques-art-table\/pillivuyt\/#breadcrumb\"},\"inLanguage\":\"fr-FR\",\"potentialAction\":[{\"@type\":\"ReadAction\",\"target\":[\"https:\/\/international.franceclat.fr\/fr\/marques-art-table\/pillivuyt\/\"]}]},{\"@type\":\"ImageObject\",\"inLanguage\":\"fr-FR\",\"@id\":\"https:\/\/international.franceclat.fr\/fr\/marques-art-table\/pillivuyt\/#primaryimage\",\"url\":\"https:\/\/international.franceclat.fr\/wp-content\/uploads\/2023\/01\/ambiance_PILLIVUYT_PLISSE_1920x1440 - Contact Pillivuyt.jpg\",\"contentUrl\":\"https:\/\/international.franceclat.fr\/wp-content\/uploads\/2023\/01\/ambiance_PILLIVUYT_PLISSE_1920x1440 - Contact Pillivuyt.jpg\",\"width\":1920,\"height\":1440},{\"@type\":\"BreadcrumbList\",\"@id\":\"https:\/\/international.franceclat.fr\/fr\/marques-art-table\/pillivuyt\/#breadcrumb\",\"itemListElement\":[{\"@type\":\"ListItem\",\"position\":1,\"name\":\"Accueil\",\"item\":\"https:\/\/international.franceclat.fr\/fr\/\"},{\"@type\":\"ListItem\",\"position\":2,\"name\":\"PILLIVUYT\"}]},{\"@type\":\"WebSite\",\"@id\":\"https:\/\/franceclat.votre-projet.com\/#website\",\"url\":\"https:\/\/franceclat.votre-projet.com\/\",\"name\":\"Franc\u00e9clat international\",\"description\":\"The path to French excellence. Watches, Jewellery, Tableware.\",\"publisher\":{\"@id\":\"https:\/\/franceclat.votre-projet.com\/#organization\"},\"alternateName\":\"Franc\u00e9clat international\",\"potentialAction\":[{\"@type\":\"SearchAction\",\"target\":{\"@type\":\"EntryPoint\",\"urlTemplate\":\"https:\/\/franceclat.votre-projet.com\/?s={search_term_string}\"},\"query-input\":{\"@type\":\"PropertyValueSpecification\",\"valueRequired\":true,\"valueName\":\"search_term_string\"}}],\"inLanguage\":\"fr-FR\"},{\"@type\":\"Organization\",\"@id\":\"https:\/\/franceclat.votre-projet.com\/#organization\",\"name\":\"Franc\u00e9clat international\",\"url\":\"https:\/\/franceclat.votre-projet.com\/\",\"logo\":{\"@type\":\"ImageObject\",\"inLanguage\":\"fr-FR\",\"@id\":\"https:\/\/franceclat.votre-projet.com\/#\/schema\/logo\/image\/\",\"url\":\"https:\/\/international.franceclat.fr\/wp-content\/uploads\/2023\/02\/Logo-Franceclat.png\",\"contentUrl\":\"https:\/\/international.franceclat.fr\/wp-content\/uploads\/2023\/02\/Logo-Franceclat.png\",\"width\":1667,\"height\":1667,\"caption\":\"Franc\u00e9clat international\"},\"image\":{\"@id\":\"https:\/\/franceclat.votre-projet.com\/#\/schema\/logo\/image\/\"},\"sameAs\":[\"https:\/\/www.linkedin.com\/company\/franceclat-international\/\"]}]}<\/script>\n<!-- \/ Yoast SEO plugin. -->","yoast_head_json":{"title":"PILLIVUYT - FRANCECLAT INTERNATIONAL","description":"V\u00e9ritable symbole du savoir-faire et du raffinement fran\u00e7ais, Pillivuyt incarne un luxe discret \u00e0 travers des collections \u00e9l\u00e9gantes et intemporelles de porcelaine blanche.","robots":{"index":"index","follow":"follow","max-snippet":"max-snippet:-1","max-image-preview":"max-image-preview:large","max-video-preview":"max-video-preview:-1"},"canonical":"https:\/\/international.franceclat.fr\/fr\/marques-art-table\/pillivuyt\/","og_locale":"fr_FR","og_type":"article","og_title":"PILLIVUYT - FRANCECLAT INTERNATIONAL","og_description":"V\u00e9ritable symbole du savoir-faire et du raffinement fran\u00e7ais, Pillivuyt incarne un luxe discret \u00e0 travers des collections \u00e9l\u00e9gantes et intemporelles de porcelaine blanche.","og_url":"https:\/\/international.franceclat.fr\/fr\/marques-art-table\/pillivuyt\/","og_site_name":"FRANCECLAT INTERNATIONAL","article_modified_time":"2025-03-24T10:40:42+00:00","og_image":[{"width":1920,"height":1440,"url":"https:\/\/international.franceclat.fr\/wp-content\/uploads\/2023\/01\/ambiance_PILLIVUYT_PLISSE_1920x1440 - Contact Pillivuyt.jpg","type":"image\/jpeg"}],"twitter_card":"summary_large_image","twitter_misc":{"Dur\u00e9e de lecture estim\u00e9e":"3 minutes"},"schema":{"@context":"https:\/\/schema.org","@graph":[{"@type":"WebPage","@id":"https:\/\/international.franceclat.fr\/fr\/marques-art-table\/pillivuyt\/","url":"https:\/\/international.franceclat.fr\/fr\/marques-art-table\/pillivuyt\/","name":"PILLIVUYT - FRANCECLAT INTERNATIONAL","isPartOf":{"@id":"https:\/\/franceclat.votre-projet.com\/#website"},"primaryImageOfPage":{"@id":"https:\/\/international.franceclat.fr\/fr\/marques-art-table\/pillivuyt\/#primaryimage"},"image":{"@id":"https:\/\/international.franceclat.fr\/fr\/marques-art-table\/pillivuyt\/#primaryimage"},"thumbnailUrl":"https:\/\/international.franceclat.fr\/wp-content\/uploads\/2023\/01\/ambiance_PILLIVUYT_PLISSE_1920x1440 - Contact Pillivuyt.jpg","datePublished":"2023-01-30T14:48:03+00:00","dateModified":"2025-03-24T10:40:42+00:00","description":"V\u00e9ritable symbole du savoir-faire et du raffinement fran\u00e7ais, Pillivuyt incarne un luxe discret \u00e0 travers des collections \u00e9l\u00e9gantes et intemporelles de porcelaine blanche.","breadcrumb":{"@id":"https:\/\/international.franceclat.fr\/fr\/marques-art-table\/pillivuyt\/#breadcrumb"},"inLanguage":"fr-FR","potentialAction":[{"@type":"ReadAction","target":["https:\/\/international.franceclat.fr\/fr\/marques-art-table\/pillivuyt\/"]}]},{"@type":"ImageObject","inLanguage":"fr-FR","@id":"https:\/\/international.franceclat.fr\/fr\/marques-art-table\/pillivuyt\/#primaryimage","url":"https:\/\/international.franceclat.fr\/wp-content\/uploads\/2023\/01\/ambiance_PILLIVUYT_PLISSE_1920x1440 - Contact Pillivuyt.jpg","contentUrl":"https:\/\/international.franceclat.fr\/wp-content\/uploads\/2023\/01\/ambiance_PILLIVUYT_PLISSE_1920x1440 - Contact Pillivuyt.jpg","width":1920,"height":1440},{"@type":"BreadcrumbList","@id":"https:\/\/international.franceclat.fr\/fr\/marques-art-table\/pillivuyt\/#breadcrumb","itemListElement":[{"@type":"ListItem","position":1,"name":"Accueil","item":"https:\/\/international.franceclat.fr\/fr\/"},{"@type":"ListItem","position":2,"name":"PILLIVUYT"}]},{"@type":"WebSite","@id":"https:\/\/franceclat.votre-projet.com\/#website","url":"https:\/\/franceclat.votre-projet.com\/","name":"Franc\u00e9clat international","description":"The path to French excellence. Watches, Jewellery, Tableware.","publisher":{"@id":"https:\/\/franceclat.votre-projet.com\/#organization"},"alternateName":"Franc\u00e9clat international","potentialAction":[{"@type":"SearchAction","target":{"@type":"EntryPoint","urlTemplate":"https:\/\/franceclat.votre-projet.com\/?s={search_term_string}"},"query-input":{"@type":"PropertyValueSpecification","valueRequired":true,"valueName":"search_term_string"}}],"inLanguage":"fr-FR"},{"@type":"Organization","@id":"https:\/\/franceclat.votre-projet.com\/#organization","name":"Franc\u00e9clat international","url":"https:\/\/franceclat.votre-projet.com\/","logo":{"@type":"ImageObject","inLanguage":"fr-FR","@id":"https:\/\/franceclat.votre-projet.com\/#\/schema\/logo\/image\/","url":"https:\/\/international.franceclat.fr\/wp-content\/uploads\/2023\/02\/Logo-Franceclat.png","contentUrl":"https:\/\/international.franceclat.fr\/wp-content\/uploads\/2023\/02\/Logo-Franceclat.png","width":1667,"height":1667,"caption":"Franc\u00e9clat international"},"image":{"@id":"https:\/\/franceclat.votre-projet.com\/#\/schema\/logo\/image\/"},"sameAs":["https:\/\/www.linkedin.com\/company\/franceclat-international\/"]}]}},"_links":{"self":[{"href":"https:\/\/international.franceclat.fr\/fr\/wp-json\/wp\/v2\/marques-art-table\/2276","targetHints":{"allow":["GET"]}}],"collection":[{"href":"https:\/\/international.franceclat.fr\/fr\/wp-json\/wp\/v2\/marques-art-table"}],"about":[{"href":"https:\/\/international.franceclat.fr\/fr\/wp-json\/wp\/v2\/types\/marques-art-table"}],"wp:featuredmedia":[{"embeddable":true,"href":"https:\/\/international.franceclat.fr\/fr\/wp-json\/wp\/v2\/media\/2277"}],"wp:attachment":[{"href":"https:\/\/international.franceclat.fr\/fr\/wp-json\/wp\/v2\/media?parent=2276"}],"wp:term":[{"taxonomy":"labels-art-table","embeddable":true,"href":"https:\/\/international.franceclat.fr\/fr\/wp-json\/wp\/v2\/labels-art-table?post=2276"},{"taxonomy":"materiaux-art-table","embeddable":true,"href":"https:\/\/international.franceclat.fr\/fr\/wp-json\/wp\/v2\/materiaux-art-table?post=2276"},{"taxonomy":"clean","embeddable":true,"href":"https:\/\/international.franceclat.fr\/fr\/wp-json\/wp\/v2\/clean?post=2276"},{"taxonomy":"produits-art-table","embeddable":true,"href":"https:\/\/international.franceclat.fr\/fr\/wp-json\/wp\/v2\/produits-art-table?post=2276"},{"taxonomy":"style-art-table","embeddable":true,"href":"https:\/\/international.franceclat.fr\/fr\/wp-json\/wp\/v2\/style-art-table?post=2276"},{"taxonomy":"types-marque-art-table","embeddable":true,"href":"https:\/\/international.franceclat.fr\/fr\/wp-json\/wp\/v2\/types-marque-art-table?post=2276"}],"curies":[{"name":"wp","href":"https:\/\/api.w.org\/{rel}","templated":true}]}}