{"id":2556,"date":"2023-01-30T15:52:51","date_gmt":"2023-01-30T14:52:51","guid":{"rendered":"https:\/\/international.franceclat.fr\/marques-art-table\/revol-porcelaine\/"},"modified":"2025-11-13T11:04:12","modified_gmt":"2025-11-13T10:04:12","slug":"revol-porcelaine","status":"publish","type":"marques-art-table","link":"https:\/\/international.franceclat.fr\/fr\/marques-art-table\/revol-porcelaine\/","title":{"rendered":"REVOL PORCELAINE"},"content":{"rendered":"\n<h2 class=\"wp-block-heading marque-slogan\">Manufacture fran\u00e7aise et familiale depuis 1768<\/h2>\n\n\n\n<p>Depuis 1768, Revol fabrique dans la Dr\u00f4me une porcelaine d\u2019exception. Alliant savoir-faire artisanal et innovations, la manufacture familiale cr\u00e9e des pi\u00e8ces uniques, durables et sensibles, pens\u00e9es pour les plus belles tables et dans le respect de l\u2019Homme et des ressources.<\/p>\n\n\n\n<figure class=\"wp-block-image size-large zoom\"><a class=\"zoom\" data-pswp-width=\"2560\" data-pswp-height=\"1707\" href=\"https:\/\/international.franceclat.fr\/wp-content\/uploads\/2023\/01\/amb_652743_652703_652711_652728_652687-scaled.jpg\"><img loading=\"lazy\" decoding=\"async\" width=\"1024\" height=\"683\" src=\"https:\/\/international.franceclat.fr\/wp-content\/uploads\/2023\/01\/amb_652743_652703_652711_652728_652687-1024x683.jpg\" alt=\"\" class=\"wp-image-39879\" srcset=\"https:\/\/international.franceclat.fr\/wp-content\/uploads\/2023\/01\/amb_652743_652703_652711_652728_652687-1024x683.jpg 1024w, https:\/\/international.franceclat.fr\/wp-content\/uploads\/2023\/01\/amb_652743_652703_652711_652728_652687-500x333.jpg 500w, https:\/\/international.franceclat.fr\/wp-content\/uploads\/2023\/01\/amb_652743_652703_652711_652728_652687-768x512.jpg 768w, https:\/\/international.franceclat.fr\/wp-content\/uploads\/2023\/01\/amb_652743_652703_652711_652728_652687-1536x1024.jpg 1536w, https:\/\/international.franceclat.fr\/wp-content\/uploads\/2023\/01\/amb_652743_652703_652711_652728_652687-2048x1365.jpg 2048w\" sizes=\"auto, (max-width: 1024px) 100vw, 1024px\" \/><\/a><figcaption class=\"wp-element-caption\">Revol Porcelain Day 1<\/figcaption><\/figure>\n\n\n\n<div class=\"wp-block-columns is-layout-flex wp-container-core-columns-is-layout-9d6595d7 wp-block-columns-is-layout-flex\">\n<div class=\"wp-block-column is-layout-flow wp-block-column-is-layout-flow\">\n<figure class=\"wp-block-image size-large zoom\"><a class=\"zoom\" data-pswp-width=\"1800\" data-pswp-height=\"1201\" href=\"https:\/\/international.franceclat.fr\/wp-content\/uploads\/2023\/01\/REVOL_Manufacture_Parc\u00a9FHamel.jpg\"><img loading=\"lazy\" decoding=\"async\" width=\"1800\" height=\"1201\" src=\"https:\/\/international.franceclat.fr\/wp-content\/uploads\/2025\/11\/REVOL_Manufacture_Parc\u00a9FHamel-edited.jpg\" alt=\"\" class=\"wp-image-39885\" srcset=\"https:\/\/international.franceclat.fr\/wp-content\/uploads\/2025\/11\/REVOL_Manufacture_Parc\u00a9FHamel-edited.jpg 1800w, https:\/\/international.franceclat.fr\/wp-content\/uploads\/2025\/11\/REVOL_Manufacture_Parc\u00a9FHamel-edited-500x334.jpg 500w, https:\/\/international.franceclat.fr\/wp-content\/uploads\/2025\/11\/REVOL_Manufacture_Parc\u00a9FHamel-edited-1024x683.jpg 1024w, https:\/\/international.franceclat.fr\/wp-content\/uploads\/2025\/11\/REVOL_Manufacture_Parc\u00a9FHamel-edited-768x512.jpg 768w, https:\/\/international.franceclat.fr\/wp-content\/uploads\/2025\/11\/REVOL_Manufacture_Parc\u00a9FHamel-edited-1536x1025.jpg 1536w\" sizes=\"auto, (max-width: 1800px) 100vw, 1800px\" \/><span class=\"zoom\">Zoom<\/span><\/a><\/figure>\n<\/div>\n\n\n\n<div class=\"wp-block-column is-layout-flow wp-block-column-is-layout-flow\">\n<figure class=\"wp-block-image size-large zoom\"><a class=\"zoom\" data-pswp-width=\"7947\" data-pswp-height=\"5301\" href=\"https:\/\/international.franceclat.fr\/wp-content\/uploads\/2023\/01\/REVOL_Qualite\u00a9LDupont.jpg\"><img loading=\"lazy\" decoding=\"async\" width=\"1024\" height=\"683\" src=\"https:\/\/international.franceclat.fr\/wp-content\/uploads\/2023\/01\/REVOL_Qualite\u00a9LDupont-1024x683.jpg\" alt=\"\" class=\"wp-image-39883\" srcset=\"https:\/\/international.franceclat.fr\/wp-content\/uploads\/2023\/01\/REVOL_Qualite\u00a9LDupont-1024x683.jpg 1024w, https:\/\/international.franceclat.fr\/wp-content\/uploads\/2023\/01\/REVOL_Qualite\u00a9LDupont-500x334.jpg 500w, https:\/\/international.franceclat.fr\/wp-content\/uploads\/2023\/01\/REVOL_Qualite\u00a9LDupont-768x512.jpg 768w, https:\/\/international.franceclat.fr\/wp-content\/uploads\/2023\/01\/REVOL_Qualite\u00a9LDupont-1536x1025.jpg 1536w\" sizes=\"auto, (max-width: 1024px) 100vw, 1024px\" \/><span class=\"zoom\">Zoom<\/span><\/a><\/figure>\n<\/div>\n<\/div>\n\n\n\n<p>Revol est une manufacture familiale fran\u00e7aise fond\u00e9e en 1768 \u00e0 Saint-Uze, dans la Dr\u00f4me. Sp\u00e9cialis\u00e9e dans la porcelaine culinaire, elle con\u00e7oit et fabrique des pi\u00e8ces d\u2019exception pour les professionnels de la restauration et de l\u2019h\u00f4tellerie. Depuis plus de 250 ans, Revol allie l\u2019h\u00e9ritage d\u2019un savoir-faire artisanal \u00e0 une recherche permanente d\u2019innovation et d\u2019excellence. Les collections, toutes produites dans ses ateliers en France, m\u00ealent tradition, design et performance.<\/p>\n\n\n\n<p>Assiettes, plats, contenants, accessoires : Revol propose une offre compl\u00e8te pour le service \u00e0 table, la pr\u00e9sentation, le buffet ou encore le maintien en temp\u00e9rature. Engag\u00e9e dans une production responsable, la maison s\u2019appuie sur des mat\u00e9riaux durables et d\u00e9veloppe des solutions techniques au service du geste du chef. Pr\u00e9sente dans plus de 80 pays, Revol accompagne chaque jour les \u00e9tablissements les plus exigeants, en valorisant la cr\u00e9ativit\u00e9 culinaire par des objets \u00e0 la fois fonctionnels, durables et esth\u00e9tiques.<\/p>\n\n\n\n<hr class=\"wp-block-separator has-alpha-channel-opacity separator-thin\"\/>\n\n\n\n<h2 class=\"wp-block-heading\">Mod\u00e8les iconiques<\/h2>\n\n\n\n<div class=\"wp-block-columns iconic is-layout-flex wp-container-core-columns-is-layout-9d6595d7 wp-block-columns-is-layout-flex\">\n<div class=\"wp-block-column is-layout-flow wp-block-column-is-layout-flow\">\n<figure class=\"wp-block-image size-full zoom\"><a class=\"zoom\" data-pswp-width=\"625\" data-pswp-height=\"467\" href=\"https:\/\/international.franceclat.fr\/wp-content\/uploads\/2023\/01\/kTRBoCx.jpeg\"><img loading=\"lazy\" decoding=\"async\" width=\"625\" height=\"467\" src=\"https:\/\/international.franceclat.fr\/wp-content\/uploads\/2023\/01\/kTRBoCx.jpeg\" alt=\"\" class=\"wp-image-26639\" srcset=\"https:\/\/international.franceclat.fr\/wp-content\/uploads\/2023\/01\/kTRBoCx.jpeg 625w, https:\/\/international.franceclat.fr\/wp-content\/uploads\/2023\/01\/kTRBoCx-495x370.jpeg 495w, https:\/\/international.franceclat.fr\/wp-content\/uploads\/2023\/01\/kTRBoCx-512x384.jpeg 512w, https:\/\/international.franceclat.fr\/wp-content\/uploads\/2023\/01\/kTRBoCx-500x374.jpeg 500w\" sizes=\"auto, (max-width: 625px) 100vw, 625px\" \/><span class=\"zoom\">Zoom<\/span><\/a><\/figure>\n\n\n\n<h3 class=\"wp-block-heading legende\">Froiss\u00e9s<\/h3>\n<\/div>\n\n\n\n<div class=\"wp-block-column is-layout-flow wp-block-column-is-layout-flow\">\n<figure class=\"wp-block-image size-full zoom crop-img\"><a class=\"zoom\" data-pswp-width=\"710\" data-pswp-height=\"544\" href=\"https:\/\/international.franceclat.fr\/wp-content\/uploads\/2023\/02\/l9Ybtdl.jpeg\"><img loading=\"lazy\" decoding=\"async\" width=\"710\" height=\"544\" src=\"https:\/\/international.franceclat.fr\/wp-content\/uploads\/2023\/02\/l9Ybtdl.jpeg\" alt=\"\" class=\"wp-image-26641\" srcset=\"https:\/\/international.franceclat.fr\/wp-content\/uploads\/2023\/02\/l9Ybtdl.jpeg 710w, https:\/\/international.franceclat.fr\/wp-content\/uploads\/2023\/02\/l9Ybtdl-483x370.jpeg 483w\" sizes=\"auto, (max-width: 710px) 100vw, 710px\" \/><span class=\"zoom\">Zoom<\/span><\/a><\/figure>\n\n\n\n<h3 class=\"wp-block-heading legende\">NO.W Recyclay<\/h3>\n<\/div>\n\n\n\n<div class=\"wp-block-column is-layout-flow wp-block-column-is-layout-flow\">\n<figure class=\"wp-block-image size-full zoom\"><a class=\"zoom\" data-pswp-width=\"750\" data-pswp-height=\"560\" href=\"https:\/\/international.franceclat.fr\/wp-content\/uploads\/2023\/02\/3oxiAK8.jpeg\"><img loading=\"lazy\" decoding=\"async\" width=\"750\" height=\"560\" src=\"https:\/\/international.franceclat.fr\/wp-content\/uploads\/2023\/02\/3oxiAK8.jpeg\" alt=\"\" class=\"wp-image-26635\" srcset=\"https:\/\/international.franceclat.fr\/wp-content\/uploads\/2023\/02\/3oxiAK8.jpeg 750w, https:\/\/international.franceclat.fr\/wp-content\/uploads\/2023\/02\/3oxiAK8-496x370.jpeg 496w\" sizes=\"auto, (max-width: 750px) 100vw, 750px\" \/><span class=\"zoom\">Zoom<\/span><\/a><\/figure>\n\n\n\n<h3 class=\"wp-block-heading legende\">Solstice<\/h3>\n<\/div>\n<\/div>\n\n\n\n<div class=\"wp-block-columns iconic is-layout-flex wp-container-core-columns-is-layout-9d6595d7 wp-block-columns-is-layout-flex\">\n<div class=\"wp-block-column is-layout-flow wp-block-column-is-layout-flow\">\n<figure class=\"wp-block-image size-large zoom\"><a class=\"zoom\" data-pswp-width=\"1179\" data-pswp-height=\"822\" href=\"https:\/\/international.franceclat.fr\/wp-content\/uploads\/2023\/01\/GwQQOJa.jpeg\"><img loading=\"lazy\" decoding=\"async\" width=\"1024\" height=\"714\" src=\"https:\/\/international.franceclat.fr\/wp-content\/uploads\/2023\/01\/GwQQOJa-1024x714.jpeg\" alt=\"\" class=\"wp-image-26637\" srcset=\"https:\/\/international.franceclat.fr\/wp-content\/uploads\/2023\/01\/GwQQOJa-1024x714.jpeg 1024w, https:\/\/international.franceclat.fr\/wp-content\/uploads\/2023\/01\/GwQQOJa-500x349.jpeg 500w, https:\/\/international.franceclat.fr\/wp-content\/uploads\/2023\/01\/GwQQOJa-768x535.jpeg 768w, https:\/\/international.franceclat.fr\/wp-content\/uploads\/2023\/01\/GwQQOJa.jpeg 1179w\" sizes=\"auto, (max-width: 1024px) 100vw, 1024px\" \/><span class=\"zoom\">Zoom<\/span><\/a><\/figure>\n\n\n\n<h3 class=\"wp-block-heading legende\">Peko\u00eb<\/h3>\n<\/div>\n\n\n\n<div class=\"wp-block-column is-layout-flow wp-block-column-is-layout-flow\">\n<figure class=\"wp-block-image size-large zoom\"><a class=\"zoom\" data-pswp-width=\"1834\" data-pswp-height=\"1264\" href=\"https:\/\/international.franceclat.fr\/wp-content\/uploads\/2023\/02\/LeBUWBH.jpeg\"><img loading=\"lazy\" decoding=\"async\" width=\"1024\" height=\"706\" src=\"https:\/\/international.franceclat.fr\/wp-content\/uploads\/2023\/02\/LeBUWBH-1024x706.jpeg\" alt=\"\" class=\"wp-image-26643\" srcset=\"https:\/\/international.franceclat.fr\/wp-content\/uploads\/2023\/02\/LeBUWBH-1024x706.jpeg 1024w, https:\/\/international.franceclat.fr\/wp-content\/uploads\/2023\/02\/LeBUWBH-500x345.jpeg 500w, https:\/\/international.franceclat.fr\/wp-content\/uploads\/2023\/02\/LeBUWBH-768x529.jpeg 768w, https:\/\/international.franceclat.fr\/wp-content\/uploads\/2023\/02\/LeBUWBH-1536x1059.jpeg 1536w, https:\/\/international.franceclat.fr\/wp-content\/uploads\/2023\/02\/LeBUWBH.jpeg 1834w\" sizes=\"auto, (max-width: 1024px) 100vw, 1024px\" \/><span class=\"zoom\">Zoom<\/span><\/a><\/figure>\n\n\n\n<h3 class=\"wp-block-heading legende\">Ily<\/h3>\n<\/div>\n\n\n\n<div class=\"wp-block-column is-layout-flow wp-block-column-is-layout-flow\">\n<h5 class=\"wp-block-heading legende\"><\/h5>\n<\/div>\n<\/div>\n","protected":false},"featured_media":39879,"template":"","labels-art-table":[87],"materiaux-art-table":[78,80],"clean":[],"produits-art-table":[75,74],"style-art-table":[83],"types-marque-art-table":[88],"class_list":["post-2556","marques-art-table","type-marques-art-table","status-publish","has-post-thumbnail","hentry","labels-art-table-entreprise-du-patrimoine-vivant","materiaux-art-table-gres-et-autres-ceramiques","materiaux-art-table-porcelaine","produits-art-table-couverts-et-couteaux-de-table","produits-art-table-vaisselle","style-art-table-contemporain","types-marque-art-table-marque-heritage"],"acf":[],"yoast_head":"<!-- This site is optimized with the Yoast SEO plugin v27.1.1 - https:\/\/yoast.com\/product\/yoast-seo-wordpress\/ -->\n<title>REVOL PORCELAINE - FRANCECLAT INTERNATIONAL<\/title>\n<meta name=\"description\" content=\"Revol porcelaine : L&#039;audace et le savoir-faire made in France d&#039;une entreprise familiale fran\u00e7aise depuis 1768\" \/>\n<meta name=\"robots\" content=\"index, follow, max-snippet:-1, max-image-preview:large, max-video-preview:-1\" \/>\n<link rel=\"canonical\" href=\"https:\/\/international.franceclat.fr\/fr\/marques-art-table\/revol-porcelaine\/\" \/>\n<meta property=\"og:locale\" content=\"fr_FR\" \/>\n<meta property=\"og:type\" content=\"article\" \/>\n<meta property=\"og:title\" content=\"REVOL PORCELAINE - FRANCECLAT INTERNATIONAL\" \/>\n<meta property=\"og:description\" content=\"Revol porcelaine : L&#039;audace et le savoir-faire made in France d&#039;une entreprise familiale fran\u00e7aise depuis 1768\" \/>\n<meta property=\"og:url\" content=\"https:\/\/international.franceclat.fr\/fr\/marques-art-table\/revol-porcelaine\/\" \/>\n<meta property=\"og:site_name\" content=\"FRANCECLAT INTERNATIONAL\" \/>\n<meta property=\"article:modified_time\" content=\"2025-11-13T10:04:12+00:00\" \/>\n<meta property=\"og:image\" content=\"https:\/\/international.franceclat.fr\/wp-content\/uploads\/2023\/01\/amb_652743_652703_652711_652728_652687-1024x683.jpg\" \/>\n\t<meta property=\"og:image:width\" content=\"1024\" \/>\n\t<meta property=\"og:image:height\" content=\"683\" \/>\n\t<meta property=\"og:image:type\" content=\"image\/jpeg\" \/>\n<meta name=\"twitter:card\" content=\"summary_large_image\" \/>\n<meta name=\"twitter:label1\" content=\"Dur\u00e9e de lecture estim\u00e9e\" \/>\n\t<meta name=\"twitter:data1\" content=\"4 minutes\" \/>\n<script type=\"application\/ld+json\" class=\"yoast-schema-graph\">{\"@context\":\"https:\/\/schema.org\",\"@graph\":[{\"@type\":\"WebPage\",\"@id\":\"https:\/\/international.franceclat.fr\/fr\/marques-art-table\/revol-porcelaine\/\",\"url\":\"https:\/\/international.franceclat.fr\/fr\/marques-art-table\/revol-porcelaine\/\",\"name\":\"REVOL PORCELAINE - FRANCECLAT INTERNATIONAL\",\"isPartOf\":{\"@id\":\"https:\/\/franceclat.votre-projet.com\/#website\"},\"primaryImageOfPage\":{\"@id\":\"https:\/\/international.franceclat.fr\/fr\/marques-art-table\/revol-porcelaine\/#primaryimage\"},\"image\":{\"@id\":\"https:\/\/international.franceclat.fr\/fr\/marques-art-table\/revol-porcelaine\/#primaryimage\"},\"thumbnailUrl\":\"https:\/\/international.franceclat.fr\/wp-content\/uploads\/2023\/01\/amb_652743_652703_652711_652728_652687-scaled.jpg\",\"datePublished\":\"2023-01-30T14:52:51+00:00\",\"dateModified\":\"2025-11-13T10:04:12+00:00\",\"description\":\"Revol porcelaine : L'audace et le savoir-faire made in France d'une entreprise familiale fran\u00e7aise depuis 1768\",\"breadcrumb\":{\"@id\":\"https:\/\/international.franceclat.fr\/fr\/marques-art-table\/revol-porcelaine\/#breadcrumb\"},\"inLanguage\":\"fr-FR\",\"potentialAction\":[{\"@type\":\"ReadAction\",\"target\":[\"https:\/\/international.franceclat.fr\/fr\/marques-art-table\/revol-porcelaine\/\"]}]},{\"@type\":\"ImageObject\",\"inLanguage\":\"fr-FR\",\"@id\":\"https:\/\/international.franceclat.fr\/fr\/marques-art-table\/revol-porcelaine\/#primaryimage\",\"url\":\"https:\/\/international.franceclat.fr\/wp-content\/uploads\/2023\/01\/amb_652743_652703_652711_652728_652687-scaled.jpg\",\"contentUrl\":\"https:\/\/international.franceclat.fr\/wp-content\/uploads\/2023\/01\/amb_652743_652703_652711_652728_652687-scaled.jpg\",\"width\":2560,\"height\":1707,\"caption\":\"Revol Porcelain Day 1\"},{\"@type\":\"BreadcrumbList\",\"@id\":\"https:\/\/international.franceclat.fr\/fr\/marques-art-table\/revol-porcelaine\/#breadcrumb\",\"itemListElement\":[{\"@type\":\"ListItem\",\"position\":1,\"name\":\"Accueil\",\"item\":\"https:\/\/international.franceclat.fr\/fr\/\"},{\"@type\":\"ListItem\",\"position\":2,\"name\":\"REVOL PORCELAINE\"}]},{\"@type\":\"WebSite\",\"@id\":\"https:\/\/franceclat.votre-projet.com\/#website\",\"url\":\"https:\/\/franceclat.votre-projet.com\/\",\"name\":\"Franc\u00e9clat international\",\"description\":\"The path to French excellence. Watches, Jewellery, Tableware.\",\"publisher\":{\"@id\":\"https:\/\/franceclat.votre-projet.com\/#organization\"},\"alternateName\":\"Franc\u00e9clat international\",\"potentialAction\":[{\"@type\":\"SearchAction\",\"target\":{\"@type\":\"EntryPoint\",\"urlTemplate\":\"https:\/\/franceclat.votre-projet.com\/?s={search_term_string}\"},\"query-input\":{\"@type\":\"PropertyValueSpecification\",\"valueRequired\":true,\"valueName\":\"search_term_string\"}}],\"inLanguage\":\"fr-FR\"},{\"@type\":\"Organization\",\"@id\":\"https:\/\/franceclat.votre-projet.com\/#organization\",\"name\":\"Franc\u00e9clat international\",\"url\":\"https:\/\/franceclat.votre-projet.com\/\",\"logo\":{\"@type\":\"ImageObject\",\"inLanguage\":\"fr-FR\",\"@id\":\"https:\/\/franceclat.votre-projet.com\/#\/schema\/logo\/image\/\",\"url\":\"https:\/\/international.franceclat.fr\/wp-content\/uploads\/2023\/02\/Logo-Franceclat.png\",\"contentUrl\":\"https:\/\/international.franceclat.fr\/wp-content\/uploads\/2023\/02\/Logo-Franceclat.png\",\"width\":1667,\"height\":1667,\"caption\":\"Franc\u00e9clat international\"},\"image\":{\"@id\":\"https:\/\/franceclat.votre-projet.com\/#\/schema\/logo\/image\/\"},\"sameAs\":[\"https:\/\/www.linkedin.com\/company\/franceclat-international\/\"]}]}<\/script>\n<!-- \/ Yoast SEO plugin. -->","yoast_head_json":{"title":"REVOL PORCELAINE - FRANCECLAT INTERNATIONAL","description":"Revol porcelaine : L'audace et le savoir-faire made in France d'une entreprise familiale fran\u00e7aise depuis 1768","robots":{"index":"index","follow":"follow","max-snippet":"max-snippet:-1","max-image-preview":"max-image-preview:large","max-video-preview":"max-video-preview:-1"},"canonical":"https:\/\/international.franceclat.fr\/fr\/marques-art-table\/revol-porcelaine\/","og_locale":"fr_FR","og_type":"article","og_title":"REVOL PORCELAINE - FRANCECLAT INTERNATIONAL","og_description":"Revol porcelaine : L'audace et le savoir-faire made in France d'une entreprise familiale fran\u00e7aise depuis 1768","og_url":"https:\/\/international.franceclat.fr\/fr\/marques-art-table\/revol-porcelaine\/","og_site_name":"FRANCECLAT INTERNATIONAL","article_modified_time":"2025-11-13T10:04:12+00:00","og_image":[{"width":1024,"height":683,"url":"https:\/\/international.franceclat.fr\/wp-content\/uploads\/2023\/01\/amb_652743_652703_652711_652728_652687-1024x683.jpg","type":"image\/jpeg"}],"twitter_card":"summary_large_image","twitter_misc":{"Dur\u00e9e de lecture estim\u00e9e":"4 minutes"},"schema":{"@context":"https:\/\/schema.org","@graph":[{"@type":"WebPage","@id":"https:\/\/international.franceclat.fr\/fr\/marques-art-table\/revol-porcelaine\/","url":"https:\/\/international.franceclat.fr\/fr\/marques-art-table\/revol-porcelaine\/","name":"REVOL PORCELAINE - FRANCECLAT INTERNATIONAL","isPartOf":{"@id":"https:\/\/franceclat.votre-projet.com\/#website"},"primaryImageOfPage":{"@id":"https:\/\/international.franceclat.fr\/fr\/marques-art-table\/revol-porcelaine\/#primaryimage"},"image":{"@id":"https:\/\/international.franceclat.fr\/fr\/marques-art-table\/revol-porcelaine\/#primaryimage"},"thumbnailUrl":"https:\/\/international.franceclat.fr\/wp-content\/uploads\/2023\/01\/amb_652743_652703_652711_652728_652687-scaled.jpg","datePublished":"2023-01-30T14:52:51+00:00","dateModified":"2025-11-13T10:04:12+00:00","description":"Revol porcelaine : L'audace et le savoir-faire made in France d'une entreprise familiale fran\u00e7aise depuis 1768","breadcrumb":{"@id":"https:\/\/international.franceclat.fr\/fr\/marques-art-table\/revol-porcelaine\/#breadcrumb"},"inLanguage":"fr-FR","potentialAction":[{"@type":"ReadAction","target":["https:\/\/international.franceclat.fr\/fr\/marques-art-table\/revol-porcelaine\/"]}]},{"@type":"ImageObject","inLanguage":"fr-FR","@id":"https:\/\/international.franceclat.fr\/fr\/marques-art-table\/revol-porcelaine\/#primaryimage","url":"https:\/\/international.franceclat.fr\/wp-content\/uploads\/2023\/01\/amb_652743_652703_652711_652728_652687-scaled.jpg","contentUrl":"https:\/\/international.franceclat.fr\/wp-content\/uploads\/2023\/01\/amb_652743_652703_652711_652728_652687-scaled.jpg","width":2560,"height":1707,"caption":"Revol Porcelain Day 1"},{"@type":"BreadcrumbList","@id":"https:\/\/international.franceclat.fr\/fr\/marques-art-table\/revol-porcelaine\/#breadcrumb","itemListElement":[{"@type":"ListItem","position":1,"name":"Accueil","item":"https:\/\/international.franceclat.fr\/fr\/"},{"@type":"ListItem","position":2,"name":"REVOL PORCELAINE"}]},{"@type":"WebSite","@id":"https:\/\/franceclat.votre-projet.com\/#website","url":"https:\/\/franceclat.votre-projet.com\/","name":"Franc\u00e9clat international","description":"The path to French excellence. Watches, Jewellery, Tableware.","publisher":{"@id":"https:\/\/franceclat.votre-projet.com\/#organization"},"alternateName":"Franc\u00e9clat international","potentialAction":[{"@type":"SearchAction","target":{"@type":"EntryPoint","urlTemplate":"https:\/\/franceclat.votre-projet.com\/?s={search_term_string}"},"query-input":{"@type":"PropertyValueSpecification","valueRequired":true,"valueName":"search_term_string"}}],"inLanguage":"fr-FR"},{"@type":"Organization","@id":"https:\/\/franceclat.votre-projet.com\/#organization","name":"Franc\u00e9clat international","url":"https:\/\/franceclat.votre-projet.com\/","logo":{"@type":"ImageObject","inLanguage":"fr-FR","@id":"https:\/\/franceclat.votre-projet.com\/#\/schema\/logo\/image\/","url":"https:\/\/international.franceclat.fr\/wp-content\/uploads\/2023\/02\/Logo-Franceclat.png","contentUrl":"https:\/\/international.franceclat.fr\/wp-content\/uploads\/2023\/02\/Logo-Franceclat.png","width":1667,"height":1667,"caption":"Franc\u00e9clat international"},"image":{"@id":"https:\/\/franceclat.votre-projet.com\/#\/schema\/logo\/image\/"},"sameAs":["https:\/\/www.linkedin.com\/company\/franceclat-international\/"]}]}},"_links":{"self":[{"href":"https:\/\/international.franceclat.fr\/fr\/wp-json\/wp\/v2\/marques-art-table\/2556","targetHints":{"allow":["GET"]}}],"collection":[{"href":"https:\/\/international.franceclat.fr\/fr\/wp-json\/wp\/v2\/marques-art-table"}],"about":[{"href":"https:\/\/international.franceclat.fr\/fr\/wp-json\/wp\/v2\/types\/marques-art-table"}],"wp:featuredmedia":[{"embeddable":true,"href":"https:\/\/international.franceclat.fr\/fr\/wp-json\/wp\/v2\/media\/39879"}],"wp:attachment":[{"href":"https:\/\/international.franceclat.fr\/fr\/wp-json\/wp\/v2\/media?parent=2556"}],"wp:term":[{"taxonomy":"labels-art-table","embeddable":true,"href":"https:\/\/international.franceclat.fr\/fr\/wp-json\/wp\/v2\/labels-art-table?post=2556"},{"taxonomy":"materiaux-art-table","embeddable":true,"href":"https:\/\/international.franceclat.fr\/fr\/wp-json\/wp\/v2\/materiaux-art-table?post=2556"},{"taxonomy":"clean","embeddable":true,"href":"https:\/\/international.franceclat.fr\/fr\/wp-json\/wp\/v2\/clean?post=2556"},{"taxonomy":"produits-art-table","embeddable":true,"href":"https:\/\/international.franceclat.fr\/fr\/wp-json\/wp\/v2\/produits-art-table?post=2556"},{"taxonomy":"style-art-table","embeddable":true,"href":"https:\/\/international.franceclat.fr\/fr\/wp-json\/wp\/v2\/style-art-table?post=2556"},{"taxonomy":"types-marque-art-table","embeddable":true,"href":"https:\/\/international.franceclat.fr\/fr\/wp-json\/wp\/v2\/types-marque-art-table?post=2556"}],"curies":[{"name":"wp","href":"https:\/\/api.w.org\/{rel}","templated":true}]}}