{"id":32585,"date":"2024-12-16T16:06:30","date_gmt":"2024-12-16T15:06:30","guid":{"rendered":"https:\/\/international.franceclat.fr\/?post_type=marques-art-table&#038;p=32585"},"modified":"2025-03-24T11:38:43","modified_gmt":"2025-03-24T10:38:43","slug":"manufacturededigoin","status":"publish","type":"marques-art-table","link":"https:\/\/international.franceclat.fr\/fr\/marques-art-table\/manufacturededigoin\/","title":{"rendered":"MANUFACTURE DE DIGOIN"},"content":{"rendered":"\n<h2 class=\"wp-block-heading marque-slogan\">La fabrique des gr\u00e8s et poteries de Digoin est \u00e0 l\u2019origine une entreprise artisanale et familiale fond\u00e9e en 1875, au bord du canal du centre en Bourgogne.<\/h2>\n\n\n\n<p>Vers 1900, la r\u00e9gion de Digoin et Paray-le-Monial, baptis\u00e9e \u00ab vall\u00e9e de la c\u00e9ramique \u00bb, abritait une quarantaine de manufactures, chacune avec un savoir-faire sp\u00e9cifique (fabrique de tuiles, briques, carrelage).<\/p>\n\n\n\n<p>Depuis 1875, la Manufacture de Digoin \u2013 Gr\u00e8s &amp; Poteries fa\u00e7onne des objets du quotidien en gr\u00e8s : vinaigriers, fontaines, percolateurs, pots \u00e0 graisse, saloirs, pots moutarde, terrines, pichets, cruchons, faisselles \u00e0 fromage, pots de yaourt\u2026<\/p>\n\n\n\n<p>Belle endormie depuis plusieurs ann\u00e9es, la Manufacture reprend vie en 2014, plusieurs investisseurs se rassemblent pour sauver l\u2019entreprise avec pour ambition de faire perdurer un savoir-faire historique et de redonner leurs lettres de noblesse \u00e0 des objets culinaires porteurs de sens, emprunts d\u2019histoire.<\/p>\n\n\n\n<figure class=\"wp-block-image size-large zoom\"><a class=\"zoom\" data-pswp-width=\"2560\" data-pswp-height=\"2168\" href=\"https:\/\/international.franceclat.fr\/wp-content\/uploads\/2024\/12\/Ambiance-5-scaled.jpg\"><img loading=\"lazy\" decoding=\"async\" width=\"1024\" height=\"867\" src=\"https:\/\/international.franceclat.fr\/wp-content\/uploads\/2024\/12\/Ambiance-5-1024x867.jpg\" alt=\"\" class=\"wp-image-32583\" srcset=\"https:\/\/international.franceclat.fr\/wp-content\/uploads\/2024\/12\/Ambiance-5-1024x867.jpg 1024w, https:\/\/international.franceclat.fr\/wp-content\/uploads\/2024\/12\/Ambiance-5-437x370.jpg 437w, https:\/\/international.franceclat.fr\/wp-content\/uploads\/2024\/12\/Ambiance-5-768x650.jpg 768w, https:\/\/international.franceclat.fr\/wp-content\/uploads\/2024\/12\/Ambiance-5-1536x1301.jpg 1536w, https:\/\/international.franceclat.fr\/wp-content\/uploads\/2024\/12\/Ambiance-5-2048x1735.jpg 2048w, https:\/\/international.franceclat.fr\/wp-content\/uploads\/2024\/12\/Ambiance-5-500x423.jpg 500w\" sizes=\"auto, (max-width: 1024px) 100vw, 1024px\" \/><span class=\"zoom\">Zoom<\/span><\/a><\/figure>\n\n\n\n<div class=\"wp-block-columns is-layout-flex wp-container-core-columns-is-layout-9d6595d7 wp-block-columns-is-layout-flex\">\n<div class=\"wp-block-column is-layout-flow wp-block-column-is-layout-flow\"><div class=\"wp-block-image zoom\">\n<figure class=\"aligncenter size-large is-resized\"><a class=\"zoom\" data-pswp-width=\"1707\" data-pswp-height=\"2560\" href=\"https:\/\/international.franceclat.fr\/wp-content\/uploads\/2024\/12\/Ambiance-3-scaled.jpg\"><img loading=\"lazy\" decoding=\"async\" width=\"683\" height=\"1024\" src=\"https:\/\/international.franceclat.fr\/wp-content\/uploads\/2024\/12\/Ambiance-3-683x1024.jpg\" alt=\"\" class=\"wp-image-32590\" style=\"width:279px;height:auto\" srcset=\"https:\/\/international.franceclat.fr\/wp-content\/uploads\/2024\/12\/Ambiance-3-683x1024.jpg 683w, https:\/\/international.franceclat.fr\/wp-content\/uploads\/2024\/12\/Ambiance-3-247x370.jpg 247w, https:\/\/international.franceclat.fr\/wp-content\/uploads\/2024\/12\/Ambiance-3-768x1152.jpg 768w, https:\/\/international.franceclat.fr\/wp-content\/uploads\/2024\/12\/Ambiance-3-1024x1536.jpg 1024w, https:\/\/international.franceclat.fr\/wp-content\/uploads\/2024\/12\/Ambiance-3-1365x2048.jpg 1365w, https:\/\/international.franceclat.fr\/wp-content\/uploads\/2024\/12\/Ambiance-3-333x500.jpg 333w, https:\/\/international.franceclat.fr\/wp-content\/uploads\/2024\/12\/Ambiance-3-scaled.jpg 1707w\" sizes=\"auto, (max-width: 683px) 100vw, 683px\" \/><span class=\"zoom\">Zoom<\/span><\/a><\/figure>\n<\/div><\/div>\n\n\n\n<div class=\"wp-block-column is-layout-flow wp-block-column-is-layout-flow\">\n<figure class=\"wp-block-image size-large zoom\"><a class=\"zoom\" data-pswp-width=\"2183\" data-pswp-height=\"2183\" href=\"https:\/\/international.franceclat.fr\/wp-content\/uploads\/2024\/12\/Ambiance-2.jpg\"><img loading=\"lazy\" decoding=\"async\" width=\"1024\" height=\"1024\" src=\"https:\/\/international.franceclat.fr\/wp-content\/uploads\/2024\/12\/Ambiance-2-1024x1024.jpg\" alt=\"\" class=\"wp-image-32588\" srcset=\"https:\/\/international.franceclat.fr\/wp-content\/uploads\/2024\/12\/Ambiance-2-1024x1024.jpg 1024w, https:\/\/international.franceclat.fr\/wp-content\/uploads\/2024\/12\/Ambiance-2-370x370.jpg 370w, https:\/\/international.franceclat.fr\/wp-content\/uploads\/2024\/12\/Ambiance-2-150x150.jpg 150w, https:\/\/international.franceclat.fr\/wp-content\/uploads\/2024\/12\/Ambiance-2-768x768.jpg 768w, https:\/\/international.franceclat.fr\/wp-content\/uploads\/2024\/12\/Ambiance-2-1536x1536.jpg 1536w, https:\/\/international.franceclat.fr\/wp-content\/uploads\/2024\/12\/Ambiance-2-2048x2048.jpg 2048w\" sizes=\"auto, (max-width: 1024px) 100vw, 1024px\" \/><span class=\"zoom\">Zoom<\/span><\/a><\/figure>\n<\/div>\n<\/div>\n\n\n\n<p><\/p>\n\n\n\n<h2 class=\"wp-block-heading\">Mod\u00e8les iconiques<\/h2>\n\n\n\n<div class=\"wp-block-columns iconic is-layout-flex wp-container-core-columns-is-layout-9d6595d7 wp-block-columns-is-layout-flex\">\n<div class=\"wp-block-column is-layout-flow wp-block-column-is-layout-flow\">\n<figure class=\"wp-block-image size-full zoom\"><a class=\"zoom\" data-pswp-width=\"1181\" data-pswp-height=\"1772\" href=\"https:\/\/international.franceclat.fr\/wp-content\/uploads\/2024\/12\/Pichet-Melon-.jpg\"><img loading=\"lazy\" decoding=\"async\" width=\"1181\" height=\"1772\" src=\"https:\/\/international.franceclat.fr\/wp-content\/uploads\/2024\/12\/Pichet-Melon-.jpg\" alt=\"\" class=\"wp-image-32592\" srcset=\"https:\/\/international.franceclat.fr\/wp-content\/uploads\/2024\/12\/Pichet-Melon-.jpg 1181w, https:\/\/international.franceclat.fr\/wp-content\/uploads\/2024\/12\/Pichet-Melon--247x370.jpg 247w, https:\/\/international.franceclat.fr\/wp-content\/uploads\/2024\/12\/Pichet-Melon--682x1024.jpg 682w, https:\/\/international.franceclat.fr\/wp-content\/uploads\/2024\/12\/Pichet-Melon--768x1152.jpg 768w, https:\/\/international.franceclat.fr\/wp-content\/uploads\/2024\/12\/Pichet-Melon--1024x1536.jpg 1024w\" sizes=\"auto, (max-width: 1181px) 100vw, 1181px\" \/><span class=\"zoom\">Zoom<\/span><\/a><\/figure>\n\n\n\n<h3 class=\"wp-block-heading legende\">Le Pichet Melon<\/h3>\n<\/div>\n\n\n\n<div class=\"wp-block-column is-layout-flow wp-block-column-is-layout-flow\">\n<figure class=\"wp-block-image size-full zoom crop-img\"><a class=\"zoom\" data-pswp-width=\"800\" data-pswp-height=\"1200\" href=\"https:\/\/international.franceclat.fr\/wp-content\/uploads\/2024\/12\/Cruchons.jpg\"><img loading=\"lazy\" decoding=\"async\" width=\"800\" height=\"1200\" src=\"https:\/\/international.franceclat.fr\/wp-content\/uploads\/2024\/12\/Cruchons.jpg\" alt=\"\" class=\"wp-image-32594\" srcset=\"https:\/\/international.franceclat.fr\/wp-content\/uploads\/2024\/12\/Cruchons.jpg 800w, https:\/\/international.franceclat.fr\/wp-content\/uploads\/2024\/12\/Cruchons-247x370.jpg 247w, https:\/\/international.franceclat.fr\/wp-content\/uploads\/2024\/12\/Cruchons-683x1024.jpg 683w, https:\/\/international.franceclat.fr\/wp-content\/uploads\/2024\/12\/Cruchons-768x1152.jpg 768w\" sizes=\"auto, (max-width: 800px) 100vw, 800px\" \/><span class=\"zoom\">Zoom<\/span><\/a><\/figure>\n\n\n\n<h3 class=\"wp-block-heading legende\">Les Cruchons<\/h3>\n<\/div>\n\n\n\n<div class=\"wp-block-column is-layout-flow wp-block-column-is-layout-flow\">\n<figure class=\"wp-block-image size-full zoom\"><a class=\"zoom\" data-pswp-width=\"1707\" data-pswp-height=\"2560\" href=\"https:\/\/international.franceclat.fr\/wp-content\/uploads\/2024\/12\/Assiettes-scaled.jpg\"><img loading=\"lazy\" decoding=\"async\" width=\"1707\" height=\"2560\" src=\"https:\/\/international.franceclat.fr\/wp-content\/uploads\/2024\/12\/Assiettes-scaled.jpg\" alt=\"\" class=\"wp-image-32596\" srcset=\"https:\/\/international.franceclat.fr\/wp-content\/uploads\/2024\/12\/Assiettes-scaled.jpg 1707w, https:\/\/international.franceclat.fr\/wp-content\/uploads\/2024\/12\/Assiettes-247x370.jpg 247w, https:\/\/international.franceclat.fr\/wp-content\/uploads\/2024\/12\/Assiettes-683x1024.jpg 683w, https:\/\/international.franceclat.fr\/wp-content\/uploads\/2024\/12\/Assiettes-768x1152.jpg 768w, https:\/\/international.franceclat.fr\/wp-content\/uploads\/2024\/12\/Assiettes-1024x1536.jpg 1024w, https:\/\/international.franceclat.fr\/wp-content\/uploads\/2024\/12\/Assiettes-1365x2048.jpg 1365w\" sizes=\"auto, (max-width: 1707px) 100vw, 1707px\" \/><span class=\"zoom\">Zoom<\/span><\/a><\/figure>\n\n\n\n<h3 class=\"wp-block-heading legende\">Les Assiettes<\/h3>\n<\/div>\n<\/div>\n\n\n\n<div class=\"wp-block-columns iconic is-layout-flex wp-container-core-columns-is-layout-9d6595d7 wp-block-columns-is-layout-flex\">\n<div class=\"wp-block-column is-layout-flow wp-block-column-is-layout-flow\">\n<figure class=\"wp-block-image size-full zoom\"><a class=\"zoom\" data-pswp-width=\"1200\" data-pswp-height=\"1800\" href=\"https:\/\/international.franceclat.fr\/wp-content\/uploads\/2024\/12\/Terrine-Paris.jpg\"><img loading=\"lazy\" decoding=\"async\" width=\"1200\" height=\"1800\" src=\"https:\/\/international.franceclat.fr\/wp-content\/uploads\/2024\/12\/Terrine-Paris.jpg\" alt=\"\" class=\"wp-image-32598\" srcset=\"https:\/\/international.franceclat.fr\/wp-content\/uploads\/2024\/12\/Terrine-Paris.jpg 1200w, https:\/\/international.franceclat.fr\/wp-content\/uploads\/2024\/12\/Terrine-Paris-247x370.jpg 247w, https:\/\/international.franceclat.fr\/wp-content\/uploads\/2024\/12\/Terrine-Paris-683x1024.jpg 683w, https:\/\/international.franceclat.fr\/wp-content\/uploads\/2024\/12\/Terrine-Paris-768x1152.jpg 768w, https:\/\/international.franceclat.fr\/wp-content\/uploads\/2024\/12\/Terrine-Paris-1024x1536.jpg 1024w\" sizes=\"auto, (max-width: 1200px) 100vw, 1200px\" \/><span class=\"zoom\">Zoom<\/span><\/a><\/figure>\n\n\n\n<h3 class=\"wp-block-heading legende\">Terrines de Paris<\/h3>\n<\/div>\n\n\n\n<div class=\"wp-block-column is-layout-flow wp-block-column-is-layout-flow\">\n<figure class=\"wp-block-image size-full zoom\"><a class=\"zoom\" data-pswp-width=\"800\" data-pswp-height=\"1200\" href=\"https:\/\/international.franceclat.fr\/wp-content\/uploads\/2024\/12\/Jarre.jpg\"><img loading=\"lazy\" decoding=\"async\" width=\"800\" height=\"1200\" src=\"https:\/\/international.franceclat.fr\/wp-content\/uploads\/2024\/12\/Jarre.jpg\" alt=\"\" class=\"wp-image-32600\" srcset=\"https:\/\/international.franceclat.fr\/wp-content\/uploads\/2024\/12\/Jarre.jpg 800w, https:\/\/international.franceclat.fr\/wp-content\/uploads\/2024\/12\/Jarre-247x370.jpg 247w, https:\/\/international.franceclat.fr\/wp-content\/uploads\/2024\/12\/Jarre-683x1024.jpg 683w, https:\/\/international.franceclat.fr\/wp-content\/uploads\/2024\/12\/Jarre-768x1152.jpg 768w\" sizes=\"auto, (max-width: 800px) 100vw, 800px\" \/><span class=\"zoom\">Zoom<\/span><\/a><\/figure>\n\n\n\n<h3 class=\"wp-block-heading legende\">Jarres Proven\u00e7ales<\/h3>\n<\/div>\n\n\n\n<div class=\"wp-block-column is-layout-flow wp-block-column-is-layout-flow\">\n<h5 class=\"wp-block-heading legende\"><\/h5>\n<\/div>\n<\/div>\n","protected":false},"featured_media":32586,"template":"","labels-art-table":[87],"materiaux-art-table":[76,78],"clean":[],"produits-art-table":[74],"style-art-table":[84,83],"types-marque-art-table":[88],"class_list":["post-32585","marques-art-table","type-marques-art-table","status-publish","has-post-thumbnail","hentry","labels-art-table-entreprise-du-patrimoine-vivant","materiaux-art-table-autres-materiaux","materiaux-art-table-gres-et-autres-ceramiques","produits-art-table-vaisselle","style-art-table-beau-classique","style-art-table-contemporain","types-marque-art-table-marque-heritage"],"acf":[],"yoast_head":"<!-- This site is optimized with the Yoast SEO plugin v27.1.1 - https:\/\/yoast.com\/product\/yoast-seo-wordpress\/ -->\n<title>MANUFACTURE DE DIGOIN - FRANCECLAT INTERNATIONAL<\/title>\n<meta name=\"description\" content=\"La fabrique des gr\u00e8s et poteries de Digoin est \u00e0 l\u2019origine une entreprise artisanale et familiale fond\u00e9e en 1875, au bord du canal du centre en Bourgogne.\" \/>\n<meta name=\"robots\" content=\"index, follow, max-snippet:-1, max-image-preview:large, max-video-preview:-1\" \/>\n<link rel=\"canonical\" href=\"https:\/\/international.franceclat.fr\/fr\/marques-art-table\/manufacturededigoin\/\" \/>\n<meta property=\"og:locale\" content=\"fr_FR\" \/>\n<meta property=\"og:type\" content=\"article\" \/>\n<meta property=\"og:title\" content=\"MANUFACTURE DE DIGOIN - FRANCECLAT INTERNATIONAL\" \/>\n<meta property=\"og:description\" content=\"La fabrique des gr\u00e8s et poteries de Digoin est \u00e0 l\u2019origine une entreprise artisanale et familiale fond\u00e9e en 1875, au bord du canal du centre en Bourgogne.\" \/>\n<meta property=\"og:url\" content=\"https:\/\/international.franceclat.fr\/fr\/marques-art-table\/manufacturededigoin\/\" \/>\n<meta property=\"og:site_name\" content=\"FRANCECLAT INTERNATIONAL\" \/>\n<meta property=\"article:modified_time\" content=\"2025-03-24T10:38:43+00:00\" \/>\n<meta property=\"og:image\" content=\"https:\/\/international.franceclat.fr\/wp-content\/uploads\/2024\/12\/Ambiance-1.jpg\" \/>\n\t<meta property=\"og:image:width\" content=\"1152\" \/>\n\t<meta property=\"og:image:height\" content=\"768\" \/>\n\t<meta property=\"og:image:type\" content=\"image\/jpeg\" \/>\n<meta name=\"twitter:card\" content=\"summary_large_image\" \/>\n<meta name=\"twitter:label1\" content=\"Dur\u00e9e de lecture estim\u00e9e\" \/>\n\t<meta name=\"twitter:data1\" content=\"3 minutes\" \/>\n<script type=\"application\/ld+json\" class=\"yoast-schema-graph\">{\"@context\":\"https:\/\/schema.org\",\"@graph\":[{\"@type\":\"WebPage\",\"@id\":\"https:\/\/international.franceclat.fr\/fr\/marques-art-table\/manufacturededigoin\/\",\"url\":\"https:\/\/international.franceclat.fr\/fr\/marques-art-table\/manufacturededigoin\/\",\"name\":\"MANUFACTURE DE DIGOIN - FRANCECLAT INTERNATIONAL\",\"isPartOf\":{\"@id\":\"https:\/\/franceclat.votre-projet.com\/#website\"},\"primaryImageOfPage\":{\"@id\":\"https:\/\/international.franceclat.fr\/fr\/marques-art-table\/manufacturededigoin\/#primaryimage\"},\"image\":{\"@id\":\"https:\/\/international.franceclat.fr\/fr\/marques-art-table\/manufacturededigoin\/#primaryimage\"},\"thumbnailUrl\":\"https:\/\/international.franceclat.fr\/wp-content\/uploads\/2024\/12\/Ambiance-1.jpg\",\"datePublished\":\"2024-12-16T15:06:30+00:00\",\"dateModified\":\"2025-03-24T10:38:43+00:00\",\"description\":\"La fabrique des gr\u00e8s et poteries de Digoin est \u00e0 l\u2019origine une entreprise artisanale et familiale fond\u00e9e en 1875, au bord du canal du centre en Bourgogne.\",\"breadcrumb\":{\"@id\":\"https:\/\/international.franceclat.fr\/fr\/marques-art-table\/manufacturededigoin\/#breadcrumb\"},\"inLanguage\":\"fr-FR\",\"potentialAction\":[{\"@type\":\"ReadAction\",\"target\":[\"https:\/\/international.franceclat.fr\/fr\/marques-art-table\/manufacturededigoin\/\"]}]},{\"@type\":\"ImageObject\",\"inLanguage\":\"fr-FR\",\"@id\":\"https:\/\/international.franceclat.fr\/fr\/marques-art-table\/manufacturededigoin\/#primaryimage\",\"url\":\"https:\/\/international.franceclat.fr\/wp-content\/uploads\/2024\/12\/Ambiance-1.jpg\",\"contentUrl\":\"https:\/\/international.franceclat.fr\/wp-content\/uploads\/2024\/12\/Ambiance-1.jpg\",\"width\":1152,\"height\":768},{\"@type\":\"BreadcrumbList\",\"@id\":\"https:\/\/international.franceclat.fr\/fr\/marques-art-table\/manufacturededigoin\/#breadcrumb\",\"itemListElement\":[{\"@type\":\"ListItem\",\"position\":1,\"name\":\"Accueil\",\"item\":\"https:\/\/international.franceclat.fr\/fr\/\"},{\"@type\":\"ListItem\",\"position\":2,\"name\":\"MANUFACTURE DE DIGOIN\"}]},{\"@type\":\"WebSite\",\"@id\":\"https:\/\/franceclat.votre-projet.com\/#website\",\"url\":\"https:\/\/franceclat.votre-projet.com\/\",\"name\":\"Franc\u00e9clat international\",\"description\":\"The path to French excellence. Watches, Jewellery, Tableware.\",\"publisher\":{\"@id\":\"https:\/\/franceclat.votre-projet.com\/#organization\"},\"alternateName\":\"Franc\u00e9clat international\",\"potentialAction\":[{\"@type\":\"SearchAction\",\"target\":{\"@type\":\"EntryPoint\",\"urlTemplate\":\"https:\/\/franceclat.votre-projet.com\/?s={search_term_string}\"},\"query-input\":{\"@type\":\"PropertyValueSpecification\",\"valueRequired\":true,\"valueName\":\"search_term_string\"}}],\"inLanguage\":\"fr-FR\"},{\"@type\":\"Organization\",\"@id\":\"https:\/\/franceclat.votre-projet.com\/#organization\",\"name\":\"Franc\u00e9clat international\",\"url\":\"https:\/\/franceclat.votre-projet.com\/\",\"logo\":{\"@type\":\"ImageObject\",\"inLanguage\":\"fr-FR\",\"@id\":\"https:\/\/franceclat.votre-projet.com\/#\/schema\/logo\/image\/\",\"url\":\"https:\/\/international.franceclat.fr\/wp-content\/uploads\/2023\/02\/Logo-Franceclat.png\",\"contentUrl\":\"https:\/\/international.franceclat.fr\/wp-content\/uploads\/2023\/02\/Logo-Franceclat.png\",\"width\":1667,\"height\":1667,\"caption\":\"Franc\u00e9clat international\"},\"image\":{\"@id\":\"https:\/\/franceclat.votre-projet.com\/#\/schema\/logo\/image\/\"},\"sameAs\":[\"https:\/\/www.linkedin.com\/company\/franceclat-international\/\"]}]}<\/script>\n<!-- \/ Yoast SEO plugin. -->","yoast_head_json":{"title":"MANUFACTURE DE DIGOIN - FRANCECLAT INTERNATIONAL","description":"La fabrique des gr\u00e8s et poteries de Digoin est \u00e0 l\u2019origine une entreprise artisanale et familiale fond\u00e9e en 1875, au bord du canal du centre en Bourgogne.","robots":{"index":"index","follow":"follow","max-snippet":"max-snippet:-1","max-image-preview":"max-image-preview:large","max-video-preview":"max-video-preview:-1"},"canonical":"https:\/\/international.franceclat.fr\/fr\/marques-art-table\/manufacturededigoin\/","og_locale":"fr_FR","og_type":"article","og_title":"MANUFACTURE DE DIGOIN - FRANCECLAT INTERNATIONAL","og_description":"La fabrique des gr\u00e8s et poteries de Digoin est \u00e0 l\u2019origine une entreprise artisanale et familiale fond\u00e9e en 1875, au bord du canal du centre en Bourgogne.","og_url":"https:\/\/international.franceclat.fr\/fr\/marques-art-table\/manufacturededigoin\/","og_site_name":"FRANCECLAT INTERNATIONAL","article_modified_time":"2025-03-24T10:38:43+00:00","og_image":[{"width":1152,"height":768,"url":"https:\/\/international.franceclat.fr\/wp-content\/uploads\/2024\/12\/Ambiance-1.jpg","type":"image\/jpeg"}],"twitter_card":"summary_large_image","twitter_misc":{"Dur\u00e9e de lecture estim\u00e9e":"3 minutes"},"schema":{"@context":"https:\/\/schema.org","@graph":[{"@type":"WebPage","@id":"https:\/\/international.franceclat.fr\/fr\/marques-art-table\/manufacturededigoin\/","url":"https:\/\/international.franceclat.fr\/fr\/marques-art-table\/manufacturededigoin\/","name":"MANUFACTURE DE DIGOIN - FRANCECLAT INTERNATIONAL","isPartOf":{"@id":"https:\/\/franceclat.votre-projet.com\/#website"},"primaryImageOfPage":{"@id":"https:\/\/international.franceclat.fr\/fr\/marques-art-table\/manufacturededigoin\/#primaryimage"},"image":{"@id":"https:\/\/international.franceclat.fr\/fr\/marques-art-table\/manufacturededigoin\/#primaryimage"},"thumbnailUrl":"https:\/\/international.franceclat.fr\/wp-content\/uploads\/2024\/12\/Ambiance-1.jpg","datePublished":"2024-12-16T15:06:30+00:00","dateModified":"2025-03-24T10:38:43+00:00","description":"La fabrique des gr\u00e8s et poteries de Digoin est \u00e0 l\u2019origine une entreprise artisanale et familiale fond\u00e9e en 1875, au bord du canal du centre en Bourgogne.","breadcrumb":{"@id":"https:\/\/international.franceclat.fr\/fr\/marques-art-table\/manufacturededigoin\/#breadcrumb"},"inLanguage":"fr-FR","potentialAction":[{"@type":"ReadAction","target":["https:\/\/international.franceclat.fr\/fr\/marques-art-table\/manufacturededigoin\/"]}]},{"@type":"ImageObject","inLanguage":"fr-FR","@id":"https:\/\/international.franceclat.fr\/fr\/marques-art-table\/manufacturededigoin\/#primaryimage","url":"https:\/\/international.franceclat.fr\/wp-content\/uploads\/2024\/12\/Ambiance-1.jpg","contentUrl":"https:\/\/international.franceclat.fr\/wp-content\/uploads\/2024\/12\/Ambiance-1.jpg","width":1152,"height":768},{"@type":"BreadcrumbList","@id":"https:\/\/international.franceclat.fr\/fr\/marques-art-table\/manufacturededigoin\/#breadcrumb","itemListElement":[{"@type":"ListItem","position":1,"name":"Accueil","item":"https:\/\/international.franceclat.fr\/fr\/"},{"@type":"ListItem","position":2,"name":"MANUFACTURE DE DIGOIN"}]},{"@type":"WebSite","@id":"https:\/\/franceclat.votre-projet.com\/#website","url":"https:\/\/franceclat.votre-projet.com\/","name":"Franc\u00e9clat international","description":"The path to French excellence. Watches, Jewellery, Tableware.","publisher":{"@id":"https:\/\/franceclat.votre-projet.com\/#organization"},"alternateName":"Franc\u00e9clat international","potentialAction":[{"@type":"SearchAction","target":{"@type":"EntryPoint","urlTemplate":"https:\/\/franceclat.votre-projet.com\/?s={search_term_string}"},"query-input":{"@type":"PropertyValueSpecification","valueRequired":true,"valueName":"search_term_string"}}],"inLanguage":"fr-FR"},{"@type":"Organization","@id":"https:\/\/franceclat.votre-projet.com\/#organization","name":"Franc\u00e9clat international","url":"https:\/\/franceclat.votre-projet.com\/","logo":{"@type":"ImageObject","inLanguage":"fr-FR","@id":"https:\/\/franceclat.votre-projet.com\/#\/schema\/logo\/image\/","url":"https:\/\/international.franceclat.fr\/wp-content\/uploads\/2023\/02\/Logo-Franceclat.png","contentUrl":"https:\/\/international.franceclat.fr\/wp-content\/uploads\/2023\/02\/Logo-Franceclat.png","width":1667,"height":1667,"caption":"Franc\u00e9clat international"},"image":{"@id":"https:\/\/franceclat.votre-projet.com\/#\/schema\/logo\/image\/"},"sameAs":["https:\/\/www.linkedin.com\/company\/franceclat-international\/"]}]}},"_links":{"self":[{"href":"https:\/\/international.franceclat.fr\/fr\/wp-json\/wp\/v2\/marques-art-table\/32585","targetHints":{"allow":["GET"]}}],"collection":[{"href":"https:\/\/international.franceclat.fr\/fr\/wp-json\/wp\/v2\/marques-art-table"}],"about":[{"href":"https:\/\/international.franceclat.fr\/fr\/wp-json\/wp\/v2\/types\/marques-art-table"}],"wp:featuredmedia":[{"embeddable":true,"href":"https:\/\/international.franceclat.fr\/fr\/wp-json\/wp\/v2\/media\/32586"}],"wp:attachment":[{"href":"https:\/\/international.franceclat.fr\/fr\/wp-json\/wp\/v2\/media?parent=32585"}],"wp:term":[{"taxonomy":"labels-art-table","embeddable":true,"href":"https:\/\/international.franceclat.fr\/fr\/wp-json\/wp\/v2\/labels-art-table?post=32585"},{"taxonomy":"materiaux-art-table","embeddable":true,"href":"https:\/\/international.franceclat.fr\/fr\/wp-json\/wp\/v2\/materiaux-art-table?post=32585"},{"taxonomy":"clean","embeddable":true,"href":"https:\/\/international.franceclat.fr\/fr\/wp-json\/wp\/v2\/clean?post=32585"},{"taxonomy":"produits-art-table","embeddable":true,"href":"https:\/\/international.franceclat.fr\/fr\/wp-json\/wp\/v2\/produits-art-table?post=32585"},{"taxonomy":"style-art-table","embeddable":true,"href":"https:\/\/international.franceclat.fr\/fr\/wp-json\/wp\/v2\/style-art-table?post=32585"},{"taxonomy":"types-marque-art-table","embeddable":true,"href":"https:\/\/international.franceclat.fr\/fr\/wp-json\/wp\/v2\/types-marque-art-table?post=32585"}],"curies":[{"name":"wp","href":"https:\/\/api.w.org\/{rel}","templated":true}]}}