{"id":27427,"date":"2023-04-25T17:56:24","date_gmt":"2023-04-25T15:56:24","guid":{"rendered":"https:\/\/international.franceclat.fr\/?post_type=marques-bijouterie&#038;p=27427"},"modified":"2026-02-18T16:28:54","modified_gmt":"2026-02-18T15:28:54","slug":"celinni","status":"publish","type":"marques-bijouterie","link":"https:\/\/international.franceclat.fr\/fr\/marques-bijouterie\/celinni\/","title":{"rendered":"CELINNI"},"content":{"rendered":"\n<h2 class=\"wp-block-heading marque-slogan\">Joaillerie Fran\u00e7aise depuis 1967<\/h2>\n\n\n\n<p>Passionn\u00e9 par l'univers du diamant, j'ai suivi les traces de mon grand-p\u00e8re, qui m'a tout appris. En fondant la Maison Celinni, mon souhait est de partager ma passion, en rendant le produit le plus luxueux du monde accessible \u00e0 tous. Chez Celinni, nous mettons notre expertise au service de vos r\u00eaves.<\/p>\n\n\n\n<figure class=\"wp-block-image size-large zoom\"><a class=\"zoom\" data-pswp-width=\"1920\" data-pswp-height=\"1440\" href=\"https:\/\/international.franceclat.fr\/wp-content\/uploads\/2023\/04\/Alliance-et-Solitaire-Elle.jpg\"><img loading=\"lazy\" decoding=\"async\" width=\"1024\" height=\"768\" src=\"https:\/\/international.franceclat.fr\/wp-content\/uploads\/2023\/04\/Alliance-et-Solitaire-Elle-1024x768.jpg\" alt=\"Celinni _ visuel 1\" class=\"wp-image-45752\" srcset=\"https:\/\/international.franceclat.fr\/wp-content\/uploads\/2023\/04\/Alliance-et-Solitaire-Elle-1024x768.jpg 1024w, https:\/\/international.franceclat.fr\/wp-content\/uploads\/2023\/04\/Alliance-et-Solitaire-Elle-493x370.jpg 493w, https:\/\/international.franceclat.fr\/wp-content\/uploads\/2023\/04\/Alliance-et-Solitaire-Elle-768x576.jpg 768w, https:\/\/international.franceclat.fr\/wp-content\/uploads\/2023\/04\/Alliance-et-Solitaire-Elle-1536x1152.jpg 1536w, https:\/\/international.franceclat.fr\/wp-content\/uploads\/2023\/04\/Alliance-et-Solitaire-Elle-512x384.jpg 512w, https:\/\/international.franceclat.fr\/wp-content\/uploads\/2023\/04\/Alliance-et-Solitaire-Elle-500x375.jpg 500w, https:\/\/international.franceclat.fr\/wp-content\/uploads\/2023\/04\/Alliance-et-Solitaire-Elle.jpg 1920w\" sizes=\"auto, (max-width: 1024px) 100vw, 1024px\" \/><span class=\"zoom\">Zoom<\/span><\/a><\/figure>\n\n\n\n<div class=\"wp-block-columns is-layout-flex wp-container-core-columns-is-layout-9d6595d7 wp-block-columns-is-layout-flex\">\n<div class=\"wp-block-column is-layout-flow wp-block-column-is-layout-flow\">\n<figure class=\"wp-block-image size-large zoom\"><a class=\"zoom\" data-pswp-width=\"1920\" data-pswp-height=\"1440\" href=\"https:\/\/international.franceclat.fr\/wp-content\/uploads\/2023\/04\/Alliance-Prestige.jpg\"><img loading=\"lazy\" decoding=\"async\" width=\"1024\" height=\"768\" src=\"https:\/\/international.franceclat.fr\/wp-content\/uploads\/2023\/04\/Alliance-Prestige-1024x768.jpg\" alt=\"Celinni _ visuel 2\" class=\"wp-image-45754\" srcset=\"https:\/\/international.franceclat.fr\/wp-content\/uploads\/2023\/04\/Alliance-Prestige-1024x768.jpg 1024w, https:\/\/international.franceclat.fr\/wp-content\/uploads\/2023\/04\/Alliance-Prestige-493x370.jpg 493w, https:\/\/international.franceclat.fr\/wp-content\/uploads\/2023\/04\/Alliance-Prestige-768x576.jpg 768w, https:\/\/international.franceclat.fr\/wp-content\/uploads\/2023\/04\/Alliance-Prestige-1536x1152.jpg 1536w, https:\/\/international.franceclat.fr\/wp-content\/uploads\/2023\/04\/Alliance-Prestige-512x384.jpg 512w, https:\/\/international.franceclat.fr\/wp-content\/uploads\/2023\/04\/Alliance-Prestige-500x375.jpg 500w, https:\/\/international.franceclat.fr\/wp-content\/uploads\/2023\/04\/Alliance-Prestige.jpg 1920w\" sizes=\"auto, (max-width: 1024px) 100vw, 1024px\" \/><span class=\"zoom\">Zoom<\/span><\/a><\/figure>\n<\/div>\n\n\n\n<div class=\"wp-block-column is-layout-flow wp-block-column-is-layout-flow\">\n<figure class=\"wp-block-image size-large zoom\"><a class=\"zoom\" data-pswp-width=\"1920\" data-pswp-height=\"1440\" href=\"https:\/\/international.franceclat.fr\/wp-content\/uploads\/2023\/04\/Alliances_Solitaire-Celinni.jpg\"><img loading=\"lazy\" decoding=\"async\" width=\"1024\" height=\"768\" src=\"https:\/\/international.franceclat.fr\/wp-content\/uploads\/2023\/04\/Alliances_Solitaire-Celinni-1024x768.jpg\" alt=\"Celinni _ visuel 3\" class=\"wp-image-45756\" srcset=\"https:\/\/international.franceclat.fr\/wp-content\/uploads\/2023\/04\/Alliances_Solitaire-Celinni-1024x768.jpg 1024w, https:\/\/international.franceclat.fr\/wp-content\/uploads\/2023\/04\/Alliances_Solitaire-Celinni-493x370.jpg 493w, https:\/\/international.franceclat.fr\/wp-content\/uploads\/2023\/04\/Alliances_Solitaire-Celinni-768x576.jpg 768w, https:\/\/international.franceclat.fr\/wp-content\/uploads\/2023\/04\/Alliances_Solitaire-Celinni-1536x1152.jpg 1536w, https:\/\/international.franceclat.fr\/wp-content\/uploads\/2023\/04\/Alliances_Solitaire-Celinni-512x384.jpg 512w, https:\/\/international.franceclat.fr\/wp-content\/uploads\/2023\/04\/Alliances_Solitaire-Celinni-500x375.jpg 500w, https:\/\/international.franceclat.fr\/wp-content\/uploads\/2023\/04\/Alliances_Solitaire-Celinni.jpg 1920w\" sizes=\"auto, (max-width: 1024px) 100vw, 1024px\" \/><span class=\"zoom\">Zoom<\/span><\/a><\/figure>\n<\/div>\n<\/div>\n\n\n\n<p>Sa d\u00e9termination, son expertise, sa passion pour les diamants, son amour pour les belles histoires, c'est tout ce dont David Sussman, fondateur de la Maison Celinni h\u00e9ritera de son grand-p\u00e8re. <\/p>\n\n\n\n<p>Un h\u00e9ritage, qu'il ch\u00e9rit chaque jour, et transmet \u00e0 son \u00e9quipe au quotidien. <\/p>\n\n\n\n<p>Depuis le d\u00e9but de son existence, la Maison Celinni se positionne sur un cr\u00e9neau particulier : proposer ses bijoux, ses diamants et ses pierres pr\u00e9cieuses \u00e0 des prix imbattables. En tant que plus jeune membre du Brut d'Anvers, la Maison Celinni dispose de diamants uniques, rares et certifi\u00e9s, sourc\u00e9s directement sur les bourses diamantaires les plus prestigieuses, ce qui permet de proposer l'offre la plus large et la moins ch\u00e8re du march\u00e9. <\/p>\n\n\n\n<p>Transparence et responsabilit\u00e9 sont les ma\u00eetres mots de la Maison, nous choisissons donc avec soin les meilleurs fournisseurs, certifi\u00e9s par des organismes non-gouvernementaux reconnus : RJC (Responsible Jewelry Council), Kimberly Process et BPP (Best Practice Principe), ou COC (Chain of Custody), qui garantissent entre autres la protection des droits de l\u2019Homme et de l\u2019environnement, l\u2019importation de diamants \u00ab conflict free \u00bb, l\u2019\u00e9viction de la corruption. <\/p>\n\n\n\n<p>Soucieuse de satisfaire toutes les exigences d\u2019excellence de ses clients, la Maison Celinni propose la fabrication en direct de ses ateliers, et un service de personnalisation des bijoux tr\u00e8s pointu. Depuis la gravure, jusqu\u2019\u00e0 la cr\u00e9ation compl\u00e8te d\u2019un bijou sur-mesure, chez Celinni, tout est possible.<\/p>\n\n\n\n<hr class=\"wp-block-separator has-alpha-channel-opacity separator-thin\"\/>\n\n\n\n<h2 class=\"wp-block-heading\">Mod\u00e8les iconiques<\/h2>\n\n\n\n<div class=\"wp-block-columns iconic is-layout-flex wp-container-core-columns-is-layout-9d6595d7 wp-block-columns-is-layout-flex\">\n<div class=\"wp-block-column is-layout-flow wp-block-column-is-layout-flow\">\n<figure class=\"wp-block-image size-full zoom\"><a class=\"zoom\" data-pswp-width=\"750\" data-pswp-height=\"560\" href=\"https:\/\/international.franceclat.fr\/wp-content\/uploads\/2023\/04\/Boucles-doreilles-Ma-Vie.jpg\"><img loading=\"lazy\" decoding=\"async\" width=\"750\" height=\"560\" src=\"https:\/\/international.franceclat.fr\/wp-content\/uploads\/2023\/04\/Boucles-doreilles-Ma-Vie.jpg\" alt=\"Celinni - Boucles d'oreille diamant rond Halo Ma Vie\" class=\"wp-image-45761\" srcset=\"https:\/\/international.franceclat.fr\/wp-content\/uploads\/2023\/04\/Boucles-doreilles-Ma-Vie.jpg 750w, https:\/\/international.franceclat.fr\/wp-content\/uploads\/2023\/04\/Boucles-doreilles-Ma-Vie-496x370.jpg 496w, https:\/\/international.franceclat.fr\/wp-content\/uploads\/2023\/04\/Boucles-doreilles-Ma-Vie-500x373.jpg 500w\" sizes=\"auto, (max-width: 750px) 100vw, 750px\" \/><span class=\"zoom\">Zoom<\/span><\/a><\/figure>\n\n\n\n<h3 class=\"wp-block-heading legende\">Boucles d'oreille diamant rond Halo Ma Vie<\/h3>\n<\/div>\n\n\n\n<div class=\"wp-block-column is-layout-flow wp-block-column-is-layout-flow\">\n<figure class=\"wp-block-image size-full zoom\"><a class=\"zoom\" data-pswp-width=\"750\" data-pswp-height=\"560\" href=\"https:\/\/international.franceclat.fr\/wp-content\/uploads\/2023\/04\/Solitaire-Parisienne-Paulina.jpg\"><img loading=\"lazy\" decoding=\"async\" width=\"750\" height=\"560\" src=\"https:\/\/international.franceclat.fr\/wp-content\/uploads\/2023\/04\/Solitaire-Parisienne-Paulina.jpg\" alt=\"Celinni - Bague solitaire parisienne Paulina\" class=\"wp-image-45759\" srcset=\"https:\/\/international.franceclat.fr\/wp-content\/uploads\/2023\/04\/Solitaire-Parisienne-Paulina.jpg 750w, https:\/\/international.franceclat.fr\/wp-content\/uploads\/2023\/04\/Solitaire-Parisienne-Paulina-496x370.jpg 496w, https:\/\/international.franceclat.fr\/wp-content\/uploads\/2023\/04\/Solitaire-Parisienne-Paulina-500x373.jpg 500w\" sizes=\"auto, (max-width: 750px) 100vw, 750px\" \/><span class=\"zoom\">Zoom<\/span><\/a><\/figure>\n\n\n\n<h3 class=\"wp-block-heading legende\">Bague solitaire parisienne Paulina<\/h3>\n<\/div>\n\n\n\n<div class=\"wp-block-column is-layout-flow wp-block-column-is-layout-flow\">\n<figure class=\"wp-block-image size-full zoom\"><a class=\"zoom\" data-pswp-width=\"750\" data-pswp-height=\"560\" href=\"https:\/\/international.franceclat.fr\/wp-content\/uploads\/2023\/04\/Demi-alliance-Promesse.png\"><img loading=\"lazy\" decoding=\"async\" width=\"750\" height=\"560\" src=\"https:\/\/international.franceclat.fr\/wp-content\/uploads\/2023\/04\/Demi-alliance-Promesse.png\" alt=\"\" class=\"wp-image-27315\" srcset=\"https:\/\/international.franceclat.fr\/wp-content\/uploads\/2023\/04\/Demi-alliance-Promesse.png 750w, https:\/\/international.franceclat.fr\/wp-content\/uploads\/2023\/04\/Demi-alliance-Promesse-496x370.png 496w\" sizes=\"auto, (max-width: 750px) 100vw, 750px\" \/><span class=\"zoom\">Zoom<\/span><\/a><\/figure>\n\n\n\n<h3 class=\"wp-block-heading legende\">Demi alliance 7 diamants Promesse<\/h3>\n<\/div>\n<\/div>\n\n\n\n<div class=\"wp-block-columns iconic is-layout-flex wp-container-core-columns-is-layout-9d6595d7 wp-block-columns-is-layout-flex\">\n<div class=\"wp-block-column is-layout-flow wp-block-column-is-layout-flow\">\n<figure class=\"wp-block-image size-full zoom\"><a class=\"zoom\" data-pswp-width=\"750\" data-pswp-height=\"560\" href=\"https:\/\/international.franceclat.fr\/wp-content\/uploads\/2023\/04\/Pendentif-Ma-Vie-.png\"><img loading=\"lazy\" decoding=\"async\" width=\"750\" height=\"560\" src=\"https:\/\/international.franceclat.fr\/wp-content\/uploads\/2023\/04\/Pendentif-Ma-Vie-.png\" alt=\"\" class=\"wp-image-27317\" srcset=\"https:\/\/international.franceclat.fr\/wp-content\/uploads\/2023\/04\/Pendentif-Ma-Vie-.png 750w, https:\/\/international.franceclat.fr\/wp-content\/uploads\/2023\/04\/Pendentif-Ma-Vie--496x370.png 496w\" sizes=\"auto, (max-width: 750px) 100vw, 750px\" \/><span class=\"zoom\">Zoom<\/span><\/a><\/figure>\n\n\n\n<h3 class=\"wp-block-heading legende\">Pendentif diamant rond Halo Ma Vie<\/h3>\n<\/div>\n\n\n\n<div class=\"wp-block-column is-layout-flow wp-block-column-is-layout-flow\">\n<figure class=\"wp-block-image size-full zoom\"><a class=\"zoom\" data-pswp-width=\"750\" data-pswp-height=\"560\" href=\"https:\/\/international.franceclat.fr\/wp-content\/uploads\/2023\/04\/Solitaire-Elle-rond.png\"><img loading=\"lazy\" decoding=\"async\" width=\"750\" height=\"560\" src=\"https:\/\/international.franceclat.fr\/wp-content\/uploads\/2023\/04\/Solitaire-Elle-rond.png\" alt=\"\" class=\"wp-image-27319\" srcset=\"https:\/\/international.franceclat.fr\/wp-content\/uploads\/2023\/04\/Solitaire-Elle-rond.png 750w, https:\/\/international.franceclat.fr\/wp-content\/uploads\/2023\/04\/Solitaire-Elle-rond-496x370.png 496w\" sizes=\"auto, (max-width: 750px) 100vw, 750px\" \/><span class=\"zoom\">Zoom<\/span><\/a><\/figure>\n\n\n\n<h3 class=\"wp-block-heading legende\">Bague de fian\u00e7ailles diamant rond Elle<\/h3>\n<\/div>\n\n\n\n<div class=\"wp-block-column is-layout-flow wp-block-column-is-layout-flow\">\n<figure class=\"wp-block-image size-full zoom\"><a class=\"zoom\" data-pswp-width=\"750\" data-pswp-height=\"560\" href=\"https:\/\/international.franceclat.fr\/wp-content\/uploads\/2023\/04\/Solitaire-ma-Vie-coussin.png\"><img loading=\"lazy\" decoding=\"async\" width=\"750\" height=\"560\" src=\"https:\/\/international.franceclat.fr\/wp-content\/uploads\/2023\/04\/Solitaire-ma-Vie-coussin.png\" alt=\"\" class=\"wp-image-27321\" srcset=\"https:\/\/international.franceclat.fr\/wp-content\/uploads\/2023\/04\/Solitaire-ma-Vie-coussin.png 750w, https:\/\/international.franceclat.fr\/wp-content\/uploads\/2023\/04\/Solitaire-ma-Vie-coussin-496x370.png 496w\" sizes=\"auto, (max-width: 750px) 100vw, 750px\" \/><span class=\"zoom\">Zoom<\/span><\/a><\/figure>\n\n\n\n<h3 class=\"wp-block-heading legende\">Bague de fian\u00e7ailles diamant coussin Ma Vie<\/h3>\n<\/div>\n<\/div>\n","protected":false},"featured_media":45752,"template":"","labels-bijouterie":[],"materiaux-bijouterie":[63,65],"clean":[],"produits_bijouterie":[61,62],"style-bijouterie":[67,66],"types_de_marque_bijouterie":[71],"class_list":["post-27427","marques-bijouterie","type-marques-bijouterie","status-publish","has-post-thumbnail","hentry","materiaux-bijouterie-autres-materiaux","materiaux-bijouterie-or-et-platine","produits_bijouterie-bijouterie","produits_bijouterie-joaillerie","style-bijouterie-beau-classique","style-bijouterie-contemporain","types_de_marque_bijouterie-marque-heritage"],"acf":[],"yoast_head":"<!-- This site is optimized with the Yoast SEO plugin v27.1.1 - https:\/\/yoast.com\/product\/yoast-seo-wordpress\/ -->\n<title>CELINNI - FRANCECLAT INTERNATIONAL<\/title>\n<meta name=\"description\" content=\"Depuis le d\u00e9but de son existence, la Maison Celinni se positionne sur un cr\u00e9neau particulier : proposer ses bijoux, ses diamants et ses pierres pr\u00e9cieuses \u00e0 des prix imbattables.\" \/>\n<meta name=\"robots\" content=\"index, follow, max-snippet:-1, max-image-preview:large, max-video-preview:-1\" \/>\n<link rel=\"canonical\" href=\"https:\/\/international.franceclat.fr\/fr\/marques-bijouterie\/celinni\/\" \/>\n<meta property=\"og:locale\" content=\"fr_FR\" \/>\n<meta property=\"og:type\" content=\"article\" \/>\n<meta property=\"og:title\" content=\"CELINNI - FRANCECLAT INTERNATIONAL\" \/>\n<meta property=\"og:description\" content=\"Depuis le d\u00e9but de son existence, la Maison Celinni se positionne sur un cr\u00e9neau particulier : proposer ses bijoux, ses diamants et ses pierres pr\u00e9cieuses \u00e0 des prix imbattables.\" \/>\n<meta property=\"og:url\" content=\"https:\/\/international.franceclat.fr\/fr\/marques-bijouterie\/celinni\/\" \/>\n<meta property=\"og:site_name\" content=\"FRANCECLAT INTERNATIONAL\" \/>\n<meta property=\"article:modified_time\" content=\"2026-02-18T15:28:54+00:00\" \/>\n<meta property=\"og:image\" content=\"https:\/\/international.franceclat.fr\/wp-content\/uploads\/2023\/04\/Alliance-et-Solitaire-Elle.jpg\" \/>\n\t<meta property=\"og:image:width\" content=\"1920\" \/>\n\t<meta property=\"og:image:height\" content=\"1440\" \/>\n\t<meta property=\"og:image:type\" content=\"image\/jpeg\" \/>\n<meta name=\"twitter:card\" content=\"summary_large_image\" \/>\n<meta name=\"twitter:label1\" content=\"Dur\u00e9e de lecture estim\u00e9e\" \/>\n\t<meta name=\"twitter:data1\" content=\"5 minutes\" \/>\n<script type=\"application\/ld+json\" class=\"yoast-schema-graph\">{\"@context\":\"https:\/\/schema.org\",\"@graph\":[{\"@type\":\"WebPage\",\"@id\":\"https:\/\/international.franceclat.fr\/fr\/marques-bijouterie\/celinni\/\",\"url\":\"https:\/\/international.franceclat.fr\/fr\/marques-bijouterie\/celinni\/\",\"name\":\"CELINNI - FRANCECLAT INTERNATIONAL\",\"isPartOf\":{\"@id\":\"https:\/\/franceclat.votre-projet.com\/#website\"},\"primaryImageOfPage\":{\"@id\":\"https:\/\/international.franceclat.fr\/fr\/marques-bijouterie\/celinni\/#primaryimage\"},\"image\":{\"@id\":\"https:\/\/international.franceclat.fr\/fr\/marques-bijouterie\/celinni\/#primaryimage\"},\"thumbnailUrl\":\"https:\/\/international.franceclat.fr\/wp-content\/uploads\/2023\/04\/Alliance-et-Solitaire-Elle.jpg\",\"datePublished\":\"2023-04-25T15:56:24+00:00\",\"dateModified\":\"2026-02-18T15:28:54+00:00\",\"description\":\"Depuis le d\u00e9but de son existence, la Maison Celinni se positionne sur un cr\u00e9neau particulier : proposer ses bijoux, ses diamants et ses pierres pr\u00e9cieuses \u00e0 des prix imbattables.\",\"breadcrumb\":{\"@id\":\"https:\/\/international.franceclat.fr\/fr\/marques-bijouterie\/celinni\/#breadcrumb\"},\"inLanguage\":\"fr-FR\",\"potentialAction\":[{\"@type\":\"ReadAction\",\"target\":[\"https:\/\/international.franceclat.fr\/fr\/marques-bijouterie\/celinni\/\"]}]},{\"@type\":\"ImageObject\",\"inLanguage\":\"fr-FR\",\"@id\":\"https:\/\/international.franceclat.fr\/fr\/marques-bijouterie\/celinni\/#primaryimage\",\"url\":\"https:\/\/international.franceclat.fr\/wp-content\/uploads\/2023\/04\/Alliance-et-Solitaire-Elle.jpg\",\"contentUrl\":\"https:\/\/international.franceclat.fr\/wp-content\/uploads\/2023\/04\/Alliance-et-Solitaire-Elle.jpg\",\"width\":1920,\"height\":1440,\"caption\":\"Celinni _ visuel 1\"},{\"@type\":\"BreadcrumbList\",\"@id\":\"https:\/\/international.franceclat.fr\/fr\/marques-bijouterie\/celinni\/#breadcrumb\",\"itemListElement\":[{\"@type\":\"ListItem\",\"position\":1,\"name\":\"Accueil\",\"item\":\"https:\/\/international.franceclat.fr\/fr\/\"},{\"@type\":\"ListItem\",\"position\":2,\"name\":\"CELINNI\"}]},{\"@type\":\"WebSite\",\"@id\":\"https:\/\/franceclat.votre-projet.com\/#website\",\"url\":\"https:\/\/franceclat.votre-projet.com\/\",\"name\":\"Franc\u00e9clat international\",\"description\":\"The path to French excellence. Watches, Jewellery, Tableware.\",\"publisher\":{\"@id\":\"https:\/\/franceclat.votre-projet.com\/#organization\"},\"alternateName\":\"Franc\u00e9clat international\",\"potentialAction\":[{\"@type\":\"SearchAction\",\"target\":{\"@type\":\"EntryPoint\",\"urlTemplate\":\"https:\/\/franceclat.votre-projet.com\/?s={search_term_string}\"},\"query-input\":{\"@type\":\"PropertyValueSpecification\",\"valueRequired\":true,\"valueName\":\"search_term_string\"}}],\"inLanguage\":\"fr-FR\"},{\"@type\":\"Organization\",\"@id\":\"https:\/\/franceclat.votre-projet.com\/#organization\",\"name\":\"Franc\u00e9clat international\",\"url\":\"https:\/\/franceclat.votre-projet.com\/\",\"logo\":{\"@type\":\"ImageObject\",\"inLanguage\":\"fr-FR\",\"@id\":\"https:\/\/franceclat.votre-projet.com\/#\/schema\/logo\/image\/\",\"url\":\"https:\/\/international.franceclat.fr\/wp-content\/uploads\/2023\/02\/Logo-Franceclat.png\",\"contentUrl\":\"https:\/\/international.franceclat.fr\/wp-content\/uploads\/2023\/02\/Logo-Franceclat.png\",\"width\":1667,\"height\":1667,\"caption\":\"Franc\u00e9clat international\"},\"image\":{\"@id\":\"https:\/\/franceclat.votre-projet.com\/#\/schema\/logo\/image\/\"},\"sameAs\":[\"https:\/\/www.linkedin.com\/company\/franceclat-international\/\"]}]}<\/script>\n<!-- \/ Yoast SEO plugin. -->","yoast_head_json":{"title":"CELINNI - FRANCECLAT INTERNATIONAL","description":"Depuis le d\u00e9but de son existence, la Maison Celinni se positionne sur un cr\u00e9neau particulier : proposer ses bijoux, ses diamants et ses pierres pr\u00e9cieuses \u00e0 des prix imbattables.","robots":{"index":"index","follow":"follow","max-snippet":"max-snippet:-1","max-image-preview":"max-image-preview:large","max-video-preview":"max-video-preview:-1"},"canonical":"https:\/\/international.franceclat.fr\/fr\/marques-bijouterie\/celinni\/","og_locale":"fr_FR","og_type":"article","og_title":"CELINNI - FRANCECLAT INTERNATIONAL","og_description":"Depuis le d\u00e9but de son existence, la Maison Celinni se positionne sur un cr\u00e9neau particulier : proposer ses bijoux, ses diamants et ses pierres pr\u00e9cieuses \u00e0 des prix imbattables.","og_url":"https:\/\/international.franceclat.fr\/fr\/marques-bijouterie\/celinni\/","og_site_name":"FRANCECLAT INTERNATIONAL","article_modified_time":"2026-02-18T15:28:54+00:00","og_image":[{"width":1920,"height":1440,"url":"https:\/\/international.franceclat.fr\/wp-content\/uploads\/2023\/04\/Alliance-et-Solitaire-Elle.jpg","type":"image\/jpeg"}],"twitter_card":"summary_large_image","twitter_misc":{"Dur\u00e9e de lecture estim\u00e9e":"5 minutes"},"schema":{"@context":"https:\/\/schema.org","@graph":[{"@type":"WebPage","@id":"https:\/\/international.franceclat.fr\/fr\/marques-bijouterie\/celinni\/","url":"https:\/\/international.franceclat.fr\/fr\/marques-bijouterie\/celinni\/","name":"CELINNI - FRANCECLAT INTERNATIONAL","isPartOf":{"@id":"https:\/\/franceclat.votre-projet.com\/#website"},"primaryImageOfPage":{"@id":"https:\/\/international.franceclat.fr\/fr\/marques-bijouterie\/celinni\/#primaryimage"},"image":{"@id":"https:\/\/international.franceclat.fr\/fr\/marques-bijouterie\/celinni\/#primaryimage"},"thumbnailUrl":"https:\/\/international.franceclat.fr\/wp-content\/uploads\/2023\/04\/Alliance-et-Solitaire-Elle.jpg","datePublished":"2023-04-25T15:56:24+00:00","dateModified":"2026-02-18T15:28:54+00:00","description":"Depuis le d\u00e9but de son existence, la Maison Celinni se positionne sur un cr\u00e9neau particulier : proposer ses bijoux, ses diamants et ses pierres pr\u00e9cieuses \u00e0 des prix imbattables.","breadcrumb":{"@id":"https:\/\/international.franceclat.fr\/fr\/marques-bijouterie\/celinni\/#breadcrumb"},"inLanguage":"fr-FR","potentialAction":[{"@type":"ReadAction","target":["https:\/\/international.franceclat.fr\/fr\/marques-bijouterie\/celinni\/"]}]},{"@type":"ImageObject","inLanguage":"fr-FR","@id":"https:\/\/international.franceclat.fr\/fr\/marques-bijouterie\/celinni\/#primaryimage","url":"https:\/\/international.franceclat.fr\/wp-content\/uploads\/2023\/04\/Alliance-et-Solitaire-Elle.jpg","contentUrl":"https:\/\/international.franceclat.fr\/wp-content\/uploads\/2023\/04\/Alliance-et-Solitaire-Elle.jpg","width":1920,"height":1440,"caption":"Celinni _ visuel 1"},{"@type":"BreadcrumbList","@id":"https:\/\/international.franceclat.fr\/fr\/marques-bijouterie\/celinni\/#breadcrumb","itemListElement":[{"@type":"ListItem","position":1,"name":"Accueil","item":"https:\/\/international.franceclat.fr\/fr\/"},{"@type":"ListItem","position":2,"name":"CELINNI"}]},{"@type":"WebSite","@id":"https:\/\/franceclat.votre-projet.com\/#website","url":"https:\/\/franceclat.votre-projet.com\/","name":"Franc\u00e9clat international","description":"The path to French excellence. Watches, Jewellery, Tableware.","publisher":{"@id":"https:\/\/franceclat.votre-projet.com\/#organization"},"alternateName":"Franc\u00e9clat international","potentialAction":[{"@type":"SearchAction","target":{"@type":"EntryPoint","urlTemplate":"https:\/\/franceclat.votre-projet.com\/?s={search_term_string}"},"query-input":{"@type":"PropertyValueSpecification","valueRequired":true,"valueName":"search_term_string"}}],"inLanguage":"fr-FR"},{"@type":"Organization","@id":"https:\/\/franceclat.votre-projet.com\/#organization","name":"Franc\u00e9clat international","url":"https:\/\/franceclat.votre-projet.com\/","logo":{"@type":"ImageObject","inLanguage":"fr-FR","@id":"https:\/\/franceclat.votre-projet.com\/#\/schema\/logo\/image\/","url":"https:\/\/international.franceclat.fr\/wp-content\/uploads\/2023\/02\/Logo-Franceclat.png","contentUrl":"https:\/\/international.franceclat.fr\/wp-content\/uploads\/2023\/02\/Logo-Franceclat.png","width":1667,"height":1667,"caption":"Franc\u00e9clat international"},"image":{"@id":"https:\/\/franceclat.votre-projet.com\/#\/schema\/logo\/image\/"},"sameAs":["https:\/\/www.linkedin.com\/company\/franceclat-international\/"]}]}},"_links":{"self":[{"href":"https:\/\/international.franceclat.fr\/fr\/wp-json\/wp\/v2\/marques-bijouterie\/27427","targetHints":{"allow":["GET"]}}],"collection":[{"href":"https:\/\/international.franceclat.fr\/fr\/wp-json\/wp\/v2\/marques-bijouterie"}],"about":[{"href":"https:\/\/international.franceclat.fr\/fr\/wp-json\/wp\/v2\/types\/marques-bijouterie"}],"wp:featuredmedia":[{"embeddable":true,"href":"https:\/\/international.franceclat.fr\/fr\/wp-json\/wp\/v2\/media\/45752"}],"wp:attachment":[{"href":"https:\/\/international.franceclat.fr\/fr\/wp-json\/wp\/v2\/media?parent=27427"}],"wp:term":[{"taxonomy":"labels-bijouterie","embeddable":true,"href":"https:\/\/international.franceclat.fr\/fr\/wp-json\/wp\/v2\/labels-bijouterie?post=27427"},{"taxonomy":"materiaux-bijouterie","embeddable":true,"href":"https:\/\/international.franceclat.fr\/fr\/wp-json\/wp\/v2\/materiaux-bijouterie?post=27427"},{"taxonomy":"clean","embeddable":true,"href":"https:\/\/international.franceclat.fr\/fr\/wp-json\/wp\/v2\/clean?post=27427"},{"taxonomy":"produits_bijouterie","embeddable":true,"href":"https:\/\/international.franceclat.fr\/fr\/wp-json\/wp\/v2\/produits_bijouterie?post=27427"},{"taxonomy":"style-bijouterie","embeddable":true,"href":"https:\/\/international.franceclat.fr\/fr\/wp-json\/wp\/v2\/style-bijouterie?post=27427"},{"taxonomy":"types_de_marque_bijouterie","embeddable":true,"href":"https:\/\/international.franceclat.fr\/fr\/wp-json\/wp\/v2\/types_de_marque_bijouterie?post=27427"}],"curies":[{"name":"wp","href":"https:\/\/api.w.org\/{rel}","templated":true}]}}