{"id":28157,"date":"2023-07-13T17:58:27","date_gmt":"2023-07-13T15:58:27","guid":{"rendered":"https:\/\/international.franceclat.fr\/marques-bijouterie\/sibylle-von-munster\/"},"modified":"2025-03-31T17:14:33","modified_gmt":"2025-03-31T15:14:33","slug":"sibylle-von-munster","status":"publish","type":"marques-bijouterie","link":"https:\/\/international.franceclat.fr\/fr\/marques-bijouterie\/sibylle-von-munster\/","title":{"rendered":"SIBYLLE VON M\u00dcNSTER"},"content":{"rendered":"\n<h2 class=\"wp-block-heading\">Miniatures architecturales<\/h2>\n\n\n\n<figure class=\"wp-block-image size-large zoom\"><a class=\"zoom\" data-pswp-width=\"1551\" data-pswp-height=\"1163\" href=\"https:\/\/international.franceclat.fr\/wp-content\/uploads\/2023\/07\/FRAGMENT-RING.jpg\"><img loading=\"lazy\" decoding=\"async\" width=\"1551\" height=\"1163\" src=\"https:\/\/international.franceclat.fr\/wp-content\/uploads\/2023\/07\/FRAGMENT-RING-edited.jpg\" alt=\"\" class=\"wp-image-28154\" srcset=\"https:\/\/international.franceclat.fr\/wp-content\/uploads\/2023\/07\/FRAGMENT-RING-edited.jpg 1551w, https:\/\/international.franceclat.fr\/wp-content\/uploads\/2023\/07\/FRAGMENT-RING-edited-493x370.jpg 493w, https:\/\/international.franceclat.fr\/wp-content\/uploads\/2023\/07\/FRAGMENT-RING-edited-1024x768.jpg 1024w, https:\/\/international.franceclat.fr\/wp-content\/uploads\/2023\/07\/FRAGMENT-RING-edited-768x576.jpg 768w, https:\/\/international.franceclat.fr\/wp-content\/uploads\/2023\/07\/FRAGMENT-RING-edited-1536x1152.jpg 1536w\" sizes=\"auto, (max-width: 1551px) 100vw, 1551px\" \/><span class=\"zoom\">Zoom<\/span><\/a><\/figure>\n\n\n\n<div class=\"wp-block-columns is-layout-flex wp-container-core-columns-is-layout-9d6595d7 wp-block-columns-is-layout-flex\">\n<div class=\"wp-block-column is-layout-flow wp-block-column-is-layout-flow\">\n<figure class=\"wp-block-image size-large zoom\"><a class=\"zoom\" data-pswp-width=\"1690\" data-pswp-height=\"1690\" href=\"https:\/\/international.franceclat.fr\/wp-content\/uploads\/2023\/07\/DOUBLE-FRAGMENT-RING.jpg\"><img loading=\"lazy\" decoding=\"async\" width=\"1024\" height=\"1024\" src=\"https:\/\/international.franceclat.fr\/wp-content\/uploads\/2023\/07\/DOUBLE-FRAGMENT-RING-1024x1024.jpg\" alt=\"\" class=\"wp-image-28138\" srcset=\"https:\/\/international.franceclat.fr\/wp-content\/uploads\/2023\/07\/DOUBLE-FRAGMENT-RING-1024x1024.jpg 1024w, https:\/\/international.franceclat.fr\/wp-content\/uploads\/2023\/07\/DOUBLE-FRAGMENT-RING-370x370.jpg 370w, https:\/\/international.franceclat.fr\/wp-content\/uploads\/2023\/07\/DOUBLE-FRAGMENT-RING-150x150.jpg 150w, https:\/\/international.franceclat.fr\/wp-content\/uploads\/2023\/07\/DOUBLE-FRAGMENT-RING-768x768.jpg 768w, https:\/\/international.franceclat.fr\/wp-content\/uploads\/2023\/07\/DOUBLE-FRAGMENT-RING-1536x1536.jpg 1536w, https:\/\/international.franceclat.fr\/wp-content\/uploads\/2023\/07\/DOUBLE-FRAGMENT-RING.jpg 1690w\" sizes=\"auto, (max-width: 1024px) 100vw, 1024px\" \/><span class=\"zoom\">Zoom<\/span><\/a><\/figure>\n<\/div>\n\n\n\n<div class=\"wp-block-column is-layout-flow wp-block-column-is-layout-flow\">\n<figure class=\"wp-block-image size-large zoom\"><a class=\"zoom\" data-pswp-width=\"2560\" data-pswp-height=\"2560\" href=\"https:\/\/international.franceclat.fr\/wp-content\/uploads\/2023\/07\/CIRCLE-RING-scaled.jpg\"><img loading=\"lazy\" decoding=\"async\" width=\"1024\" height=\"1024\" src=\"https:\/\/international.franceclat.fr\/wp-content\/uploads\/2023\/07\/CIRCLE-RING-1024x1024.jpg\" alt=\"\" class=\"wp-image-28140\" srcset=\"https:\/\/international.franceclat.fr\/wp-content\/uploads\/2023\/07\/CIRCLE-RING-1024x1024.jpg 1024w, https:\/\/international.franceclat.fr\/wp-content\/uploads\/2023\/07\/CIRCLE-RING-370x370.jpg 370w, https:\/\/international.franceclat.fr\/wp-content\/uploads\/2023\/07\/CIRCLE-RING-150x150.jpg 150w, https:\/\/international.franceclat.fr\/wp-content\/uploads\/2023\/07\/CIRCLE-RING-768x768.jpg 768w, https:\/\/international.franceclat.fr\/wp-content\/uploads\/2023\/07\/CIRCLE-RING-1536x1536.jpg 1536w, https:\/\/international.franceclat.fr\/wp-content\/uploads\/2023\/07\/CIRCLE-RING-2048x2048.jpg 2048w\" sizes=\"auto, (max-width: 1024px) 100vw, 1024px\" \/><span class=\"zoom\">Zoom<\/span><\/a><\/figure>\n<\/div>\n<\/div>\n\n\n\n<p>UNIVERS SVM<\/p>\n\n\n\n<p>L\u2019univers SVM fait la part belle \u00e0 la mobilit\u00e9 et \u00e0 la suggestion du mouvement. Autour de cet axe central se d\u00e9ploient des lignes directrices qui nous guident vers un graphisme \u00e9pur\u00e9, empreint de finesse et de l\u00e9g\u00e8ret\u00e9. Ce qui caract\u00e9rise les cr\u00e9ations de Sibylle von M\u00fcnster c\u2019est l\u2019importance qu\u2019elle attache au concept de l\u2019ouvert et du ferm\u00e9 et \u00e0 la notion de fluidit\u00e9 du mouvement. Le bijou devient d\u00e8s lors non seulement un objet de parure mais aussi et surtout un vecteur de mobilit\u00e9.<\/p>\n\n\n\n<p>ARCHITECTURE<\/p>\n\n\n\n<p>S\u00e9duite depuis toujours par des \u00e9difices alliant de fa\u00e7on contrast\u00e9e l\u2019ancrage des mat\u00e9riaux et les lignes de fuite des formes qui nous invitent au mouvement, Sibylle prend appui sur ses inspirations pour r\u00e9aliser des bijoux qu\u2019elle qualifie de miniatures architecturales. Il nous reste \u00e0 saisir l\u2019essence du mouvement au travers de phases rythmiques \u00e0 l\u2019\u00e9coute de leurs vibrations.<\/p>\n\n\n\n<p>SAVOIR-FAIRE &amp; JOAILLERIE ETHIQUE<\/p>\n\n\n\n<p>Le design modern de Sibylle von M\u00fcnster rencontre l\u2019artisanat des maitres joaillers de Valenza, berceau italien de la haute joaillerie, o\u00f9 sont r\u00e9alis\u00e9es toutes ses cr\u00e9ations. Cultivant une fabrication \u00e0 la main avec de l\u2019or issu de fili\u00e8res \u00e9thiques sous la certification du label Responsible Jewellery Council.<\/p>\n\n\n\n<hr class=\"wp-block-separator has-alpha-channel-opacity separator-thin\"\/>\n\n\n\n<h2 class=\"wp-block-heading\">Produits iconiques<\/h2>\n\n\n\n<div class=\"wp-block-columns iconic is-layout-flex wp-container-core-columns-is-layout-9d6595d7 wp-block-columns-is-layout-flex\">\n<div class=\"wp-block-column is-layout-flow wp-block-column-is-layout-flow\">\n<figure class=\"wp-block-image size-large zoom\"><a class=\"zoom\" data-pswp-width=\"2560\" data-pswp-height=\"2560\" href=\"https:\/\/international.franceclat.fr\/wp-content\/uploads\/2023\/07\/BRACELET-FRAGMENT--scaled.jpg\"><img loading=\"lazy\" decoding=\"async\" width=\"1024\" height=\"1024\" src=\"https:\/\/international.franceclat.fr\/wp-content\/uploads\/2023\/07\/BRACELET-FRAGMENT--1024x1024.jpg\" alt=\"\" class=\"wp-image-28142\" srcset=\"https:\/\/international.franceclat.fr\/wp-content\/uploads\/2023\/07\/BRACELET-FRAGMENT--1024x1024.jpg 1024w, https:\/\/international.franceclat.fr\/wp-content\/uploads\/2023\/07\/BRACELET-FRAGMENT--370x370.jpg 370w, https:\/\/international.franceclat.fr\/wp-content\/uploads\/2023\/07\/BRACELET-FRAGMENT--150x150.jpg 150w, https:\/\/international.franceclat.fr\/wp-content\/uploads\/2023\/07\/BRACELET-FRAGMENT--768x768.jpg 768w, https:\/\/international.franceclat.fr\/wp-content\/uploads\/2023\/07\/BRACELET-FRAGMENT--1536x1536.jpg 1536w, https:\/\/international.franceclat.fr\/wp-content\/uploads\/2023\/07\/BRACELET-FRAGMENT--2048x2048.jpg 2048w\" sizes=\"auto, (max-width: 1024px) 100vw, 1024px\" \/><span class=\"zoom\">Zoom<\/span><\/a><\/figure>\n\n\n\n<h3 class=\"wp-block-heading has-text-align-center legende\">Bracelet fragment<\/h3>\n<\/div>\n\n\n\n<div class=\"wp-block-column is-layout-flow wp-block-column-is-layout-flow\">\n<figure class=\"wp-block-image size-large zoom\"><a class=\"zoom\" data-pswp-width=\"2560\" data-pswp-height=\"2560\" href=\"https:\/\/international.franceclat.fr\/wp-content\/uploads\/2023\/07\/VOLUTE-EARRINGS-scaled.jpg\"><img loading=\"lazy\" decoding=\"async\" width=\"1024\" height=\"1024\" src=\"https:\/\/international.franceclat.fr\/wp-content\/uploads\/2023\/07\/VOLUTE-EARRINGS-1024x1024.jpg\" alt=\"\" class=\"wp-image-28218\" title=\"zoom\" srcset=\"https:\/\/international.franceclat.fr\/wp-content\/uploads\/2023\/07\/VOLUTE-EARRINGS-1024x1024.jpg 1024w, https:\/\/international.franceclat.fr\/wp-content\/uploads\/2023\/07\/VOLUTE-EARRINGS-370x370.jpg 370w, https:\/\/international.franceclat.fr\/wp-content\/uploads\/2023\/07\/VOLUTE-EARRINGS-150x150.jpg 150w, https:\/\/international.franceclat.fr\/wp-content\/uploads\/2023\/07\/VOLUTE-EARRINGS-768x768.jpg 768w, https:\/\/international.franceclat.fr\/wp-content\/uploads\/2023\/07\/VOLUTE-EARRINGS-1536x1536.jpg 1536w, https:\/\/international.franceclat.fr\/wp-content\/uploads\/2023\/07\/VOLUTE-EARRINGS-2048x2048.jpg 2048w\" sizes=\"auto, (max-width: 1024px) 100vw, 1024px\" \/><span class=\"zoom\">Zoom<\/span><\/a><\/figure>\n\n\n\n<h3 class=\"wp-block-heading has-text-align-center legende\">Boucles d'oreilles volute<\/h3>\n<\/div>\n\n\n\n<div class=\"wp-block-column is-layout-flow wp-block-column-is-layout-flow\">\n<figure class=\"wp-block-image size-large zoom\"><a class=\"zoom\" data-pswp-width=\"2560\" data-pswp-height=\"2560\" href=\"https:\/\/international.franceclat.fr\/wp-content\/uploads\/2023\/07\/BOUCLE-DOREILLES-DOUBLE-FRAGMENT-jpg-scaled.jpg\"><img loading=\"lazy\" decoding=\"async\" width=\"1024\" height=\"1024\" src=\"https:\/\/international.franceclat.fr\/wp-content\/uploads\/2023\/07\/BOUCLE-DOREILLES-DOUBLE-FRAGMENT-jpg-1024x1024.jpg\" alt=\"\" class=\"wp-image-28146\" title=\"zoom\" srcset=\"https:\/\/international.franceclat.fr\/wp-content\/uploads\/2023\/07\/BOUCLE-DOREILLES-DOUBLE-FRAGMENT-jpg-1024x1024.jpg 1024w, https:\/\/international.franceclat.fr\/wp-content\/uploads\/2023\/07\/BOUCLE-DOREILLES-DOUBLE-FRAGMENT-jpg-370x370.jpg 370w, https:\/\/international.franceclat.fr\/wp-content\/uploads\/2023\/07\/BOUCLE-DOREILLES-DOUBLE-FRAGMENT-jpg-150x150.jpg 150w, https:\/\/international.franceclat.fr\/wp-content\/uploads\/2023\/07\/BOUCLE-DOREILLES-DOUBLE-FRAGMENT-jpg-768x768.jpg 768w, https:\/\/international.franceclat.fr\/wp-content\/uploads\/2023\/07\/BOUCLE-DOREILLES-DOUBLE-FRAGMENT-jpg-1536x1536.jpg 1536w, https:\/\/international.franceclat.fr\/wp-content\/uploads\/2023\/07\/BOUCLE-DOREILLES-DOUBLE-FRAGMENT-jpg-2048x2048.jpg 2048w\" sizes=\"auto, (max-width: 1024px) 100vw, 1024px\" \/><span class=\"zoom\">Zoom<\/span><\/a><\/figure>\n\n\n\n<h3 class=\"wp-block-heading has-text-align-center legende\">Boucles d'oreilles huge fragment<\/h3>\n<\/div>\n<\/div>\n\n\n\n<div class=\"wp-block-columns iconic is-layout-flex wp-container-core-columns-is-layout-9d6595d7 wp-block-columns-is-layout-flex\">\n<div class=\"wp-block-column is-layout-flow wp-block-column-is-layout-flow\">\n<figure class=\"wp-block-image size-large zoom\"><a class=\"zoom\" data-pswp-width=\"2560\" data-pswp-height=\"2560\" href=\"https:\/\/international.franceclat.fr\/wp-content\/uploads\/2023\/07\/BOUCLE-DOREILLES-CIRCLE-scaled.jpg\"><img loading=\"lazy\" decoding=\"async\" width=\"1024\" height=\"1024\" src=\"https:\/\/international.franceclat.fr\/wp-content\/uploads\/2023\/07\/BOUCLE-DOREILLES-CIRCLE-1024x1024.jpg\" alt=\"\" class=\"wp-image-28148\" srcset=\"https:\/\/international.franceclat.fr\/wp-content\/uploads\/2023\/07\/BOUCLE-DOREILLES-CIRCLE-1024x1024.jpg 1024w, https:\/\/international.franceclat.fr\/wp-content\/uploads\/2023\/07\/BOUCLE-DOREILLES-CIRCLE-370x370.jpg 370w, https:\/\/international.franceclat.fr\/wp-content\/uploads\/2023\/07\/BOUCLE-DOREILLES-CIRCLE-150x150.jpg 150w, https:\/\/international.franceclat.fr\/wp-content\/uploads\/2023\/07\/BOUCLE-DOREILLES-CIRCLE-768x768.jpg 768w, https:\/\/international.franceclat.fr\/wp-content\/uploads\/2023\/07\/BOUCLE-DOREILLES-CIRCLE-1536x1536.jpg 1536w, https:\/\/international.franceclat.fr\/wp-content\/uploads\/2023\/07\/BOUCLE-DOREILLES-CIRCLE-2048x2048.jpg 2048w\" sizes=\"auto, (max-width: 1024px) 100vw, 1024px\" \/><span class=\"zoom\">Zoom<\/span><\/a><\/figure>\n\n\n\n<h3 class=\"wp-block-heading has-text-align-center legende\">Boucles d'oreilles simple arc<\/h3>\n<\/div>\n\n\n\n<div class=\"wp-block-column is-layout-flow wp-block-column-is-layout-flow\">\n<figure class=\"wp-block-image size-large zoom\"><a class=\"zoom\" data-pswp-width=\"2560\" data-pswp-height=\"2560\" href=\"https:\/\/international.franceclat.fr\/wp-content\/uploads\/2023\/07\/BOUCLE-DOREILLE-LONG-FRAGMENT--scaled.jpg\"><img loading=\"lazy\" decoding=\"async\" width=\"1024\" height=\"1024\" src=\"https:\/\/international.franceclat.fr\/wp-content\/uploads\/2023\/07\/BOUCLE-DOREILLE-LONG-FRAGMENT--1024x1024.jpg\" alt=\"\" class=\"wp-image-28150\" srcset=\"https:\/\/international.franceclat.fr\/wp-content\/uploads\/2023\/07\/BOUCLE-DOREILLE-LONG-FRAGMENT--1024x1024.jpg 1024w, https:\/\/international.franceclat.fr\/wp-content\/uploads\/2023\/07\/BOUCLE-DOREILLE-LONG-FRAGMENT--370x370.jpg 370w, https:\/\/international.franceclat.fr\/wp-content\/uploads\/2023\/07\/BOUCLE-DOREILLE-LONG-FRAGMENT--150x150.jpg 150w, https:\/\/international.franceclat.fr\/wp-content\/uploads\/2023\/07\/BOUCLE-DOREILLE-LONG-FRAGMENT--768x768.jpg 768w, https:\/\/international.franceclat.fr\/wp-content\/uploads\/2023\/07\/BOUCLE-DOREILLE-LONG-FRAGMENT--1536x1536.jpg 1536w, https:\/\/international.franceclat.fr\/wp-content\/uploads\/2023\/07\/BOUCLE-DOREILLE-LONG-FRAGMENT--2048x2048.jpg 2048w\" sizes=\"auto, (max-width: 1024px) 100vw, 1024px\" \/><span class=\"zoom\">Zoom<\/span><\/a><\/figure>\n\n\n\n<h3 class=\"wp-block-heading has-text-align-center legende\">Boucles d'oreilles long fragment<\/h3>\n<\/div>\n\n\n\n<div class=\"wp-block-column is-layout-flow wp-block-column-is-layout-flow\">\n<figure class=\"wp-block-image size-large zoom\"><a class=\"zoom\" data-pswp-width=\"2560\" data-pswp-height=\"2560\" href=\"https:\/\/international.franceclat.fr\/wp-content\/uploads\/2023\/07\/BAGUE-DOUBLE-FRAGMENT--scaled.jpg\"><img loading=\"lazy\" decoding=\"async\" width=\"1024\" height=\"1024\" src=\"https:\/\/international.franceclat.fr\/wp-content\/uploads\/2023\/07\/BAGUE-DOUBLE-FRAGMENT--1024x1024.jpg\" alt=\"\" class=\"wp-image-28152\" title=\"zoom\" srcset=\"https:\/\/international.franceclat.fr\/wp-content\/uploads\/2023\/07\/BAGUE-DOUBLE-FRAGMENT--1024x1024.jpg 1024w, https:\/\/international.franceclat.fr\/wp-content\/uploads\/2023\/07\/BAGUE-DOUBLE-FRAGMENT--370x370.jpg 370w, https:\/\/international.franceclat.fr\/wp-content\/uploads\/2023\/07\/BAGUE-DOUBLE-FRAGMENT--150x150.jpg 150w, https:\/\/international.franceclat.fr\/wp-content\/uploads\/2023\/07\/BAGUE-DOUBLE-FRAGMENT--768x768.jpg 768w, https:\/\/international.franceclat.fr\/wp-content\/uploads\/2023\/07\/BAGUE-DOUBLE-FRAGMENT--1536x1536.jpg 1536w, https:\/\/international.franceclat.fr\/wp-content\/uploads\/2023\/07\/BAGUE-DOUBLE-FRAGMENT--2048x2048.jpg 2048w\" sizes=\"auto, (max-width: 1024px) 100vw, 1024px\" \/><span class=\"zoom\">Zoom<\/span><\/a><\/figure>\n\n\n\n<h3 class=\"wp-block-heading has-text-align-center legende\">Bague double fragment<\/h3>\n<\/div>\n<\/div>\n","protected":false},"featured_media":28139,"template":"","labels-bijouterie":[],"materiaux-bijouterie":[65],"clean":[],"produits_bijouterie":[62],"style-bijouterie":[66],"types_de_marque_bijouterie":[72],"class_list":["post-28157","marques-bijouterie","type-marques-bijouterie","status-publish","has-post-thumbnail","hentry","materiaux-bijouterie-or-et-platine","produits_bijouterie-joaillerie","style-bijouterie-contemporain","types_de_marque_bijouterie-marque-emergente"],"acf":[],"yoast_head":"<!-- This site is optimized with the Yoast SEO plugin v27.1.1 - https:\/\/yoast.com\/product\/yoast-seo-wordpress\/ -->\n<title>SIBYLLE VON M\u00dcNSTER - FRANCECLAT INTERNATIONAL<\/title>\n<meta name=\"description\" content=\"S\u00e9duite depuis toujours par des \u00e9difices alliant de fa\u00e7on contrast\u00e9e l\u2019ancrage des mat\u00e9riaux et les lignes de fuite des formes qui nous invitent au mouvement, Sibylle prend appui sur ses inspirations pour r\u00e9aliser des bijoux qu\u2019elle qualifie de miniatures architecturales.\" \/>\n<meta name=\"robots\" content=\"index, follow, max-snippet:-1, max-image-preview:large, max-video-preview:-1\" \/>\n<link rel=\"canonical\" href=\"https:\/\/international.franceclat.fr\/fr\/marques-bijouterie\/sibylle-von-munster\/\" \/>\n<meta property=\"og:locale\" content=\"fr_FR\" \/>\n<meta property=\"og:type\" content=\"article\" \/>\n<meta property=\"og:title\" content=\"SIBYLLE VON M\u00dcNSTER - FRANCECLAT INTERNATIONAL\" \/>\n<meta property=\"og:description\" content=\"S\u00e9duite depuis toujours par des \u00e9difices alliant de fa\u00e7on contrast\u00e9e l\u2019ancrage des mat\u00e9riaux et les lignes de fuite des formes qui nous invitent au mouvement, Sibylle prend appui sur ses inspirations pour r\u00e9aliser des bijoux qu\u2019elle qualifie de miniatures architecturales.\" \/>\n<meta property=\"og:url\" content=\"https:\/\/international.franceclat.fr\/fr\/marques-bijouterie\/sibylle-von-munster\/\" \/>\n<meta property=\"og:site_name\" content=\"FRANCECLAT INTERNATIONAL\" \/>\n<meta property=\"article:modified_time\" content=\"2025-03-31T15:14:33+00:00\" \/>\n<meta property=\"og:image\" content=\"https:\/\/international.franceclat.fr\/wp-content\/uploads\/2023\/07\/DOUBLE-FRAGMENT-RING.jpg\" \/>\n\t<meta property=\"og:image:width\" content=\"1690\" \/>\n\t<meta property=\"og:image:height\" content=\"1690\" \/>\n\t<meta property=\"og:image:type\" content=\"image\/jpeg\" \/>\n<meta name=\"twitter:card\" content=\"summary_large_image\" \/>\n<meta name=\"twitter:label1\" content=\"Dur\u00e9e de lecture estim\u00e9e\" \/>\n\t<meta name=\"twitter:data1\" content=\"4 minutes\" \/>\n<script type=\"application\/ld+json\" class=\"yoast-schema-graph\">{\"@context\":\"https:\/\/schema.org\",\"@graph\":[{\"@type\":\"WebPage\",\"@id\":\"https:\/\/international.franceclat.fr\/fr\/marques-bijouterie\/sibylle-von-munster\/\",\"url\":\"https:\/\/international.franceclat.fr\/fr\/marques-bijouterie\/sibylle-von-munster\/\",\"name\":\"SIBYLLE VON M\u00dcNSTER - FRANCECLAT INTERNATIONAL\",\"isPartOf\":{\"@id\":\"https:\/\/franceclat.votre-projet.com\/#website\"},\"primaryImageOfPage\":{\"@id\":\"https:\/\/international.franceclat.fr\/fr\/marques-bijouterie\/sibylle-von-munster\/#primaryimage\"},\"image\":{\"@id\":\"https:\/\/international.franceclat.fr\/fr\/marques-bijouterie\/sibylle-von-munster\/#primaryimage\"},\"thumbnailUrl\":\"https:\/\/international.franceclat.fr\/wp-content\/uploads\/2023\/07\/DOUBLE-FRAGMENT-RING.jpg\",\"datePublished\":\"2023-07-13T15:58:27+00:00\",\"dateModified\":\"2025-03-31T15:14:33+00:00\",\"description\":\"S\u00e9duite depuis toujours par des \u00e9difices alliant de fa\u00e7on contrast\u00e9e l\u2019ancrage des mat\u00e9riaux et les lignes de fuite des formes qui nous invitent au mouvement, Sibylle prend appui sur ses inspirations pour r\u00e9aliser des bijoux qu\u2019elle qualifie de miniatures architecturales.\",\"breadcrumb\":{\"@id\":\"https:\/\/international.franceclat.fr\/fr\/marques-bijouterie\/sibylle-von-munster\/#breadcrumb\"},\"inLanguage\":\"fr-FR\",\"potentialAction\":[{\"@type\":\"ReadAction\",\"target\":[\"https:\/\/international.franceclat.fr\/fr\/marques-bijouterie\/sibylle-von-munster\/\"]}]},{\"@type\":\"ImageObject\",\"inLanguage\":\"fr-FR\",\"@id\":\"https:\/\/international.franceclat.fr\/fr\/marques-bijouterie\/sibylle-von-munster\/#primaryimage\",\"url\":\"https:\/\/international.franceclat.fr\/wp-content\/uploads\/2023\/07\/DOUBLE-FRAGMENT-RING.jpg\",\"contentUrl\":\"https:\/\/international.franceclat.fr\/wp-content\/uploads\/2023\/07\/DOUBLE-FRAGMENT-RING.jpg\",\"width\":1690,\"height\":1690},{\"@type\":\"BreadcrumbList\",\"@id\":\"https:\/\/international.franceclat.fr\/fr\/marques-bijouterie\/sibylle-von-munster\/#breadcrumb\",\"itemListElement\":[{\"@type\":\"ListItem\",\"position\":1,\"name\":\"Accueil\",\"item\":\"https:\/\/international.franceclat.fr\/fr\/\"},{\"@type\":\"ListItem\",\"position\":2,\"name\":\"SIBYLLE VON M\u00dcNSTER\"}]},{\"@type\":\"WebSite\",\"@id\":\"https:\/\/franceclat.votre-projet.com\/#website\",\"url\":\"https:\/\/franceclat.votre-projet.com\/\",\"name\":\"Franc\u00e9clat international\",\"description\":\"The path to French excellence. Watches, Jewellery, Tableware.\",\"publisher\":{\"@id\":\"https:\/\/franceclat.votre-projet.com\/#organization\"},\"alternateName\":\"Franc\u00e9clat international\",\"potentialAction\":[{\"@type\":\"SearchAction\",\"target\":{\"@type\":\"EntryPoint\",\"urlTemplate\":\"https:\/\/franceclat.votre-projet.com\/?s={search_term_string}\"},\"query-input\":{\"@type\":\"PropertyValueSpecification\",\"valueRequired\":true,\"valueName\":\"search_term_string\"}}],\"inLanguage\":\"fr-FR\"},{\"@type\":\"Organization\",\"@id\":\"https:\/\/franceclat.votre-projet.com\/#organization\",\"name\":\"Franc\u00e9clat international\",\"url\":\"https:\/\/franceclat.votre-projet.com\/\",\"logo\":{\"@type\":\"ImageObject\",\"inLanguage\":\"fr-FR\",\"@id\":\"https:\/\/franceclat.votre-projet.com\/#\/schema\/logo\/image\/\",\"url\":\"https:\/\/international.franceclat.fr\/wp-content\/uploads\/2023\/02\/Logo-Franceclat.png\",\"contentUrl\":\"https:\/\/international.franceclat.fr\/wp-content\/uploads\/2023\/02\/Logo-Franceclat.png\",\"width\":1667,\"height\":1667,\"caption\":\"Franc\u00e9clat international\"},\"image\":{\"@id\":\"https:\/\/franceclat.votre-projet.com\/#\/schema\/logo\/image\/\"},\"sameAs\":[\"https:\/\/www.linkedin.com\/company\/franceclat-international\/\"]}]}<\/script>\n<!-- \/ Yoast SEO plugin. -->","yoast_head_json":{"title":"SIBYLLE VON M\u00dcNSTER - FRANCECLAT INTERNATIONAL","description":"S\u00e9duite depuis toujours par des \u00e9difices alliant de fa\u00e7on contrast\u00e9e l\u2019ancrage des mat\u00e9riaux et les lignes de fuite des formes qui nous invitent au mouvement, Sibylle prend appui sur ses inspirations pour r\u00e9aliser des bijoux qu\u2019elle qualifie de miniatures architecturales.","robots":{"index":"index","follow":"follow","max-snippet":"max-snippet:-1","max-image-preview":"max-image-preview:large","max-video-preview":"max-video-preview:-1"},"canonical":"https:\/\/international.franceclat.fr\/fr\/marques-bijouterie\/sibylle-von-munster\/","og_locale":"fr_FR","og_type":"article","og_title":"SIBYLLE VON M\u00dcNSTER - FRANCECLAT INTERNATIONAL","og_description":"S\u00e9duite depuis toujours par des \u00e9difices alliant de fa\u00e7on contrast\u00e9e l\u2019ancrage des mat\u00e9riaux et les lignes de fuite des formes qui nous invitent au mouvement, Sibylle prend appui sur ses inspirations pour r\u00e9aliser des bijoux qu\u2019elle qualifie de miniatures architecturales.","og_url":"https:\/\/international.franceclat.fr\/fr\/marques-bijouterie\/sibylle-von-munster\/","og_site_name":"FRANCECLAT INTERNATIONAL","article_modified_time":"2025-03-31T15:14:33+00:00","og_image":[{"width":1690,"height":1690,"url":"https:\/\/international.franceclat.fr\/wp-content\/uploads\/2023\/07\/DOUBLE-FRAGMENT-RING.jpg","type":"image\/jpeg"}],"twitter_card":"summary_large_image","twitter_misc":{"Dur\u00e9e de lecture estim\u00e9e":"4 minutes"},"schema":{"@context":"https:\/\/schema.org","@graph":[{"@type":"WebPage","@id":"https:\/\/international.franceclat.fr\/fr\/marques-bijouterie\/sibylle-von-munster\/","url":"https:\/\/international.franceclat.fr\/fr\/marques-bijouterie\/sibylle-von-munster\/","name":"SIBYLLE VON M\u00dcNSTER - FRANCECLAT INTERNATIONAL","isPartOf":{"@id":"https:\/\/franceclat.votre-projet.com\/#website"},"primaryImageOfPage":{"@id":"https:\/\/international.franceclat.fr\/fr\/marques-bijouterie\/sibylle-von-munster\/#primaryimage"},"image":{"@id":"https:\/\/international.franceclat.fr\/fr\/marques-bijouterie\/sibylle-von-munster\/#primaryimage"},"thumbnailUrl":"https:\/\/international.franceclat.fr\/wp-content\/uploads\/2023\/07\/DOUBLE-FRAGMENT-RING.jpg","datePublished":"2023-07-13T15:58:27+00:00","dateModified":"2025-03-31T15:14:33+00:00","description":"S\u00e9duite depuis toujours par des \u00e9difices alliant de fa\u00e7on contrast\u00e9e l\u2019ancrage des mat\u00e9riaux et les lignes de fuite des formes qui nous invitent au mouvement, Sibylle prend appui sur ses inspirations pour r\u00e9aliser des bijoux qu\u2019elle qualifie de miniatures architecturales.","breadcrumb":{"@id":"https:\/\/international.franceclat.fr\/fr\/marques-bijouterie\/sibylle-von-munster\/#breadcrumb"},"inLanguage":"fr-FR","potentialAction":[{"@type":"ReadAction","target":["https:\/\/international.franceclat.fr\/fr\/marques-bijouterie\/sibylle-von-munster\/"]}]},{"@type":"ImageObject","inLanguage":"fr-FR","@id":"https:\/\/international.franceclat.fr\/fr\/marques-bijouterie\/sibylle-von-munster\/#primaryimage","url":"https:\/\/international.franceclat.fr\/wp-content\/uploads\/2023\/07\/DOUBLE-FRAGMENT-RING.jpg","contentUrl":"https:\/\/international.franceclat.fr\/wp-content\/uploads\/2023\/07\/DOUBLE-FRAGMENT-RING.jpg","width":1690,"height":1690},{"@type":"BreadcrumbList","@id":"https:\/\/international.franceclat.fr\/fr\/marques-bijouterie\/sibylle-von-munster\/#breadcrumb","itemListElement":[{"@type":"ListItem","position":1,"name":"Accueil","item":"https:\/\/international.franceclat.fr\/fr\/"},{"@type":"ListItem","position":2,"name":"SIBYLLE VON M\u00dcNSTER"}]},{"@type":"WebSite","@id":"https:\/\/franceclat.votre-projet.com\/#website","url":"https:\/\/franceclat.votre-projet.com\/","name":"Franc\u00e9clat international","description":"The path to French excellence. Watches, Jewellery, Tableware.","publisher":{"@id":"https:\/\/franceclat.votre-projet.com\/#organization"},"alternateName":"Franc\u00e9clat international","potentialAction":[{"@type":"SearchAction","target":{"@type":"EntryPoint","urlTemplate":"https:\/\/franceclat.votre-projet.com\/?s={search_term_string}"},"query-input":{"@type":"PropertyValueSpecification","valueRequired":true,"valueName":"search_term_string"}}],"inLanguage":"fr-FR"},{"@type":"Organization","@id":"https:\/\/franceclat.votre-projet.com\/#organization","name":"Franc\u00e9clat international","url":"https:\/\/franceclat.votre-projet.com\/","logo":{"@type":"ImageObject","inLanguage":"fr-FR","@id":"https:\/\/franceclat.votre-projet.com\/#\/schema\/logo\/image\/","url":"https:\/\/international.franceclat.fr\/wp-content\/uploads\/2023\/02\/Logo-Franceclat.png","contentUrl":"https:\/\/international.franceclat.fr\/wp-content\/uploads\/2023\/02\/Logo-Franceclat.png","width":1667,"height":1667,"caption":"Franc\u00e9clat international"},"image":{"@id":"https:\/\/franceclat.votre-projet.com\/#\/schema\/logo\/image\/"},"sameAs":["https:\/\/www.linkedin.com\/company\/franceclat-international\/"]}]}},"_links":{"self":[{"href":"https:\/\/international.franceclat.fr\/fr\/wp-json\/wp\/v2\/marques-bijouterie\/28157","targetHints":{"allow":["GET"]}}],"collection":[{"href":"https:\/\/international.franceclat.fr\/fr\/wp-json\/wp\/v2\/marques-bijouterie"}],"about":[{"href":"https:\/\/international.franceclat.fr\/fr\/wp-json\/wp\/v2\/types\/marques-bijouterie"}],"wp:featuredmedia":[{"embeddable":true,"href":"https:\/\/international.franceclat.fr\/fr\/wp-json\/wp\/v2\/media\/28139"}],"wp:attachment":[{"href":"https:\/\/international.franceclat.fr\/fr\/wp-json\/wp\/v2\/media?parent=28157"}],"wp:term":[{"taxonomy":"labels-bijouterie","embeddable":true,"href":"https:\/\/international.franceclat.fr\/fr\/wp-json\/wp\/v2\/labels-bijouterie?post=28157"},{"taxonomy":"materiaux-bijouterie","embeddable":true,"href":"https:\/\/international.franceclat.fr\/fr\/wp-json\/wp\/v2\/materiaux-bijouterie?post=28157"},{"taxonomy":"clean","embeddable":true,"href":"https:\/\/international.franceclat.fr\/fr\/wp-json\/wp\/v2\/clean?post=28157"},{"taxonomy":"produits_bijouterie","embeddable":true,"href":"https:\/\/international.franceclat.fr\/fr\/wp-json\/wp\/v2\/produits_bijouterie?post=28157"},{"taxonomy":"style-bijouterie","embeddable":true,"href":"https:\/\/international.franceclat.fr\/fr\/wp-json\/wp\/v2\/style-bijouterie?post=28157"},{"taxonomy":"types_de_marque_bijouterie","embeddable":true,"href":"https:\/\/international.franceclat.fr\/fr\/wp-json\/wp\/v2\/types_de_marque_bijouterie?post=28157"}],"curies":[{"name":"wp","href":"https:\/\/api.w.org\/{rel}","templated":true}]}}