{"id":2876,"date":"2023-01-30T15:59:33","date_gmt":"2023-01-30T14:59:33","guid":{"rendered":"https:\/\/international.franceclat.fr\/marques-horlogerie\/ralf-tech\/"},"modified":"2025-03-21T14:43:03","modified_gmt":"2025-03-21T13:43:03","slug":"ralf-tech","status":"publish","type":"marques-horlogerie","link":"https:\/\/international.franceclat.fr\/fr\/marques-horlogerie\/ralf-tech\/","title":{"rendered":"RALF TECH"},"content":{"rendered":"\n<h2 class=\"wp-block-heading marque-slogan\">Be ready!<\/h2>\n\n\n\n<p>Depuis l\u2019aube des temps, l\u2019homme cherche \u00e0 conna\u00eetre son environnement pour mieux le ma\u00eetriser.&nbsp;Alors qu\u2019il travaille dans l\u2019espace et projette d\u2019aller sur Mars, il n\u2019est aujourd\u2019hui toujours pas capable d\u2019aller au fond des mers sur sa propre plan\u00e8te.&nbsp;L\u2019Oc\u00e9an demeure ainsi notre derni\u00e8re fronti\u00e8re. Il est notre source et notre avenir. Depuis 2005 Ralf Tech a d\u00e9cid\u00e9 de se mettre au service de ceux - civils ou militaires - qui l'explorent. <\/p>\n\n\n\n<figure class=\"wp-block-image size-full zoom\"><a class=\"zoom\" data-pswp-width=\"1000\" data-pswp-height=\"659\" href=\"https:\/\/international.franceclat.fr\/wp-content\/uploads\/2023\/01\/Ambiance-Inspi-1000x1000-2-1.jpg\"><img loading=\"lazy\" decoding=\"async\" width=\"1000\" height=\"659\" src=\"https:\/\/international.franceclat.fr\/wp-content\/uploads\/2023\/01\/Ambiance-Inspi-1000x1000-2-1.jpg\" alt=\"\" class=\"wp-image-25170\" srcset=\"https:\/\/international.franceclat.fr\/wp-content\/uploads\/2023\/01\/Ambiance-Inspi-1000x1000-2-1.jpg 1000w, https:\/\/international.franceclat.fr\/wp-content\/uploads\/2023\/01\/Ambiance-Inspi-1000x1000-2-1-500x330.jpg 500w, https:\/\/international.franceclat.fr\/wp-content\/uploads\/2023\/01\/Ambiance-Inspi-1000x1000-2-1-768x506.jpg 768w\" sizes=\"auto, (max-width: 1000px) 100vw, 1000px\" \/><span class=\"zoom\">Zoom<\/span><\/a><\/figure>\n\n\n\n<div class=\"wp-block-columns is-layout-flex wp-container-core-columns-is-layout-9d6595d7 wp-block-columns-is-layout-flex\">\n<div class=\"wp-block-column is-layout-flow wp-block-column-is-layout-flow\">\n<figure class=\"wp-block-image size-full zoom\"><a class=\"zoom\" data-pswp-width=\"768\" data-pswp-height=\"549\" href=\"http:\/\/franceclat.votre-projet.com\/wp-content\/uploads\/2023\/01\/CJ5R4009-Modifier-Ralf-Tech-768x549-1.jpg\"><img loading=\"lazy\" decoding=\"async\" width=\"768\" height=\"549\" src=\"http:\/\/franceclat.votre-projet.com\/wp-content\/uploads\/2023\/01\/CJ5R4009-Modifier-Ralf-Tech-768x549-1.jpg\" alt=\"\" class=\"wp-image-27032\" srcset=\"https:\/\/international.franceclat.fr\/wp-content\/uploads\/2023\/01\/CJ5R4009-Modifier-Ralf-Tech-768x549-1.jpg 768w, https:\/\/international.franceclat.fr\/wp-content\/uploads\/2023\/01\/CJ5R4009-Modifier-Ralf-Tech-768x549-1-500x357.jpg 500w\" sizes=\"auto, (max-width: 768px) 100vw, 768px\" \/><span class=\"zoom\">Zoom<\/span><\/a><\/figure>\n<\/div>\n\n\n\n<div class=\"wp-block-column is-layout-flow wp-block-column-is-layout-flow\">\n<figure class=\"wp-block-image size-full zoom\"><a class=\"zoom\" data-pswp-width=\"768\" data-pswp-height=\"549\" href=\"http:\/\/franceclat.votre-projet.com\/wp-content\/uploads\/2023\/01\/CJ5R2924-Modifier-Ralf-Tech-768x549-1.jpg\"><img loading=\"lazy\" decoding=\"async\" width=\"768\" height=\"549\" src=\"http:\/\/franceclat.votre-projet.com\/wp-content\/uploads\/2023\/01\/CJ5R2924-Modifier-Ralf-Tech-768x549-1.jpg\" alt=\"\" class=\"wp-image-27034\" srcset=\"https:\/\/international.franceclat.fr\/wp-content\/uploads\/2023\/01\/CJ5R2924-Modifier-Ralf-Tech-768x549-1.jpg 768w, https:\/\/international.franceclat.fr\/wp-content\/uploads\/2023\/01\/CJ5R2924-Modifier-Ralf-Tech-768x549-1-500x357.jpg 500w\" sizes=\"auto, (max-width: 768px) 100vw, 768px\" \/><span class=\"zoom\">Zoom<\/span><\/a><\/figure>\n<\/div>\n<\/div>\n\n\n\n<p>En 1996, le plongeur&nbsp;professionnel&nbsp;Frank Huyghe, cr\u00e9e la marque Ralf Tech. Ralf Tech est une marque authentique.&nbsp;Elle est n\u00e9e de la passion de son cr\u00e9ateur pour l\u2019Oc\u00e9an et de son amour pour l\u2019horlogerie.&nbsp; Ralf Tech est une entreprise \u00e0 taille humaine g\u00e9r\u00e9e par des passionn\u00e9s de belle horlogerie. La marque se donne pour mission de cr\u00e9er des montres techniquement abouties, sans diktat marketing, sans esprit d\u2019appartenance \u00e0 une \u00e9cole de pens\u00e9e ou \u00e0 une histoire d\u00e9j\u00e0 \u00e9crite.&nbsp;<\/p>\n\n\n\n<p>L\u2019une des particularit\u00e9s des montres Ralf Tech est d\u2019indiquer des valeurs de profondeurs r\u00e9elles et non pas th\u00e9oriques comme le font la majorit\u00e9 des marques. La norme \u00abISO 6425 Montres de Plong\u00e9e\u00bb est ainsi, non seulement respect\u00e9e, mais d\u00e9pass\u00e9e gr\u00e2ce \u00e0 des sp\u00e9cifications exhaustives et un processus&nbsp;de contr\u00f4le exclusif.&nbsp;Pour preuves, le record du Monde de profondeur en plong\u00e9e autonome d\u00e9croch\u00e9 le 5 juillet 2005 avec une immersion de dix heures \u00e0 -330 m\u00e8tres et les -4000 m\u00e8tres atteints par le dernier mod\u00e8le de la collection - The Beast - le 1 juillet 2022. <\/p>\n\n\n\n<p>Ralf Tech \u00e9quipe la majorit\u00e9 des unit\u00e9s de Forces Sp\u00e9ciales fran\u00e7aises et leur \u00c9tat-Major ainsi que les unit\u00e9s d\u2019\u00e9lite de la Gendarmerie nationale et de la Police nationale. La Suisse, la Grande Bretagne, l\u2019Italie - entre autres - ont \u00e9galement \u00e9quip\u00e9 certaines de leurs unit\u00e9s de Forces Sp\u00e9ciales en montres Ralf Tech. Enfin, tr\u00e8s logiquement, les soci\u00e9t\u00e9s de travaux sous-marins \u00e9quipent leurs plongeurs de montres Ralf Tech. Faisant le pari de la renaissance de l'horlogerie fran\u00e7aise, les mod\u00e8les Ralf Tech sont con\u00e7us et d\u00e9velopp\u00e9s \u00e0 Paris et sont assembl\u00e9s \u00e0 Morteau, dans le Doubs. Depuis la fin 2022 Ralf Tech \u00e9quipe sont mod\u00e8le \"THE BEAST\" du premier mouvement manufacture fran\u00e7ais. <\/p>\n\n\n\n<hr class=\"wp-block-separator has-alpha-channel-opacity separator-thin\"\/>\n\n\n\n<h2 class=\"wp-block-heading\">Mod\u00e8les iconiques<\/h2>\n\n\n\n<div class=\"wp-block-columns iconic is-layout-flex wp-container-core-columns-is-layout-9d6595d7 wp-block-columns-is-layout-flex\">\n<div class=\"wp-block-column is-layout-flow wp-block-column-is-layout-flow\">\n<figure class=\"wp-block-image size-large zoom\"><a class=\"zoom\" data-pswp-width=\"1563\" data-pswp-height=\"1167\" href=\"https:\/\/international.franceclat.fr\/wp-content\/uploads\/2023\/01\/Ralf-Tech-3.jpg\"><img loading=\"lazy\" decoding=\"async\" width=\"1024\" height=\"765\" src=\"https:\/\/international.franceclat.fr\/wp-content\/uploads\/2023\/01\/Ralf-Tech-3-1024x765.jpg\" alt=\"\" class=\"wp-image-25631\" srcset=\"https:\/\/international.franceclat.fr\/wp-content\/uploads\/2023\/01\/Ralf-Tech-3-1024x765.jpg 1024w, https:\/\/international.franceclat.fr\/wp-content\/uploads\/2023\/01\/Ralf-Tech-3-496x370.jpg 496w, https:\/\/international.franceclat.fr\/wp-content\/uploads\/2023\/01\/Ralf-Tech-3-768x573.jpg 768w, https:\/\/international.franceclat.fr\/wp-content\/uploads\/2023\/01\/Ralf-Tech-3-1536x1147.jpg 1536w, https:\/\/international.franceclat.fr\/wp-content\/uploads\/2023\/01\/Ralf-Tech-3-320x240.jpg 320w, https:\/\/international.franceclat.fr\/wp-content\/uploads\/2023\/01\/Ralf-Tech-3-500x373.jpg 500w, https:\/\/international.franceclat.fr\/wp-content\/uploads\/2023\/01\/Ralf-Tech-3.jpg 1563w\" sizes=\"auto, (max-width: 1024px) 100vw, 1024px\" \/><span class=\"zoom\">Zoom<\/span><\/a><\/figure>\n\n\n\n<h3 class=\"wp-block-heading legende\">THE BEAST Manufacture \"First Edition\"<\/h3>\n<\/div>\n\n\n\n<div class=\"wp-block-column is-layout-flow wp-block-column-is-layout-flow\">\n<figure class=\"wp-block-image size-large zoom\"><a class=\"zoom\" data-pswp-width=\"1563\" data-pswp-height=\"1167\" href=\"https:\/\/international.franceclat.fr\/wp-content\/uploads\/2023\/01\/Ralf-Tech-6.jpg\"><img loading=\"lazy\" decoding=\"async\" width=\"1024\" height=\"765\" src=\"https:\/\/international.franceclat.fr\/wp-content\/uploads\/2023\/01\/Ralf-Tech-6-1024x765.jpg\" alt=\"\" class=\"wp-image-25637\" srcset=\"https:\/\/international.franceclat.fr\/wp-content\/uploads\/2023\/01\/Ralf-Tech-6-1024x765.jpg 1024w, https:\/\/international.franceclat.fr\/wp-content\/uploads\/2023\/01\/Ralf-Tech-6-496x370.jpg 496w, https:\/\/international.franceclat.fr\/wp-content\/uploads\/2023\/01\/Ralf-Tech-6-768x573.jpg 768w, https:\/\/international.franceclat.fr\/wp-content\/uploads\/2023\/01\/Ralf-Tech-6-1536x1147.jpg 1536w, https:\/\/international.franceclat.fr\/wp-content\/uploads\/2023\/01\/Ralf-Tech-6-320x240.jpg 320w, https:\/\/international.franceclat.fr\/wp-content\/uploads\/2023\/01\/Ralf-Tech-6-500x373.jpg 500w, https:\/\/international.franceclat.fr\/wp-content\/uploads\/2023\/01\/Ralf-Tech-6.jpg 1563w\" sizes=\"auto, (max-width: 1024px) 100vw, 1024px\" \/><span class=\"zoom\">Zoom<\/span><\/a><\/figure>\n\n\n\n<h3 class=\"wp-block-heading legende\">WRX Electric Black Operator<\/h3>\n<\/div>\n\n\n\n<div class=\"wp-block-column is-layout-flow wp-block-column-is-layout-flow\">\n<figure class=\"wp-block-image size-large zoom\"><a class=\"zoom\" data-pswp-width=\"1563\" data-pswp-height=\"1167\" href=\"https:\/\/international.franceclat.fr\/wp-content\/uploads\/2023\/01\/Ralf-Tech-5.jpg\"><img loading=\"lazy\" decoding=\"async\" width=\"1024\" height=\"765\" src=\"https:\/\/international.franceclat.fr\/wp-content\/uploads\/2023\/01\/Ralf-Tech-5-1024x765.jpg\" alt=\"\" class=\"wp-image-25635\" srcset=\"https:\/\/international.franceclat.fr\/wp-content\/uploads\/2023\/01\/Ralf-Tech-5-1024x765.jpg 1024w, https:\/\/international.franceclat.fr\/wp-content\/uploads\/2023\/01\/Ralf-Tech-5-496x370.jpg 496w, https:\/\/international.franceclat.fr\/wp-content\/uploads\/2023\/01\/Ralf-Tech-5-768x573.jpg 768w, https:\/\/international.franceclat.fr\/wp-content\/uploads\/2023\/01\/Ralf-Tech-5-1536x1147.jpg 1536w, https:\/\/international.franceclat.fr\/wp-content\/uploads\/2023\/01\/Ralf-Tech-5-320x240.jpg 320w, https:\/\/international.franceclat.fr\/wp-content\/uploads\/2023\/01\/Ralf-Tech-5-500x373.jpg 500w, https:\/\/international.franceclat.fr\/wp-content\/uploads\/2023\/01\/Ralf-Tech-5.jpg 1563w\" sizes=\"auto, (max-width: 1024px) 100vw, 1024px\" \/><span class=\"zoom\">Zoom<\/span><\/a><\/figure>\n\n\n\n<h3 class=\"wp-block-heading legende\">WRV Automatic 1977 \"Royale\"<\/h3>\n<\/div>\n<\/div>\n\n\n\n<div class=\"wp-block-columns iconic is-layout-flex wp-container-core-columns-is-layout-9d6595d7 wp-block-columns-is-layout-flex\">\n<div class=\"wp-block-column is-layout-flow wp-block-column-is-layout-flow\">\n<figure class=\"wp-block-image size-large zoom\"><a class=\"zoom\" data-pswp-width=\"1563\" data-pswp-height=\"1167\" href=\"http:\/\/franceclat.votre-projet.com\/wp-content\/uploads\/2023\/01\/Ralf-Tech.jpg\"><img loading=\"lazy\" decoding=\"async\" width=\"1024\" height=\"765\" src=\"http:\/\/franceclat.votre-projet.com\/wp-content\/uploads\/2023\/01\/Ralf-Tech-1024x765.jpg\" alt=\"\" class=\"wp-image-25603\" srcset=\"https:\/\/international.franceclat.fr\/wp-content\/uploads\/2023\/01\/Ralf-Tech-1024x765.jpg 1024w, https:\/\/international.franceclat.fr\/wp-content\/uploads\/2023\/01\/Ralf-Tech-496x370.jpg 496w, https:\/\/international.franceclat.fr\/wp-content\/uploads\/2023\/01\/Ralf-Tech-768x573.jpg 768w, https:\/\/international.franceclat.fr\/wp-content\/uploads\/2023\/01\/Ralf-Tech-1536x1147.jpg 1536w, https:\/\/international.franceclat.fr\/wp-content\/uploads\/2023\/01\/Ralf-Tech-320x240.jpg 320w, https:\/\/international.franceclat.fr\/wp-content\/uploads\/2023\/01\/Ralf-Tech-500x373.jpg 500w, https:\/\/international.franceclat.fr\/wp-content\/uploads\/2023\/01\/Ralf-Tech.jpg 1563w\" sizes=\"auto, (max-width: 1024px) 100vw, 1024px\" \/><span class=\"zoom\">Zoom<\/span><\/a><\/figure>\n\n\n\n<h3 class=\"wp-block-heading legende\">ACAD\u00c9MIE Manufacture \"First Edition\"<\/h3>\n<\/div>\n\n\n\n<div class=\"wp-block-column is-layout-flow wp-block-column-is-layout-flow\">\n<figure class=\"wp-block-image size-large zoom\"><a class=\"zoom\" data-pswp-width=\"1563\" data-pswp-height=\"1167\" href=\"https:\/\/international.franceclat.fr\/wp-content\/uploads\/2023\/01\/Ralf-Tech-2.jpg\"><img loading=\"lazy\" decoding=\"async\" width=\"1024\" height=\"765\" src=\"https:\/\/international.franceclat.fr\/wp-content\/uploads\/2023\/01\/Ralf-Tech-2-1024x765.jpg\" alt=\"\" class=\"wp-image-25629\" srcset=\"https:\/\/international.franceclat.fr\/wp-content\/uploads\/2023\/01\/Ralf-Tech-2-1024x765.jpg 1024w, https:\/\/international.franceclat.fr\/wp-content\/uploads\/2023\/01\/Ralf-Tech-2-496x370.jpg 496w, https:\/\/international.franceclat.fr\/wp-content\/uploads\/2023\/01\/Ralf-Tech-2-768x573.jpg 768w, https:\/\/international.franceclat.fr\/wp-content\/uploads\/2023\/01\/Ralf-Tech-2-1536x1147.jpg 1536w, https:\/\/international.franceclat.fr\/wp-content\/uploads\/2023\/01\/Ralf-Tech-2-320x240.jpg 320w, https:\/\/international.franceclat.fr\/wp-content\/uploads\/2023\/01\/Ralf-Tech-2-500x373.jpg 500w, https:\/\/international.franceclat.fr\/wp-content\/uploads\/2023\/01\/Ralf-Tech-2.jpg 1563w\" sizes=\"auto, (max-width: 1024px) 100vw, 1024px\" \/><span class=\"zoom\">Zoom<\/span><\/a><\/figure>\n\n\n\n<h3 class=\"wp-block-heading legende\">ACAD\u00c9MIE Automatic \"Veteran\"<\/h3>\n<\/div>\n\n\n\n<div class=\"wp-block-column is-layout-flow wp-block-column-is-layout-flow\">\n<figure class=\"wp-block-image size-large zoom\"><a class=\"zoom\" data-pswp-width=\"1563\" data-pswp-height=\"1167\" href=\"https:\/\/international.franceclat.fr\/wp-content\/uploads\/2023\/01\/Ralf-Tech-4.jpg\"><img loading=\"lazy\" decoding=\"async\" width=\"1024\" height=\"765\" src=\"https:\/\/international.franceclat.fr\/wp-content\/uploads\/2023\/01\/Ralf-Tech-4-1024x765.jpg\" alt=\"\" class=\"wp-image-25633\" srcset=\"https:\/\/international.franceclat.fr\/wp-content\/uploads\/2023\/01\/Ralf-Tech-4-1024x765.jpg 1024w, https:\/\/international.franceclat.fr\/wp-content\/uploads\/2023\/01\/Ralf-Tech-4-496x370.jpg 496w, https:\/\/international.franceclat.fr\/wp-content\/uploads\/2023\/01\/Ralf-Tech-4-768x573.jpg 768w, https:\/\/international.franceclat.fr\/wp-content\/uploads\/2023\/01\/Ralf-Tech-4-1536x1147.jpg 1536w, https:\/\/international.franceclat.fr\/wp-content\/uploads\/2023\/01\/Ralf-Tech-4-320x240.jpg 320w, https:\/\/international.franceclat.fr\/wp-content\/uploads\/2023\/01\/Ralf-Tech-4-500x373.jpg 500w, https:\/\/international.franceclat.fr\/wp-content\/uploads\/2023\/01\/Ralf-Tech-4.jpg 1563w\" sizes=\"auto, (max-width: 1024px) 100vw, 1024px\" \/><span class=\"zoom\">Zoom<\/span><\/a><\/figure>\n\n\n\n<h3 class=\"wp-block-heading legende\">WRB Automatic \"First Edition\"<\/h3>\n<\/div>\n<\/div>\n","protected":false},"excerpt":{"rendered":"<p>Be ready! Depuis l\u2019aube des temps, l\u2019homme cherche \u00e0 conna\u00eetre son &#8230;<\/p>\n","protected":false},"featured_media":25165,"template":"","format":"standard","labels_et_certifications":[],"clean":[],"produits":[51,52],"style":[55,56,54],"types_de_marques":[58],"class_list":["post-2876","marques-horlogerie","type-marques-horlogerie","status-publish","format-standard","has-post-thumbnail","hentry","produits-montres-a-quartz","produits-montres-mecaniques","style-design-singulier","style-elegant","style-sport","types_de_marques-marque-heritage"],"acf":[],"yoast_head":"<!-- This site is optimized with the Yoast SEO plugin v27.1.1 - https:\/\/yoast.com\/product\/yoast-seo-wordpress\/ -->\n<title>RALF TECH - FRANCECLAT INTERNATIONAL<\/title>\n<meta name=\"description\" content=\"Depuis l\u2019aube des temps, l\u2019homme cherche \u00e0 conna\u00eetre son environnement pour mieux le ma\u00eetriser.\u00a0Alors qu\u2019il travaille dans l\u2019espace et projette d\u2019aller sur Mars, il n\u2019est aujourd\u2019hui toujours pas capable d\u2019aller au fond des mers sur sa propre plan\u00e8te.\u00a0L\u2019Oc\u00e9an demeure ainsi notre derni\u00e8re fronti\u00e8re. Il est notre source et notre avenir. Depuis 2005 Ralf Tech a d\u00e9cid\u00e9 de se mettre au service de ceux - civils ou militaires - qui l&#039;explorent.\" \/>\n<meta name=\"robots\" content=\"index, follow, max-snippet:-1, max-image-preview:large, max-video-preview:-1\" \/>\n<link rel=\"canonical\" href=\"https:\/\/international.franceclat.fr\/fr\/marques-horlogerie\/ralf-tech\/\" \/>\n<meta property=\"og:locale\" content=\"fr_FR\" \/>\n<meta property=\"og:type\" content=\"article\" \/>\n<meta property=\"og:title\" content=\"RALF TECH - FRANCECLAT INTERNATIONAL\" \/>\n<meta property=\"og:description\" content=\"Depuis l\u2019aube des temps, l\u2019homme cherche \u00e0 conna\u00eetre son environnement pour mieux le ma\u00eetriser.\u00a0Alors qu\u2019il travaille dans l\u2019espace et projette d\u2019aller sur Mars, il n\u2019est aujourd\u2019hui toujours pas capable d\u2019aller au fond des mers sur sa propre plan\u00e8te.\u00a0L\u2019Oc\u00e9an demeure ainsi notre derni\u00e8re fronti\u00e8re. Il est notre source et notre avenir. Depuis 2005 Ralf Tech a d\u00e9cid\u00e9 de se mettre au service de ceux - civils ou militaires - qui l&#039;explorent.\" \/>\n<meta property=\"og:url\" content=\"https:\/\/international.franceclat.fr\/fr\/marques-horlogerie\/ralf-tech\/\" \/>\n<meta property=\"og:site_name\" content=\"FRANCECLAT INTERNATIONAL\" \/>\n<meta property=\"article:modified_time\" content=\"2025-03-21T13:43:03+00:00\" \/>\n<meta property=\"og:image\" content=\"https:\/\/international.franceclat.fr\/wp-content\/uploads\/2023\/01\/Visuel-ambiance-modele-iconique-1000x1000-3.jpg\" \/>\n\t<meta property=\"og:image:width\" content=\"1000\" \/>\n\t<meta property=\"og:image:height\" content=\"1000\" \/>\n\t<meta property=\"og:image:type\" content=\"image\/jpeg\" \/>\n<meta name=\"twitter:card\" content=\"summary_large_image\" \/>\n<meta name=\"twitter:label1\" content=\"Dur\u00e9e de lecture estim\u00e9e\" \/>\n\t<meta name=\"twitter:data1\" content=\"5 minutes\" \/>\n<script type=\"application\/ld+json\" class=\"yoast-schema-graph\">{\"@context\":\"https:\/\/schema.org\",\"@graph\":[{\"@type\":\"WebPage\",\"@id\":\"https:\/\/international.franceclat.fr\/fr\/marques-horlogerie\/ralf-tech\/\",\"url\":\"https:\/\/international.franceclat.fr\/fr\/marques-horlogerie\/ralf-tech\/\",\"name\":\"RALF TECH - FRANCECLAT INTERNATIONAL\",\"isPartOf\":{\"@id\":\"https:\/\/franceclat.votre-projet.com\/#website\"},\"primaryImageOfPage\":{\"@id\":\"https:\/\/international.franceclat.fr\/fr\/marques-horlogerie\/ralf-tech\/#primaryimage\"},\"image\":{\"@id\":\"https:\/\/international.franceclat.fr\/fr\/marques-horlogerie\/ralf-tech\/#primaryimage\"},\"thumbnailUrl\":\"https:\/\/international.franceclat.fr\/wp-content\/uploads\/2023\/01\/Visuel-ambiance-modele-iconique-1000x1000-3.jpg\",\"datePublished\":\"2023-01-30T14:59:33+00:00\",\"dateModified\":\"2025-03-21T13:43:03+00:00\",\"description\":\"Depuis l\u2019aube des temps, l\u2019homme cherche \u00e0 conna\u00eetre son environnement pour mieux le ma\u00eetriser.\u00a0Alors qu\u2019il travaille dans l\u2019espace et projette d\u2019aller sur Mars, il n\u2019est aujourd\u2019hui toujours pas capable d\u2019aller au fond des mers sur sa propre plan\u00e8te.\u00a0L\u2019Oc\u00e9an demeure ainsi notre derni\u00e8re fronti\u00e8re. Il est notre source et notre avenir. Depuis 2005 Ralf Tech a d\u00e9cid\u00e9 de se mettre au service de ceux - civils ou militaires - qui l'explorent.\",\"breadcrumb\":{\"@id\":\"https:\/\/international.franceclat.fr\/fr\/marques-horlogerie\/ralf-tech\/#breadcrumb\"},\"inLanguage\":\"fr-FR\",\"potentialAction\":[{\"@type\":\"ReadAction\",\"target\":[\"https:\/\/international.franceclat.fr\/fr\/marques-horlogerie\/ralf-tech\/\"]}]},{\"@type\":\"ImageObject\",\"inLanguage\":\"fr-FR\",\"@id\":\"https:\/\/international.franceclat.fr\/fr\/marques-horlogerie\/ralf-tech\/#primaryimage\",\"url\":\"https:\/\/international.franceclat.fr\/wp-content\/uploads\/2023\/01\/Visuel-ambiance-modele-iconique-1000x1000-3.jpg\",\"contentUrl\":\"https:\/\/international.franceclat.fr\/wp-content\/uploads\/2023\/01\/Visuel-ambiance-modele-iconique-1000x1000-3.jpg\",\"width\":1000,\"height\":1000},{\"@type\":\"BreadcrumbList\",\"@id\":\"https:\/\/international.franceclat.fr\/fr\/marques-horlogerie\/ralf-tech\/#breadcrumb\",\"itemListElement\":[{\"@type\":\"ListItem\",\"position\":1,\"name\":\"Accueil\",\"item\":\"https:\/\/international.franceclat.fr\/fr\/\"},{\"@type\":\"ListItem\",\"position\":2,\"name\":\"RALF TECH\"}]},{\"@type\":\"WebSite\",\"@id\":\"https:\/\/franceclat.votre-projet.com\/#website\",\"url\":\"https:\/\/franceclat.votre-projet.com\/\",\"name\":\"Franc\u00e9clat international\",\"description\":\"The path to French excellence. Watches, Jewellery, Tableware.\",\"publisher\":{\"@id\":\"https:\/\/franceclat.votre-projet.com\/#organization\"},\"alternateName\":\"Franc\u00e9clat international\",\"potentialAction\":[{\"@type\":\"SearchAction\",\"target\":{\"@type\":\"EntryPoint\",\"urlTemplate\":\"https:\/\/franceclat.votre-projet.com\/?s={search_term_string}\"},\"query-input\":{\"@type\":\"PropertyValueSpecification\",\"valueRequired\":true,\"valueName\":\"search_term_string\"}}],\"inLanguage\":\"fr-FR\"},{\"@type\":\"Organization\",\"@id\":\"https:\/\/franceclat.votre-projet.com\/#organization\",\"name\":\"Franc\u00e9clat international\",\"url\":\"https:\/\/franceclat.votre-projet.com\/\",\"logo\":{\"@type\":\"ImageObject\",\"inLanguage\":\"fr-FR\",\"@id\":\"https:\/\/franceclat.votre-projet.com\/#\/schema\/logo\/image\/\",\"url\":\"https:\/\/international.franceclat.fr\/wp-content\/uploads\/2023\/02\/Logo-Franceclat.png\",\"contentUrl\":\"https:\/\/international.franceclat.fr\/wp-content\/uploads\/2023\/02\/Logo-Franceclat.png\",\"width\":1667,\"height\":1667,\"caption\":\"Franc\u00e9clat international\"},\"image\":{\"@id\":\"https:\/\/franceclat.votre-projet.com\/#\/schema\/logo\/image\/\"},\"sameAs\":[\"https:\/\/www.linkedin.com\/company\/franceclat-international\/\"]}]}<\/script>\n<!-- \/ Yoast SEO plugin. -->","yoast_head_json":{"title":"RALF TECH - FRANCECLAT INTERNATIONAL","description":"Depuis l\u2019aube des temps, l\u2019homme cherche \u00e0 conna\u00eetre son environnement pour mieux le ma\u00eetriser.\u00a0Alors qu\u2019il travaille dans l\u2019espace et projette d\u2019aller sur Mars, il n\u2019est aujourd\u2019hui toujours pas capable d\u2019aller au fond des mers sur sa propre plan\u00e8te.\u00a0L\u2019Oc\u00e9an demeure ainsi notre derni\u00e8re fronti\u00e8re. Il est notre source et notre avenir. Depuis 2005 Ralf Tech a d\u00e9cid\u00e9 de se mettre au service de ceux - civils ou militaires - qui l'explorent.","robots":{"index":"index","follow":"follow","max-snippet":"max-snippet:-1","max-image-preview":"max-image-preview:large","max-video-preview":"max-video-preview:-1"},"canonical":"https:\/\/international.franceclat.fr\/fr\/marques-horlogerie\/ralf-tech\/","og_locale":"fr_FR","og_type":"article","og_title":"RALF TECH - FRANCECLAT INTERNATIONAL","og_description":"Depuis l\u2019aube des temps, l\u2019homme cherche \u00e0 conna\u00eetre son environnement pour mieux le ma\u00eetriser.\u00a0Alors qu\u2019il travaille dans l\u2019espace et projette d\u2019aller sur Mars, il n\u2019est aujourd\u2019hui toujours pas capable d\u2019aller au fond des mers sur sa propre plan\u00e8te.\u00a0L\u2019Oc\u00e9an demeure ainsi notre derni\u00e8re fronti\u00e8re. Il est notre source et notre avenir. Depuis 2005 Ralf Tech a d\u00e9cid\u00e9 de se mettre au service de ceux - civils ou militaires - qui l'explorent.","og_url":"https:\/\/international.franceclat.fr\/fr\/marques-horlogerie\/ralf-tech\/","og_site_name":"FRANCECLAT INTERNATIONAL","article_modified_time":"2025-03-21T13:43:03+00:00","og_image":[{"width":1000,"height":1000,"url":"https:\/\/international.franceclat.fr\/wp-content\/uploads\/2023\/01\/Visuel-ambiance-modele-iconique-1000x1000-3.jpg","type":"image\/jpeg"}],"twitter_card":"summary_large_image","twitter_misc":{"Dur\u00e9e de lecture estim\u00e9e":"5 minutes"},"schema":{"@context":"https:\/\/schema.org","@graph":[{"@type":"WebPage","@id":"https:\/\/international.franceclat.fr\/fr\/marques-horlogerie\/ralf-tech\/","url":"https:\/\/international.franceclat.fr\/fr\/marques-horlogerie\/ralf-tech\/","name":"RALF TECH - FRANCECLAT INTERNATIONAL","isPartOf":{"@id":"https:\/\/franceclat.votre-projet.com\/#website"},"primaryImageOfPage":{"@id":"https:\/\/international.franceclat.fr\/fr\/marques-horlogerie\/ralf-tech\/#primaryimage"},"image":{"@id":"https:\/\/international.franceclat.fr\/fr\/marques-horlogerie\/ralf-tech\/#primaryimage"},"thumbnailUrl":"https:\/\/international.franceclat.fr\/wp-content\/uploads\/2023\/01\/Visuel-ambiance-modele-iconique-1000x1000-3.jpg","datePublished":"2023-01-30T14:59:33+00:00","dateModified":"2025-03-21T13:43:03+00:00","description":"Depuis l\u2019aube des temps, l\u2019homme cherche \u00e0 conna\u00eetre son environnement pour mieux le ma\u00eetriser.\u00a0Alors qu\u2019il travaille dans l\u2019espace et projette d\u2019aller sur Mars, il n\u2019est aujourd\u2019hui toujours pas capable d\u2019aller au fond des mers sur sa propre plan\u00e8te.\u00a0L\u2019Oc\u00e9an demeure ainsi notre derni\u00e8re fronti\u00e8re. Il est notre source et notre avenir. Depuis 2005 Ralf Tech a d\u00e9cid\u00e9 de se mettre au service de ceux - civils ou militaires - qui l'explorent.","breadcrumb":{"@id":"https:\/\/international.franceclat.fr\/fr\/marques-horlogerie\/ralf-tech\/#breadcrumb"},"inLanguage":"fr-FR","potentialAction":[{"@type":"ReadAction","target":["https:\/\/international.franceclat.fr\/fr\/marques-horlogerie\/ralf-tech\/"]}]},{"@type":"ImageObject","inLanguage":"fr-FR","@id":"https:\/\/international.franceclat.fr\/fr\/marques-horlogerie\/ralf-tech\/#primaryimage","url":"https:\/\/international.franceclat.fr\/wp-content\/uploads\/2023\/01\/Visuel-ambiance-modele-iconique-1000x1000-3.jpg","contentUrl":"https:\/\/international.franceclat.fr\/wp-content\/uploads\/2023\/01\/Visuel-ambiance-modele-iconique-1000x1000-3.jpg","width":1000,"height":1000},{"@type":"BreadcrumbList","@id":"https:\/\/international.franceclat.fr\/fr\/marques-horlogerie\/ralf-tech\/#breadcrumb","itemListElement":[{"@type":"ListItem","position":1,"name":"Accueil","item":"https:\/\/international.franceclat.fr\/fr\/"},{"@type":"ListItem","position":2,"name":"RALF TECH"}]},{"@type":"WebSite","@id":"https:\/\/franceclat.votre-projet.com\/#website","url":"https:\/\/franceclat.votre-projet.com\/","name":"Franc\u00e9clat international","description":"The path to French excellence. Watches, Jewellery, Tableware.","publisher":{"@id":"https:\/\/franceclat.votre-projet.com\/#organization"},"alternateName":"Franc\u00e9clat international","potentialAction":[{"@type":"SearchAction","target":{"@type":"EntryPoint","urlTemplate":"https:\/\/franceclat.votre-projet.com\/?s={search_term_string}"},"query-input":{"@type":"PropertyValueSpecification","valueRequired":true,"valueName":"search_term_string"}}],"inLanguage":"fr-FR"},{"@type":"Organization","@id":"https:\/\/franceclat.votre-projet.com\/#organization","name":"Franc\u00e9clat international","url":"https:\/\/franceclat.votre-projet.com\/","logo":{"@type":"ImageObject","inLanguage":"fr-FR","@id":"https:\/\/franceclat.votre-projet.com\/#\/schema\/logo\/image\/","url":"https:\/\/international.franceclat.fr\/wp-content\/uploads\/2023\/02\/Logo-Franceclat.png","contentUrl":"https:\/\/international.franceclat.fr\/wp-content\/uploads\/2023\/02\/Logo-Franceclat.png","width":1667,"height":1667,"caption":"Franc\u00e9clat international"},"image":{"@id":"https:\/\/franceclat.votre-projet.com\/#\/schema\/logo\/image\/"},"sameAs":["https:\/\/www.linkedin.com\/company\/franceclat-international\/"]}]}},"_links":{"self":[{"href":"https:\/\/international.franceclat.fr\/fr\/wp-json\/wp\/v2\/marques-horlogerie\/2876","targetHints":{"allow":["GET"]}}],"collection":[{"href":"https:\/\/international.franceclat.fr\/fr\/wp-json\/wp\/v2\/marques-horlogerie"}],"about":[{"href":"https:\/\/international.franceclat.fr\/fr\/wp-json\/wp\/v2\/types\/marques-horlogerie"}],"wp:featuredmedia":[{"embeddable":true,"href":"https:\/\/international.franceclat.fr\/fr\/wp-json\/wp\/v2\/media\/25165"}],"wp:attachment":[{"href":"https:\/\/international.franceclat.fr\/fr\/wp-json\/wp\/v2\/media?parent=2876"}],"wp:term":[{"taxonomy":"labels_et_certifications","embeddable":true,"href":"https:\/\/international.franceclat.fr\/fr\/wp-json\/wp\/v2\/labels_et_certifications?post=2876"},{"taxonomy":"clean","embeddable":true,"href":"https:\/\/international.franceclat.fr\/fr\/wp-json\/wp\/v2\/clean?post=2876"},{"taxonomy":"produits","embeddable":true,"href":"https:\/\/international.franceclat.fr\/fr\/wp-json\/wp\/v2\/produits?post=2876"},{"taxonomy":"style","embeddable":true,"href":"https:\/\/international.franceclat.fr\/fr\/wp-json\/wp\/v2\/style?post=2876"},{"taxonomy":"types_de_marques","embeddable":true,"href":"https:\/\/international.franceclat.fr\/fr\/wp-json\/wp\/v2\/types_de_marques?post=2876"}],"curies":[{"name":"wp","href":"https:\/\/api.w.org\/{rel}","templated":true}]}}