{"id":252,"date":"2022-12-25T22:59:33","date_gmt":"2022-12-25T21:59:33","guid":{"rendered":"https:\/\/international.franceclat.fr\/?page_id=252"},"modified":"2024-01-03T12:09:26","modified_gmt":"2024-01-03T11:09:26","slug":"mentions-legales","status":"publish","type":"page","link":"https:\/\/international.franceclat.fr\/fr\/mentions-legales\/","title":{"rendered":"Mentions l\u00e9gales"},"content":{"rendered":"\n<h2 class=\"wp-block-heading\">Mentions l\u00e9gales<\/h2>\n\n\n\n<p>Franc\u00e9clat est le Comit\u00e9 Professionnel de D\u00e9veloppement de l\u2019Horlogerie, de la Bijouterie, de la Joaillerie, de l\u2019Orf\u00e8vrerie et des Arts de la Table qui regroupe l\u2019ensemble des professionnels de ces secteurs. Le site&nbsp;<a href=\"http:\/\/www.franceclat-international.com\">www.franceclat-international.com<\/a>&nbsp;est \u00e9dit\u00e9 par Franc\u00e9clat qui r\u00e9unit une s\u00e9lection de marques fran\u00e7aises d'horlogerie, de bijouterie-joaillerie, et d\u2019arts de la table d\u00e9sireuses de se d\u00e9velopper \u00e0 l\u2019international.&nbsp;Il vise \u00e0 illustrer la diversit\u00e9 de l'offre fran\u00e7aise de ces 3 secteurs aupr\u00e8s des professionnels internationaux.<\/p>\n\n\n\n<p><br><strong>Informations l\u00e9gales et RGPD<\/strong><\/p>\n\n\n\n<p>Le pr\u00e9sent site est \u00e9dit\u00e9 par Franc\u00e9clat, dont le si\u00e8ge social est situ\u00e9 22 avenue Franklin Roosevelt \u2013 75008 Paris \u2013 France, Comit\u00e9 Professionnel de D\u00e9veloppement Economique enregistr\u00e9 sous le N\u00b0 de SIREN 775 571 268.<\/p>\n\n\n\n<p>L\u2019acc\u00e8s au site ainsi que l\u2019utilisation de son contenu sont soumis aux conditions d\u2019utilisation d\u00e9crites ci-apr\u00e8s. Le fait d\u2019acc\u00e9der et de naviguer sur le site constitue de la part du visiteur une acceptation sans r\u00e9serve des stipulations suivantes : Le site est la propri\u00e9t\u00e9 exclusive de Franc\u00e9clat, seul habilit\u00e9 \u00e0 utiliser les droits de propri\u00e9t\u00e9 intellectuelle et droits de la personnalit\u00e9 y aff\u00e9rents, notamment marques, droits d\u2019auteur et droits \u00e0 l\u2019image, \u00e0 titre originaire ou par l\u2019effet d\u2019une autorisation expresse.<\/p>\n\n\n\n<p>Toute reproduction ou repr\u00e9sentation, int\u00e9grale ou partielle, du site ou de l\u2019un des \u00e9l\u00e9ments qui le composent, est interdite de m\u00eame que leur alt\u00e9ration. <\/p>\n\n\n\n<p><strong>Protection des donn\u00e9es personnelles<\/strong><\/p>\n\n\n\n<p>Conform\u00e9ment \u00e0 la loi fran\u00e7aise 78-17 du 6 janvier 1978 modifi\u00e9e et ses d\u00e9crets d\u2019application relatifs \u00e0 \u201cl\u2019informatique, aux fichiers et aux libert\u00e9s\u201d les diff\u00e9rents droits conf\u00e9r\u00e9s peuvent \u00eatre exerc\u00e9s sur simple demande directement par courrier aupr\u00e8s de Franc\u00e9clat \u2013 22, avenue Franklin Roosevelt \u2013 75008 Paris.<br>Nous nous engageons \u00e0 ne pas vendre ou \u00e0 ne pas communiquer \u00e0 des tiers les adresses emails de nos internautes sans leur accord pr\u00e9alable. Franc\u00e9clat se r\u00e9serve le droit, aux bonnes fins d\u2019utilisation de son site, de placer des \u201ccookies \u201d sur votre ordinateur et d\u2019y acc\u00e9der. Un cookie est un petit fichier, souvent anonyme, contenant des donn\u00e9es, notamment un identifiant unique, transmis par le serveur d\u2019un site web \u00e0 votre navigateur et stock\u00e9 sur le disque dur de votre ordinateur. Nous nous engageons \u00e0 respecter la r\u00e8glementation en vigueur \u00e0 savoir la RGPD concernant la protection des donn\u00e9es personnelles.\u00a0<\/p>\n\n\n\n<p><strong>Propri\u00e9t\u00e9 intellectuelle<\/strong><\/p>\n\n\n\n<p>Toutes les informations ou documents contenus dans le site ainsi que tous les \u00e9l\u00e9ments cr\u00e9\u00e9s pour le site sont soit la propri\u00e9t\u00e9 de la soci\u00e9t\u00e9 \u00e9ditrice du site, soit font l\u2019objet de droit d\u2019utilisation, de reproduction et de repr\u00e9sentation consentis avec ses partenaires. Ces informations, documents ou \u00e9l\u00e9ments sont soumises aux lois prot\u00e9geant le droit d\u2019auteur d\u00e8s lors qu\u2019elles sont mises \u00e0 la disposition du public sur ce site. Les copies des documents contenus dans ce site ne peuvent \u00eatre faites qu\u2019\u00e0 titre d\u2019information et exclusivement pour un seul usage strictement priv\u00e9.<\/p>\n\n\n\n<p>Aucune licence, ni aucun droit autre que celui de consulter le site, n\u2019est conf\u00e9r\u00e9 \u00e0 quiconque au regard des droits de propri\u00e9t\u00e9 intellectuelle. La reproduction des documents du site est autoris\u00e9e \u00e0 des fins exclusives d\u2019information pour un usage personnel et priv\u00e9 : toute reproduction et toute utilisation de copie r\u00e9alis\u00e9e \u00e0 d\u2019autres fins est express\u00e9ment interdite et soumise \u00e0 l\u2019autorisation pr\u00e9alable et expresse de La soci\u00e9t\u00e9 \u00e9ditrice du site.<\/p>\n\n\n\n<p>Toute reproduction partielle ou totale \u00e0 usage collectif des contenus pr\u00e9sent\u00e9s sur ce site est strictement interdite sans autorisation pr\u00e9alable de Franc\u00e9clat. L'\u00e9diteur du site d\u00e9cline formellement toute responsabilit\u00e9 quant aux contenus des sites vers lesquels elle offre des liens. Ces liens sont propos\u00e9s aux utilisateurs de ce site en tant que service. La d\u00e9cision d\u2019activer les liens appartient exclusivement aux utilisateurs du site. Si vous souhaitez cr\u00e9er un lien hypertexte avec ce site vous devez obtenir l\u2019autorisation \u00e9crite et pr\u00e9alable de la soci\u00e9t\u00e9 \u00e9ditrice du site en vous adressant \u00e0 Franc\u00e9clat \u2013 22, avenue Franklin Roosevelt \u2013 75008 Paris.<\/p>\n\n\n\n<p><strong>Limitations de responsabilit\u00e9<\/strong><\/p>\n\n\n\n<p>Franc\u00e9clat d\u00e9cline toute responsabilit\u00e9 :<\/p>\n\n\n\n<p>\u2013 pour toute impr\u00e9cision, inexactitude ou omission li\u00e9es aux informations publi\u00e9es sur le site ;<\/p>\n\n\n\n<p>\u2013 pour tous dommages r\u00e9sultant d\u2019une intrusion frauduleuse d\u2019un tiers ayant entra\u00een\u00e9 une modification des informations diffus\u00e9es sur le site ;<\/p>\n\n\n\n<p>\u2013 pour tous dommages, directs ou indirects, qu\u2019elles qu\u2019en soient les causes, origines, nature ou cons\u00e9quences, r\u00e9sultant de l\u2019usage de son site ou de l\u2019impossibilit\u00e9 d\u2019y acc\u00e9der, de l\u2019usage d\u2019autres sites qui lui sont li\u00e9s par des liens hypertextes.<\/p>\n\n\n\n<p>Franc\u00e9clat informe les visiteurs du site que les pr\u00e9sentes conditions peuvent \u00eatre modifi\u00e9es \u00e0 tout moment. Ces modifications sont publi\u00e9es par leur mise en ligne et sont r\u00e9put\u00e9es accept\u00e9es sans r\u00e9serve par tout visiteur qui acc\u00e8de post\u00e9rieurement \u00e0 leur mise en ligne. Les pr\u00e9sentes conditions sont r\u00e9gies par le droit fran\u00e7ais. Les juridictions fran\u00e7aises sont territorialement comp\u00e9tentes pour conna\u00eetre tout litige aff\u00e9rent \u00e0 l\u2019utilisation du Site. Ce site respecte le droit d\u2019auteur.<\/p>\n","protected":false},"excerpt":{"rendered":"<p>Mentions l\u00e9gales Franc\u00e9clat est le Comit\u00e9 Professionnel de D\u00e9veloppement de l\u2019Horlogerie, &#8230;<\/p>\n","protected":false},"author":1,"featured_media":0,"parent":0,"menu_order":0,"comment_status":"closed","ping_status":"closed","template":"","meta":{"_acf_changed":false,"_relevanssi_hide_post":"","_relevanssi_hide_content":"","_relevanssi_pin_for_all":"","_relevanssi_pin_keywords":"","_relevanssi_unpin_keywords":"","_relevanssi_related_keywords":"","_relevanssi_related_include_ids":"","_relevanssi_related_exclude_ids":"","_relevanssi_related_no_append":"","_relevanssi_related_not_related":"","_relevanssi_related_posts":"27334,27431,28223,28167,28379,28782","_relevanssi_noindex_reason":"","footnotes":""},"class_list":["post-252","page","type-page","status-publish","hentry"],"acf":[],"yoast_head":"<!-- This site is optimized with the Yoast SEO plugin v27.1.1 - https:\/\/yoast.com\/product\/yoast-seo-wordpress\/ -->\n<title>Mentions l\u00e9gales - FRANCECLAT INTERNATIONAL<\/title>\n<meta name=\"robots\" content=\"index, follow, max-snippet:-1, max-image-preview:large, max-video-preview:-1\" \/>\n<link rel=\"canonical\" href=\"https:\/\/international.franceclat.fr\/fr\/mentions-legales\/\" \/>\n<meta property=\"og:locale\" content=\"fr_FR\" \/>\n<meta property=\"og:type\" content=\"article\" \/>\n<meta property=\"og:title\" content=\"Mentions l\u00e9gales - FRANCECLAT INTERNATIONAL\" \/>\n<meta property=\"og:description\" content=\"Mentions l\u00e9gales Franc\u00e9clat est le Comit\u00e9 Professionnel de D\u00e9veloppement de l\u2019Horlogerie, ...\" \/>\n<meta property=\"og:url\" content=\"https:\/\/international.franceclat.fr\/fr\/mentions-legales\/\" \/>\n<meta property=\"og:site_name\" content=\"FRANCECLAT INTERNATIONAL\" \/>\n<meta property=\"article:modified_time\" content=\"2024-01-03T11:09:26+00:00\" \/>\n<meta property=\"og:image\" content=\"https:\/\/international.franceclat.fr\/wp-content\/uploads\/2023\/02\/Logo-Franceclat.png\" \/>\n\t<meta property=\"og:image:width\" content=\"1667\" \/>\n\t<meta property=\"og:image:height\" content=\"1667\" \/>\n\t<meta property=\"og:image:type\" content=\"image\/png\" \/>\n<meta name=\"twitter:card\" content=\"summary_large_image\" \/>\n<meta name=\"twitter:label1\" content=\"Dur\u00e9e de lecture estim\u00e9e\" \/>\n\t<meta name=\"twitter:data1\" content=\"4 minutes\" \/>\n<script type=\"application\/ld+json\" class=\"yoast-schema-graph\">{\"@context\":\"https:\/\/schema.org\",\"@graph\":[{\"@type\":\"WebPage\",\"@id\":\"https:\/\/international.franceclat.fr\/fr\/mentions-legales\/\",\"url\":\"https:\/\/international.franceclat.fr\/fr\/mentions-legales\/\",\"name\":\"Mentions l\u00e9gales - FRANCECLAT INTERNATIONAL\",\"isPartOf\":{\"@id\":\"https:\/\/franceclat.votre-projet.com\/#website\"},\"datePublished\":\"2022-12-25T21:59:33+00:00\",\"dateModified\":\"2024-01-03T11:09:26+00:00\",\"breadcrumb\":{\"@id\":\"https:\/\/international.franceclat.fr\/fr\/mentions-legales\/#breadcrumb\"},\"inLanguage\":\"fr-FR\",\"potentialAction\":[{\"@type\":\"ReadAction\",\"target\":[\"https:\/\/international.franceclat.fr\/fr\/mentions-legales\/\"]}]},{\"@type\":\"BreadcrumbList\",\"@id\":\"https:\/\/international.franceclat.fr\/fr\/mentions-legales\/#breadcrumb\",\"itemListElement\":[{\"@type\":\"ListItem\",\"position\":1,\"name\":\"Accueil\",\"item\":\"https:\/\/international.franceclat.fr\/fr\/\"},{\"@type\":\"ListItem\",\"position\":2,\"name\":\"Mentions l\u00e9gales\"}]},{\"@type\":\"WebSite\",\"@id\":\"https:\/\/franceclat.votre-projet.com\/#website\",\"url\":\"https:\/\/franceclat.votre-projet.com\/\",\"name\":\"Franc\u00e9clat international\",\"description\":\"The path to French excellence. Watches, Jewellery, Tableware.\",\"publisher\":{\"@id\":\"https:\/\/franceclat.votre-projet.com\/#organization\"},\"alternateName\":\"Franc\u00e9clat international\",\"potentialAction\":[{\"@type\":\"SearchAction\",\"target\":{\"@type\":\"EntryPoint\",\"urlTemplate\":\"https:\/\/franceclat.votre-projet.com\/?s={search_term_string}\"},\"query-input\":{\"@type\":\"PropertyValueSpecification\",\"valueRequired\":true,\"valueName\":\"search_term_string\"}}],\"inLanguage\":\"fr-FR\"},{\"@type\":\"Organization\",\"@id\":\"https:\/\/franceclat.votre-projet.com\/#organization\",\"name\":\"Franc\u00e9clat international\",\"url\":\"https:\/\/franceclat.votre-projet.com\/\",\"logo\":{\"@type\":\"ImageObject\",\"inLanguage\":\"fr-FR\",\"@id\":\"https:\/\/franceclat.votre-projet.com\/#\/schema\/logo\/image\/\",\"url\":\"https:\/\/international.franceclat.fr\/wp-content\/uploads\/2023\/02\/Logo-Franceclat.png\",\"contentUrl\":\"https:\/\/international.franceclat.fr\/wp-content\/uploads\/2023\/02\/Logo-Franceclat.png\",\"width\":1667,\"height\":1667,\"caption\":\"Franc\u00e9clat international\"},\"image\":{\"@id\":\"https:\/\/franceclat.votre-projet.com\/#\/schema\/logo\/image\/\"},\"sameAs\":[\"https:\/\/www.linkedin.com\/company\/franceclat-international\/\"]}]}<\/script>\n<!-- \/ Yoast SEO plugin. -->","yoast_head_json":{"title":"Mentions l\u00e9gales - FRANCECLAT INTERNATIONAL","robots":{"index":"index","follow":"follow","max-snippet":"max-snippet:-1","max-image-preview":"max-image-preview:large","max-video-preview":"max-video-preview:-1"},"canonical":"https:\/\/international.franceclat.fr\/fr\/mentions-legales\/","og_locale":"fr_FR","og_type":"article","og_title":"Mentions l\u00e9gales - FRANCECLAT INTERNATIONAL","og_description":"Mentions l\u00e9gales Franc\u00e9clat est le Comit\u00e9 Professionnel de D\u00e9veloppement de l\u2019Horlogerie, ...","og_url":"https:\/\/international.franceclat.fr\/fr\/mentions-legales\/","og_site_name":"FRANCECLAT INTERNATIONAL","article_modified_time":"2024-01-03T11:09:26+00:00","og_image":[{"width":1667,"height":1667,"url":"https:\/\/international.franceclat.fr\/wp-content\/uploads\/2023\/02\/Logo-Franceclat.png","type":"image\/png"}],"twitter_card":"summary_large_image","twitter_misc":{"Dur\u00e9e de lecture estim\u00e9e":"4 minutes"},"schema":{"@context":"https:\/\/schema.org","@graph":[{"@type":"WebPage","@id":"https:\/\/international.franceclat.fr\/fr\/mentions-legales\/","url":"https:\/\/international.franceclat.fr\/fr\/mentions-legales\/","name":"Mentions l\u00e9gales - FRANCECLAT INTERNATIONAL","isPartOf":{"@id":"https:\/\/franceclat.votre-projet.com\/#website"},"datePublished":"2022-12-25T21:59:33+00:00","dateModified":"2024-01-03T11:09:26+00:00","breadcrumb":{"@id":"https:\/\/international.franceclat.fr\/fr\/mentions-legales\/#breadcrumb"},"inLanguage":"fr-FR","potentialAction":[{"@type":"ReadAction","target":["https:\/\/international.franceclat.fr\/fr\/mentions-legales\/"]}]},{"@type":"BreadcrumbList","@id":"https:\/\/international.franceclat.fr\/fr\/mentions-legales\/#breadcrumb","itemListElement":[{"@type":"ListItem","position":1,"name":"Accueil","item":"https:\/\/international.franceclat.fr\/fr\/"},{"@type":"ListItem","position":2,"name":"Mentions l\u00e9gales"}]},{"@type":"WebSite","@id":"https:\/\/franceclat.votre-projet.com\/#website","url":"https:\/\/franceclat.votre-projet.com\/","name":"Franc\u00e9clat international","description":"The path to French excellence. Watches, Jewellery, Tableware.","publisher":{"@id":"https:\/\/franceclat.votre-projet.com\/#organization"},"alternateName":"Franc\u00e9clat international","potentialAction":[{"@type":"SearchAction","target":{"@type":"EntryPoint","urlTemplate":"https:\/\/franceclat.votre-projet.com\/?s={search_term_string}"},"query-input":{"@type":"PropertyValueSpecification","valueRequired":true,"valueName":"search_term_string"}}],"inLanguage":"fr-FR"},{"@type":"Organization","@id":"https:\/\/franceclat.votre-projet.com\/#organization","name":"Franc\u00e9clat international","url":"https:\/\/franceclat.votre-projet.com\/","logo":{"@type":"ImageObject","inLanguage":"fr-FR","@id":"https:\/\/franceclat.votre-projet.com\/#\/schema\/logo\/image\/","url":"https:\/\/international.franceclat.fr\/wp-content\/uploads\/2023\/02\/Logo-Franceclat.png","contentUrl":"https:\/\/international.franceclat.fr\/wp-content\/uploads\/2023\/02\/Logo-Franceclat.png","width":1667,"height":1667,"caption":"Franc\u00e9clat international"},"image":{"@id":"https:\/\/franceclat.votre-projet.com\/#\/schema\/logo\/image\/"},"sameAs":["https:\/\/www.linkedin.com\/company\/franceclat-international\/"]}]}},"_links":{"self":[{"href":"https:\/\/international.franceclat.fr\/fr\/wp-json\/wp\/v2\/pages\/252","targetHints":{"allow":["GET"]}}],"collection":[{"href":"https:\/\/international.franceclat.fr\/fr\/wp-json\/wp\/v2\/pages"}],"about":[{"href":"https:\/\/international.franceclat.fr\/fr\/wp-json\/wp\/v2\/types\/page"}],"author":[{"embeddable":true,"href":"https:\/\/international.franceclat.fr\/fr\/wp-json\/wp\/v2\/users\/1"}],"replies":[{"embeddable":true,"href":"https:\/\/international.franceclat.fr\/fr\/wp-json\/wp\/v2\/comments?post=252"}],"version-history":[{"count":5,"href":"https:\/\/international.franceclat.fr\/fr\/wp-json\/wp\/v2\/pages\/252\/revisions"}],"predecessor-version":[{"id":28860,"href":"https:\/\/international.franceclat.fr\/fr\/wp-json\/wp\/v2\/pages\/252\/revisions\/28860"}],"wp:attachment":[{"href":"https:\/\/international.franceclat.fr\/fr\/wp-json\/wp\/v2\/media?parent=252"}],"curies":[{"name":"wp","href":"https:\/\/api.w.org\/{rel}","templated":true}]}}